{"id":9117,"date":"2022-10-14T16:53:32","date_gmt":"2022-10-14T14:53:32","guid":{"rendered":"https:\/\/www.sgb-fss.ch\/?page_id=9117"},"modified":"2026-04-15T14:42:30","modified_gmt":"2026-04-15T12:42:30","slug":"it-schweizerischer-gehorlosenbund-neu-startseite","status":"publish","type":"page","link":"https:\/\/www.sgb-fss.ch\/it\/","title":{"rendered":"Federazione svizzera dei Sordi SGB-FSS"},"content":{"rendered":"<div class=\"block block-slider accent__red\" id=\"block_8e727f5e213e7bddf4c64d34d1d6e2f0\" data-block=\"Slider\">\n  <div class=\"block-slider__list\">\n        <div class=\"block-slider__item\">\n        <a href=\"https:\/\/www.sgb-fss.ch\/it\/80-anni\/\" class=\"block-slider__link\">\n                        <div class=\"image block-slider__image\" >\n    <img decoding=\"async\"\n      loading=\"lazy\"\n      class=\"image__object lazyload\"\n      src=\"https:\/\/www.sgb-fss.ch\/content\/uploads\/slider_jubilaeum_2-scaled-1440x0-c-default.jpg\"       data-sizes=\"auto\"\n      data-srcset=\"https:\/\/www.sgb-fss.ch\/content\/uploads\/slider_jubilaeum_2-scaled-2880x0-c-default.jpg 2880w, https:\/\/www.sgb-fss.ch\/content\/uploads\/slider_jubilaeum_2-scaled-2160x0-c-default.jpg 2160w, https:\/\/www.sgb-fss.ch\/content\/uploads\/slider_jubilaeum_2-scaled-1440x0-c-default.jpg 1440w, https:\/\/www.sgb-fss.ch\/content\/uploads\/slider_jubilaeum_2-scaled-1080x0-c-default.jpg 1080w, https:\/\/www.sgb-fss.ch\/content\/uploads\/slider_jubilaeum_2-scaled-720x0-c-default.jpg 720w, \"\n      alt=\"\"\n      width=\"2560\"\n      height=\"1440\"\n            >\n  <\/div>\n                                          <div class=\"block-slider__bubble accent__red block-slider__bubble--has-cta\">\n              <div class=\"block-slider__bubble-text\">\n                <h2 class=\"block-slider__title\">80 anni della Federazione svizzera dei sordi<\/h2>\n                                <p class=\"block-slider__cta\"><span class=\"wp-block-button is-style-inverted is-style-small\"><span class=\"wp-block-button__link\">Maggiori informazioni<\/span><\/span><\/p>              <\/div>\n            <\/div>\n                  <\/a>\n      <\/div>\n        <div class=\"block-slider__item\">\n        <a href=\"https:\/\/www.sgb-fss.ch\/it\/attualita\/rapporti-di-discriminazione\/\" class=\"block-slider__link\">\n                        <div class=\"image block-slider__image\" >\n    <img decoding=\"async\"\n      loading=\"lazy\"\n      class=\"image__object lazyload\"\n      src=\"https:\/\/www.sgb-fss.ch\/content\/uploads\/slider-diskriminierung-1440x0-c-default.jpg\"       data-sizes=\"auto\"\n      data-srcset=\"https:\/\/www.sgb-fss.ch\/content\/uploads\/slider-diskriminierung-2880x0-c-default.jpg 2880w, https:\/\/www.sgb-fss.ch\/content\/uploads\/slider-diskriminierung-2160x0-c-default.jpg 2160w, https:\/\/www.sgb-fss.ch\/content\/uploads\/slider-diskriminierung-1440x0-c-default.jpg 1440w, https:\/\/www.sgb-fss.ch\/content\/uploads\/slider-diskriminierung-1080x0-c-default.jpg 1080w, https:\/\/www.sgb-fss.ch\/content\/uploads\/slider-diskriminierung-720x0-c-default.jpg 720w, \"\n      alt=\"\"\n      width=\"1280\"\n      height=\"720\"\n            >\n  <\/div>\n                                          <div class=\"block-slider__bubble accent__red block-slider__bubble--has-cta\">\n              <div class=\"block-slider__bubble-text\">\n                <h2 class=\"block-slider__title\">Rapporti di discriminazione 2025<\/h2>\n                                <p class=\"block-slider__cta\"><span class=\"wp-block-button is-style-inverted is-style-small\"><span class=\"wp-block-button__link\">Vai al rapporto<\/span><\/span><\/p>              <\/div>\n            <\/div>\n                  <\/a>\n      <\/div>\n        <div class=\"block-slider__item\">\n        <a href=\"https:\/\/www.sgb-fss.ch\/it\/donazioni\/dona-adesso\/\" class=\"block-slider__link\">\n                        <div class=\"image block-slider__image\" >\n    <img decoding=\"async\"\n      loading=\"lazy\"\n      class=\"image__object lazyload\"\n      src=\"https:\/\/www.sgb-fss.ch\/content\/uploads\/slider_spenden_2-1440x0-c-default.jpg\"       data-sizes=\"auto\"\n      data-srcset=\"https:\/\/www.sgb-fss.ch\/content\/uploads\/slider_spenden_2-2880x0-c-default.jpg 2880w, https:\/\/www.sgb-fss.ch\/content\/uploads\/slider_spenden_2-2160x0-c-default.jpg 2160w, https:\/\/www.sgb-fss.ch\/content\/uploads\/slider_spenden_2-1440x0-c-default.jpg 1440w, https:\/\/www.sgb-fss.ch\/content\/uploads\/slider_spenden_2-1080x0-c-default.jpg 1080w, https:\/\/www.sgb-fss.ch\/content\/uploads\/slider_spenden_2-720x0-c-default.jpg 720w, \"\n      alt=\"\"\n      width=\"2286\"\n      height=\"1286\"\n            >\n  <\/div>\n                                          <div class=\"block-slider__bubble accent__red block-slider__bubble--has-cta\">\n              <div class=\"block-slider__bubble-text\">\n                <h2 class=\"block-slider__title\">Sostieni le persone sorde e deboli d&#8217;udito<\/h2>\n                                <p class=\"block-slider__cta\"><span class=\"wp-block-button is-style-inverted is-style-small\"><span class=\"wp-block-button__link\">Dona ora<\/span><\/span><\/p>              <\/div>\n            <\/div>\n                  <\/a>\n      <\/div>\n        <div class=\"block-slider__item\">\n        <a href=\"https:\/\/www.sgb-fss.ch\/it\/offerte\/e-learning-con-signwise-ch\/\" class=\"block-slider__link\">\n                        <div class=\"image block-slider__image\" >\n    <img decoding=\"async\"\n      loading=\"lazy\"\n      class=\"image__object lazyload\"\n      src=\"https:\/\/www.sgb-fss.ch\/content\/uploads\/2024\/03\/slider-signwise-16-9-1440x0-c-default.gif\"       data-sizes=\"auto\"\n      data-srcset=\"https:\/\/www.sgb-fss.ch\/content\/uploads\/2024\/03\/slider-signwise-16-9-2880x0-c-default.gif 2880w, https:\/\/www.sgb-fss.ch\/content\/uploads\/2024\/03\/slider-signwise-16-9-2160x0-c-default.gif 2160w, https:\/\/www.sgb-fss.ch\/content\/uploads\/2024\/03\/slider-signwise-16-9-1440x0-c-default.gif 1440w, https:\/\/www.sgb-fss.ch\/content\/uploads\/2024\/03\/slider-signwise-16-9-1080x0-c-default.gif 1080w, https:\/\/www.sgb-fss.ch\/content\/uploads\/2024\/03\/slider-signwise-16-9-720x0-c-default.gif 720w, \"\n      alt=\"\"\n      width=\"1306\"\n      height=\"735\"\n            >\n  <\/div>\n                                          <div class=\"block-slider__bubble accent__red block-slider__bubble--has-cta\">\n              <div class=\"block-slider__bubble-text\">\n                <h2 class=\"block-slider__title\">Imparare la lingua dei segni online<\/h2>\n                                <p class=\"block-slider__cta\"><span class=\"wp-block-button is-style-inverted is-style-small\"><span class=\"wp-block-button__link\">Maggiori informazioni<\/span><\/span><\/p>              <\/div>\n            <\/div>\n                  <\/a>\n      <\/div>\n        <div class=\"block-slider__item\">\n        <a href=\"https:\/\/www.sgb-fss.ch\/it\/servizio-giuridico\/\" class=\"block-slider__link\">\n                        <div class=\"image block-slider__image\" >\n    <img decoding=\"async\"\n      loading=\"lazy\"\n      class=\"image__object lazyload\"\n      src=\"https:\/\/www.sgb-fss.ch\/content\/uploads\/2023\/07\/rechtsberatung-1440x0-c-default.jpg\"       data-sizes=\"auto\"\n      data-srcset=\"https:\/\/www.sgb-fss.ch\/content\/uploads\/2023\/07\/rechtsberatung-2880x0-c-default.jpg 2880w, https:\/\/www.sgb-fss.ch\/content\/uploads\/2023\/07\/rechtsberatung-2160x0-c-default.jpg 2160w, https:\/\/www.sgb-fss.ch\/content\/uploads\/2023\/07\/rechtsberatung-1440x0-c-default.jpg 1440w, https:\/\/www.sgb-fss.ch\/content\/uploads\/2023\/07\/rechtsberatung-1080x0-c-default.jpg 1080w, https:\/\/www.sgb-fss.ch\/content\/uploads\/2023\/07\/rechtsberatung-720x0-c-default.jpg 720w, \"\n      alt=\"Rechtberatung\"\n      width=\"1890\"\n      height=\"1063\"\n            >\n  <\/div>\n                                          <div class=\"block-slider__bubble accent__red block-slider__bubble--has-cta\">\n              <div class=\"block-slider__bubble-text\">\n                <h2 class=\"block-slider__title\">Consulenza legale gratuita<\/h2>\n                                <p class=\"block-slider__cta\"><span class=\"wp-block-button is-style-inverted is-style-small\"><span class=\"wp-block-button__link\">Contattateci ora<\/span><\/span><\/p>              <\/div>\n            <\/div>\n                  <\/a>\n      <\/div>\n        <div class=\"block-slider__item\">\n        <a href=\"https:\/\/www.sgb-fss.ch\/it\/offerte\/read-to-deaf-kids\/\" class=\"block-slider__link\">\n                        <div class=\"image block-slider__image\" >\n    <img decoding=\"async\"\n      loading=\"lazy\"\n      class=\"image__object lazyload\"\n      src=\"https:\/\/www.sgb-fss.ch\/content\/uploads\/2024\/11\/storie-per-bambini-nella-lingua-dei-segni-italiana-1440x0-c-default.png\"       data-sizes=\"auto\"\n      data-srcset=\"https:\/\/www.sgb-fss.ch\/content\/uploads\/2024\/11\/storie-per-bambini-nella-lingua-dei-segni-italiana-2880x0-c-default.png 2880w, https:\/\/www.sgb-fss.ch\/content\/uploads\/2024\/11\/storie-per-bambini-nella-lingua-dei-segni-italiana-2160x0-c-default.png 2160w, https:\/\/www.sgb-fss.ch\/content\/uploads\/2024\/11\/storie-per-bambini-nella-lingua-dei-segni-italiana-1440x0-c-default.png 1440w, https:\/\/www.sgb-fss.ch\/content\/uploads\/2024\/11\/storie-per-bambini-nella-lingua-dei-segni-italiana-1080x0-c-default.png 1080w, https:\/\/www.sgb-fss.ch\/content\/uploads\/2024\/11\/storie-per-bambini-nella-lingua-dei-segni-italiana-720x0-c-default.png 720w, \"\n      alt=\"Estratto di storia per bambini in lingua dei segni italiana\"\n      width=\"802\"\n      height=\"427\"\n            >\n  <\/div>\n                                          <div class=\"block-slider__bubble accent__red block-slider__bubble--has-cta\">\n              <div class=\"block-slider__bubble-text\">\n                <h2 class=\"block-slider__title\">Storie per bambini nella lingua dei segni<\/h2>\n                                <p class=\"block-slider__cta\"><span class=\"wp-block-button is-style-inverted is-style-small\"><span class=\"wp-block-button__link\">Per saperne di pi\u00f9<\/span><\/span><\/p>              <\/div>\n            <\/div>\n                  <\/a>\n      <\/div>\n    <\/div>\n<\/div>\n\n\n\n<div class=\"wp-block-group has-sgb-fss-rot-15-background-color has-background is-layout-constrained wp-block-group-is-layout-constrained\">\n<h1 class=\"wp-block-heading has-text-align-left is-style-default has-sgb-fss-rot-color has-text-color\">Federazione Svizzera dei Sordi<\/h1>\n\n\n\n<p class=\"is-style-lead\">Come associazione nazionale dei sordi senza scopo di lucro, lavoriamo in modo coerente e sostenibile per realizzare la nostra visione. Ci impegniamo a rimuovere le barriere di accesso per le persone sorde e deboli di udito, assicurando che abbiano pari diritti e opportunit\u00e0, che la lingua dei segni sia riconosciuta senza restrizioni e che la cultura sorda sia protetta.<\/p>\n\n\n\n<h2 class=\"wp-block-heading\"><\/h2>\n<\/div>\n\n\n\n<p class=\"is-style-lead\"><\/p>\n\n\n<div class=\"carousel_container align wp-elements-f0477ae798d21cd24f59d1e0c5d201ad wp-block-acf-caroussel has-text-color has-schwarz-color has-background has-weiss-background-color\">\n    \n        <h2 class=\"mask-carousel-header mask-carousel-headerlayout-center\">\n            \n        <\/h2>\n\n        <div class=\"carousel-wrapper\">\n            <div class=\"carousel\">\n                <div class=\"mask-carousel\">\n                    \n                                        \n                                                                        \n                                                                                                                \n                            \n                                                                                    \n                                                        \n                            <div class=\"c-scrolling-details mask-carousel-item\">\n                                                                                                                                                <a class=\"mask-carousel-no-click \" href=\"#\">\n                                                                    \n                                        <h4 class=\"scroll-item-header\"><\/h4>\n\n                                        <div class=\"carousel_image margin-bottom\">\n                                                                                                                                                                                                                                            <video\n                                                            id=\"player\" controls\n                                                            class=\"carousel_video\"\n                                                            <source src=\"https:\/\/www.sgb-fss.ch\/content\/uploads\/2023\/05\/web-gebardensprache-lis-1.m4v\" type=\"video\/mp4\" \/>\n                                                    <\/video>\n                                                                                                                                    <\/div>\n\n                                        <div class=\"scroll-details\">\n                                            <h3><\/h3>\n                                            <h2 class=\"wp-block-heading\"><!-- wp:heading --><\/h2>\n<h2 class=\"wp-block-heading\"><!-- wp:heading --><\/h2>\n<h2 class=\"wp-block-heading\">Lingua dei segni<\/h2>\n<h2 class=\"wp-block-heading\"><!-- \/wp:heading --> <!-- wp:paragraph {\"className\":\"is-style-lead\"} --><\/h2>\n<p class=\"is-style-lead\">Consideriamo le lingue dei segni lingue vive, al tempo stesso parte integrante della diversit\u00e0 culturale della Svizzera e arricchimento della societ\u00e0 grazie alle sue specifiche peculiarit\u00e0.<!-- \/wp:paragraph --><\/p>\n<p class=\"is-style-lead\"><!-- \/wp:paragraph --><\/p>\n\n                                        <\/div>\n\n                                                                                                                            <div id=\"block_ddca50fb070bcc1cc6a6ccd1ae36427d-item-0\" class=\"venobox-hidden-text\" style=\"display:none;\">\n                                                \n                                            <\/div>\n                                        \n                                    <\/a>\n                            <\/div>\n\n                                                    \n                                                                                                                \n                            \n                                                                                    \n                                                        \n                            <div class=\"c-scrolling-details mask-carousel-item\">\n                                                                                                                                                <a class=\"mask-carousel-no-click \" href=\"#\">\n                                                                    \n                                        <h4 class=\"scroll-item-header\"><\/h4>\n\n                                        <div class=\"carousel_image margin-bottom\">\n                                                                                                                                                                                                                                            <video\n                                                            id=\"player\" controls\n                                                            class=\"carousel_video\"\n                                                            <source src=\"https:\/\/www.sgb-fss.ch\/content\/uploads\/2023\/05\/web-zugang-lis-1.m4v\" type=\"video\/mp4\" \/>\n                                                    <\/video>\n                                                                                                                                    <\/div>\n\n                                        <div class=\"scroll-details\">\n                                            <h3><\/h3>\n                                            <h2 class=\"wp-block-heading\"><!-- wp:heading --><\/h2>\n<h2 class=\"wp-block-heading\"><!-- wp:heading --><\/h2>\n<h2 class=\"wp-block-heading\">Accesso<\/h2>\n<h2 class=\"wp-block-heading\"><!-- \/wp:heading --> <!-- wp:paragraph {\"className\":\"is-style-lead\"} --><\/h2>\n<p class=\"is-style-lead\">Ci adoperiamo con tutte le nostre forze per l\u2019abbattimento delle barriere per persone sorde e deboli di udito nella vita quotidiana e per aiutarle a godere dei propri diritti e delle pari opportunit\u00e0. Per questo ci lasciamo guidare dalla nostra visione di un mondo senza barriere.<!-- \/wp:paragraph --><\/p>\n<p class=\"is-style-lead\"><!-- \/wp:paragraph --><\/p>\n\n                                        <\/div>\n\n                                                                                                                            <div id=\"block_ddca50fb070bcc1cc6a6ccd1ae36427d-item-1\" class=\"venobox-hidden-text\" style=\"display:none;\">\n                                                \n                                            <\/div>\n                                        \n                                    <\/a>\n                            <\/div>\n\n                                                    \n                                                                                                                \n                            \n                                                                                    \n                                                        \n                            <div class=\"c-scrolling-details mask-carousel-item\">\n                                                                                                                                                <a class=\"mask-carousel-no-click \" href=\"#\">\n                                                                    \n                                        <h4 class=\"scroll-item-header\"><\/h4>\n\n                                        <div class=\"carousel_image margin-bottom\">\n                                                                                                                                                                                                                                            <video\n                                                            id=\"player\" controls\n                                                            class=\"carousel_video\"\n                                                            <source src=\"https:\/\/www.sgb-fss.ch\/content\/uploads\/2023\/05\/web-kultur-lis-1.m4v\" type=\"video\/mp4\" \/>\n                                                    <\/video>\n                                                                                                                                    <\/div>\n\n                                        <div class=\"scroll-details\">\n                                            <h3><\/h3>\n                                            <h2 class=\"wp-block-heading\"><!-- wp:heading --><\/h2>\n<h2 class=\"wp-block-heading\"><!-- wp:heading --><\/h2>\n<h2 class=\"wp-block-heading\">Cultura<\/h2>\n<h2 class=\"wp-block-heading\"><!-- \/wp:heading --> <!-- wp:paragraph {\"className\":\"is-style-lead\"} --><\/h2>\n<p class=\"is-style-lead\">Per noi la comunit\u00e0 sorda rappresenta una minoranza linguistica e culturale della Svizzera, la cui storia e il cui contributo vanno tutelati e promossi. In tale contesto, le nostre priorit\u00e0 non sono i deficit bens\u00ec i punti di forza.<!-- \/wp:paragraph --><\/p>\n<p class=\"is-style-lead\"><!-- \/wp:paragraph --><\/p>\n\n                                        <\/div>\n\n                                                                                                                            <div id=\"block_ddca50fb070bcc1cc6a6ccd1ae36427d-item-2\" class=\"venobox-hidden-text\" style=\"display:none;\">\n                                                \n                                            <\/div>\n                                        \n                                    <\/a>\n                            <\/div>\n\n                                            \n                <\/div>\n            <\/div>\n        <\/div>\n    <\/div>\n\n\n\n<h2 class=\"wp-block-heading\">Attualit\u00e0<\/h2>\n\n\n<div class=\"block block-teaserposts\" id=\"block_7a79af7aed861e65afa180c7a4e1a526\" data-block=\"Teaser Posts\">\n  <h2 class=\"visuallyhidden\">Posts<\/h2>\n      <ul class=\"block-teaserposts__list\">\n                            <li class=\"block-teaserposts__item is-text\">\n          <a class=\"teaserpost accent__red is-text\" href=\"https:\/\/www.sgb-fss.ch\/it\/aktuell\/nuova-funzionalita-su-signwise-ch-test-di-livello-per-dsgs-ora-disponibile\/\">\n    <div class=\"teaserpost__text\">\n        <h3 class=\"teaserpost__title\">\n      <span class=\"teaserpost__prefix\"><span class=\"visuallyhidden\">Categorie <\/span>News<\/span>\n      <span>Nuova funzionalit\u00e0 su signwise.ch: test di livello per DSGS ora disponibile\u00a0\u00a0<\/span>\n    <\/h3>\n    <p class=\"teaserpost__lead\">signwise.ch amplia la propria offerta con una nuova funzione innovativa: da subito \u00e8&hellip;<\/p>\n          <p aria-hidden=\"true\">\n        <span class=\"teaserpost__more\">Leggi di pi\u00f9<\/span>\n      <\/p>\n      <\/div>\n<\/a>\n      <\/li>\n                            <li class=\"block-teaserposts__item is-text\">\n          <a class=\"teaserpost accent__red is-text\" href=\"https:\/\/www.sgb-fss.ch\/it\/aktuell\/lai-deve-coprire-i-costi-di-interpretariato-nel-processo-di-candidatura-la-pratica-resta-indietro\/\">\n    <div class=\"teaserpost__text\">\n        <h3 class=\"teaserpost__title\">\n      <span class=\"teaserpost__prefix\"><span class=\"visuallyhidden\">Categorie <\/span>News<\/span>\n      <span>L\u2019AI deve coprire i costi di interpretariato nel processo di candidatura \u2013 la pratica resta indietro<\/span>\n    <\/h3>\n    <p class=\"teaserpost__lead\">Dal 1\u00b0 gennaio 2025 l\u2019AI copre anche i costi di interpretariato nel processo&hellip;<\/p>\n          <p aria-hidden=\"true\">\n        <span class=\"teaserpost__more\">Leggi di pi\u00f9<\/span>\n      <\/p>\n      <\/div>\n<\/a>\n      <\/li>\n                            <li class=\"block-teaserposts__item is-text\">\n          <a class=\"teaserpost accent__red is-text\" href=\"https:\/\/www.sgb-fss.ch\/it\/aktuell\/la-lingua-e-vita\/\">\n    <div class=\"teaserpost__text\">\n        <h3 class=\"teaserpost__title\">\n      <span class=\"teaserpost__prefix\"><span class=\"visuallyhidden\">Categorie <\/span>News<\/span>\n      <span>\u00ab La lingua \u00e8 vita \u00bb<\/span>\n    <\/h3>\n    <p class=\"teaserpost__lead\">Il cortometraggio \u00ab La lingua \u00e8 vita \u00bb ha celebrato la sua prima&hellip;<\/p>\n          <p aria-hidden=\"true\">\n        <span class=\"teaserpost__more\">Leggi di pi\u00f9<\/span>\n      <\/p>\n      <\/div>\n<\/a>\n      <\/li>\n      <\/ul>\n<\/div>\n\n\n\n<div class=\"wp-block-buttons is-content-justification-center is-layout-flex wp-container-core-buttons-is-layout-16018d1d wp-block-buttons-is-layout-flex\">\n<div class=\"wp-block-button\"><a class=\"wp-block-button__link wp-element-button\" href=\"https:\/\/www.sgb-fss.ch\/it\/attualita\/news\/\">Ulteriori notizie<\/a><\/div>\n<\/div>\n\n\n\n<div class=\"wp-block-group has-schwarz-25-background-color has-background is-layout-constrained wp-block-group-is-layout-constrained\">\n<h2 class=\"wp-block-heading\">Eventi<\/h2>\n\n\n<div class=\"block block-teaserevents\" id=\"block_ccf667b60c8532f5fafae3a7da6b667a\" data-block=\"Teaser Events\">\n  <h2 class=\"visuallyhidden\">Events<\/h2>\n      <div class=\"block-teaserevents__list\">\n          <div class=\"block-teaserevents__group\">\n        <div class=\"block-teaserevents__group-date\">\n          <div class=\"block-teaserevents__date\">\n                        \n            <p class=\"block-teaserevents__date-day\">\n              <strong>\n                                  sabato\n                              <\/strong>\n            <\/p>\n\n            <h3 class=\"block-teaserevents__date-label headline-3\">\n                              6. Giu\n                          <\/h3>\n          <\/div>\n\n        <\/div>\n        <div class=\"block-teaserevents__group-items\">\n                            <div class=\"block-teaserevents__item is-text\">\n              <a class=\"teaserevent accent__darkblue\" data-block=\"Teaser Event\" href=\"https:\/\/www.sgb-fss.ch\/it\/agenda\/assemblea-dei-delegati-2026\/\">\n   <div class=\"eventslist_mobile_date\">\n       <div class=\"block-teaserevents__group-date\">\n            <div class=\"block-teaserevents__date\">\n                                <p class=\"block-teaserevents__date-day\"><strong>                             sabato\n                        <\/strong><\/p>\n                <h3 class=\"block-teaserevents__date-label headline-3\">\n                                            6. Giu\n                                    <\/h3>\n            <\/div>\n        <\/div>\n        <div class=\"teaserevent__media\">\n          <div class=\"teaserevent__thumbnail\">\n                      <\/div>\n        <\/div>\n   <\/div>\n  <div class=\"teaserevent__text\">\n        <p class=\"teaserevent__prefix accent_violet\">\n      <strong class=\"has-text-accent\"><\/strong>\n    <\/p>\n    <h2 class=\"teaserevent__title\">Assemblea dei delegati 2026<\/h2>\n    <div class=\"teaserevent__meta\">\n                                                                          <p>\n          <i class=\"icon icon--time\"><svg data-name=\"Ebene 1\" xmlns=\"http:\/\/www.w3.org\/2000\/svg\" viewBox=\"0 0 24 24\"><path d=\"M12 1.12A10.88 10.88 0 1 0 22.88 12 10.89 10.89 0 0 0 12 1.12zm0 20A9.07 9.07 0 1 1 21.07 12 9.08 9.08 0 0 1 12 21.07z\"\/><path d=\"M17.29 16.46l-4.39-4.41V6.24a.9.9 0 1 0-1.8 0v6.21a.87.87 0 0 0 .27.63L16 17.73a.9.9 0 0 0 .63.27.86.86 0 0 0 .62-.27.89.89 0 0 0 .27-.63.88.88 0 0 0-.26-.63z\"\/><\/svg><\/i> 10:00        <\/p>\n                    <p>\n          <i class=\"icon icon--location\"><svg data-name=\"Ebene 1\" xmlns=\"http:\/\/www.w3.org\/2000\/svg\" viewBox=\"0 0 24 24\"><path d=\"M12 .63a8.51 8.51 0 0 0-8.5 8.5 9.64 9.64 0 0 0 .72 3.26 14.43 14.43 0 0 0 1 1.83l5.57 8.46a1.42 1.42 0 0 0 2 .49 1.38 1.38 0 0 0 .5-.49l5.58-8.47a12 12 0 0 0 .94-1.82 9.49 9.49 0 0 0 .78-3.27A8.5 8.5 0 0 0 12 .63zm6.24 11.12a12 12 0 0 1-.82 1.55L12 21.5l-.1-.16-5.31-8a10.61 10.61 0 0 1-.83-1.56 7.57 7.57 0 0 1-.59-2.61 6.83 6.83 0 1 1 13.66 0 8.06 8.06 0 0 1-.59 2.58z\"\/><path d=\"M12 4.46a4.67 4.67 0 1 0 4.67 4.67A4.68 4.68 0 0 0 12 4.46zm0 7.67a3 3 0 1 1 3-3 3 3 0 0 1-3 3z\"\/><\/svg><\/i> Explorit: Av. des D\u00e9couvertes 1, 1400 Yverdon-les-Bains\n        <\/p>\n          <\/div>\n  <\/div>\n<\/a>\n          <\/div>\n                <\/div>\n      <\/div>\n        <\/div>\n  <\/div>\n\n\n\n<div class=\"wp-block-buttons is-content-justification-center is-layout-flex wp-container-core-buttons-is-layout-16018d1d wp-block-buttons-is-layout-flex\">\n<div class=\"wp-block-button is-style-outline is-style-outline--1\"><a class=\"wp-block-button__link has-weiss-background-color has-background has-text-align-center wp-element-button\" href=\"https:\/\/www.sgb-fss.ch\/it\/attualita\/eventi\/\">Tutti gli eventi<\/a><\/div>\n<\/div>\n<\/div>\n\n\n<div class=\"block block-teaserpages\" id=\"block_2dabd91c36acac1878206dd16272d019\" data-block=\"Teaser Pages\">\n  <ul class=\"block-teaserpages__list\">\n            <li class=\"block-teaserpages__item\">\n        <a class=\"accent teaserpage\" href=\"https:\/\/www.sgb-fss.ch\/it\/servizio-giuridico\/\">\n  <div class=\"teaserpage__thumbnail\">\n            <div class=\"image teaserpage__thumbnail-image\" >\n    <img decoding=\"async\"\n      loading=\"lazy\"\n      class=\"image__object lazyload\"\n      src=\"https:\/\/www.sgb-fss.ch\/content\/uploads\/2023\/07\/rechtsberatung-1440x0-c-default.jpg\"       data-sizes=\"auto\"\n      data-srcset=\"https:\/\/www.sgb-fss.ch\/content\/uploads\/2023\/07\/rechtsberatung-1000x0-c-default.jpg 1000w, https:\/\/www.sgb-fss.ch\/content\/uploads\/2023\/07\/rechtsberatung-700x0-c-default.jpg 700w, https:\/\/www.sgb-fss.ch\/content\/uploads\/2023\/07\/rechtsberatung-350x0-c-default.jpg 350w, \"\n      alt=\"Rechtberatung\"\n      width=\"1890\"\n      height=\"1063\"\n            >\n  <\/div>\n      <\/div>\n  <h3 class=\"teaserpage__title\">Consulenza legale<\/h3>\n  <p class=\"teaserpage__lead\">Avete domande legali sulla sordit\u00e0 o sui problemi di udito? Il servizio legale della Federazione Svizzera dei Sordi vi aiuter\u00e0 a trovare una soluzione e a difendere i vostri diritti.<\/p>  <\/a>\n      <\/li>\n            <li class=\"block-teaserpages__item\">\n        <a class=\"accent teaserpage\" href=\"https:\/\/www.sgb-fss.ch\/it\/centri-di-consultazione\/\">\n  <div class=\"teaserpage__thumbnail\">\n            <div class=\"image teaserpage__thumbnail-image\" >\n    <img decoding=\"async\"\n      loading=\"lazy\"\n      class=\"image__object lazyload\"\n      src=\"https:\/\/www.sgb-fss.ch\/content\/uploads\/2023\/06\/laufbahnberatung-edited-1440x0-c-default.jpg\"       data-sizes=\"auto\"\n      data-srcset=\"https:\/\/www.sgb-fss.ch\/content\/uploads\/2023\/06\/laufbahnberatung-edited-1000x0-c-default.jpg 1000w, https:\/\/www.sgb-fss.ch\/content\/uploads\/2023\/06\/laufbahnberatung-edited-700x0-c-default.jpg 700w, https:\/\/www.sgb-fss.ch\/content\/uploads\/2023\/06\/laufbahnberatung-edited-350x0-c-default.jpg 350w, \"\n      alt=\"\"\n      width=\"997\"\n      height=\"561\"\n            >\n  <\/div>\n      <\/div>\n  <h3 class=\"teaserpage__title\">Consulenza legale<\/h3>\n  <p class=\"teaserpage__lead\">Avete domande legali sulla sordit\u00e0 o sui problemi di udito? Il servizio legale della Federazione Svizzera dei Sordi vi aiuter\u00e0 a trovare una soluzione e a difendere i vostri diritti.<\/p>  <\/a>\n      <\/li>\n            <li class=\"block-teaserpages__item\">\n        <a class=\"accent teaserpage\" href=\"https:\/\/www.sgb-fss.ch\/it\/offerte\/e-lessico-della-lingua-dei-segni\/\">\n  <div class=\"teaserpage__thumbnail\">\n            <div class=\"image teaserpage__thumbnail-image\" >\n    <img decoding=\"async\"\n      loading=\"lazy\"\n      class=\"image__object lazyload\"\n      src=\"https:\/\/www.sgb-fss.ch\/content\/uploads\/2023\/06\/elexikon_i-1440x0-c-default.jpg\"       data-sizes=\"auto\"\n      data-srcset=\"https:\/\/www.sgb-fss.ch\/content\/uploads\/2023\/06\/elexikon_i-1000x0-c-default.jpg 1000w, https:\/\/www.sgb-fss.ch\/content\/uploads\/2023\/06\/elexikon_i-700x0-c-default.jpg 700w, https:\/\/www.sgb-fss.ch\/content\/uploads\/2023\/06\/elexikon_i-350x0-c-default.jpg 350w, \"\n      alt=\"\"\n      width=\"1166\"\n      height=\"656\"\n            >\n  <\/div>\n      <\/div>\n  <h3 class=\"teaserpage__title\">E-lessico della lingua dei segni<\/h3>\n  <p class=\"teaserpage__lead\">Nel nostro esauriente e-lexicon interattivo, potete farvi tradurre i termini direttamente nella lingua dei segni, iniziare e ampliare il vostro vocabolario.<\/p>  <\/a>\n      <\/li>\n            <li class=\"block-teaserpages__item\">\n        <a class=\"accent teaserpage\" href=\"https:\/\/www.sgb-fss.ch\/it\/offerte\/e-learning-con-signwise-ch\/\">\n  <div class=\"teaserpage__thumbnail\">\n            <div class=\"image teaserpage__thumbnail-image\" >\n    <img decoding=\"async\"\n      loading=\"lazy\"\n      class=\"image__object lazyload\"\n      src=\"https:\/\/www.sgb-fss.ch\/content\/uploads\/2023\/05\/logo-signwise-web-1440x0-c-default.png\"       data-sizes=\"auto\"\n      data-srcset=\"https:\/\/www.sgb-fss.ch\/content\/uploads\/2023\/05\/logo-signwise-web-1000x0-c-default.png 1000w, https:\/\/www.sgb-fss.ch\/content\/uploads\/2023\/05\/logo-signwise-web-700x0-c-default.png 700w, https:\/\/www.sgb-fss.ch\/content\/uploads\/2023\/05\/logo-signwise-web-350x0-c-default.png 350w, \"\n      alt=\"\"\n      width=\"6330\"\n      height=\"3560\"\n            >\n  <\/div>\n      <\/div>\n  <h3 class=\"teaserpage__title\">E-learning con signwise.ch<\/h3>\n  <p class=\"teaserpage__lead\">Con lo strumento di e-learning signwise.ch, in 6\u201312 mesi \u00e8 possibile conseguire un diploma certificato in lingua dei segni. Entrambi i livelli A1 e A2 possono essere interamente svolti in modalit\u00e0 e-learning.<\/p>  <\/a>\n      <\/li>\n    <\/ul>\n<\/div>\n\n\n<div data-init=\"teaserdonate\" class=\"block block-teaserdonate block-teaserdonate--image accent__red\" id=\"block_5278756cbe9804617ed04d6d43741f80\" data-block=\"Teaser Donate\">\n        <div class=\"image block-teaserdonate__image\" >\n    <img decoding=\"async\"\n      loading=\"lazy\"\n      class=\"image__object lazyload\"\n      src=\"https:\/\/www.sgb-fss.ch\/content\/uploads\/2021\/04\/foem_beitragsbild-2-scaled-1440x0-c-default.jpg\"       data-sizes=\"auto\"\n      data-srcset=\"https:\/\/www.sgb-fss.ch\/content\/uploads\/2021\/04\/foem_beitragsbild-2-scaled-2880x0-c-default.jpg 2880w, https:\/\/www.sgb-fss.ch\/content\/uploads\/2021\/04\/foem_beitragsbild-2-scaled-2160x0-c-default.jpg 2160w, https:\/\/www.sgb-fss.ch\/content\/uploads\/2021\/04\/foem_beitragsbild-2-scaled-1440x0-c-default.jpg 1440w, https:\/\/www.sgb-fss.ch\/content\/uploads\/2021\/04\/foem_beitragsbild-2-scaled-1080x0-c-default.jpg 1080w, https:\/\/www.sgb-fss.ch\/content\/uploads\/2021\/04\/foem_beitragsbild-2-scaled-720x0-c-default.jpg 720w, \"\n      alt=\"\"\n      width=\"2560\"\n      height=\"1440\"\n            >\n  <\/div>\n    <div class=\"block-teaserdonate__content\">\n    <form data-teaserdonate=\"form\" class=\"block-teaserdonate__card\" action=\"https:\/\/www.sgb-fss.ch\/it\/donazioni\/dona-adesso\/\" method=\"get\">\n      <div class=\"block-teaserdonate__card-text\">\n        <h2 class=\"headline-5\">Donare adesso<\/h2>        <p class=\"block-teaserdonate__lead\">Potete decidere la modalit\u00e0 che preferite per aiutare le persone sorde:\r\n<\/p>      <\/div>\n              <ul class=\"block-teaserdonate__amounts\">\n                  <li class=\"block-teaserdonate__amount\">\n            <input type=\"radio\" name=\"rnw-amount\" id=\"block_5278756cbe9804617ed04d6d43741f80__60\" class=\"block-teaserdonate__checkbox\" value=\"60\" >\n\n            <label class=\"block-teaserdonate__amount-content\" for=\"block_5278756cbe9804617ed04d6d43741f80__60\">\n              <i class=\"block-teaserdonate__label\">CHF<\/i>\n              <p class=\"headline-3 block-teaserdonate__value\">60<\/p>\n            <\/label>\n          <\/li>\n                  <li class=\"block-teaserdonate__amount\">\n            <input type=\"radio\" name=\"rnw-amount\" id=\"block_5278756cbe9804617ed04d6d43741f80__120\" class=\"block-teaserdonate__checkbox\" value=\"120\" checked>\n\n            <label class=\"block-teaserdonate__amount-content\" for=\"block_5278756cbe9804617ed04d6d43741f80__120\">\n              <i class=\"block-teaserdonate__label\">CHF<\/i>\n              <p class=\"headline-3 block-teaserdonate__value\">120<\/p>\n            <\/label>\n          <\/li>\n                  <li class=\"block-teaserdonate__amount\">\n            <input type=\"radio\" name=\"rnw-amount\" id=\"block_5278756cbe9804617ed04d6d43741f80__240\" class=\"block-teaserdonate__checkbox\" value=\"240\" >\n\n            <label class=\"block-teaserdonate__amount-content\" for=\"block_5278756cbe9804617ed04d6d43741f80__240\">\n              <i class=\"block-teaserdonate__label\">CHF<\/i>\n              <p class=\"headline-3 block-teaserdonate__value\">240<\/p>\n            <\/label>\n          <\/li>\n                          <li class=\"block-teaserdonate__amount\">\n            <input data-teaserdonate=\"radio\" type=\"radio\" name=\"rnw-amount\" id=\"block_5278756cbe9804617ed04d6d43741f80__custom\" class=\"block-teaserdonate__checkbox\" value=\"?\">\n            <label for=\"block_5278756cbe9804617ed04d6d43741f80__custom\" class=\"block-teaserdonate__amount-content\">\n              <i class=\"block-teaserdonate__label\">CHF<\/i>\n              <input data-teaserdonate=\"custom\" class=\"headline-3 block-teaserdonate__value block-teaserdonate__value--custom\" type=\"number\"\/>\n            <\/label>\n          <\/li>\n                <\/ul>\n            <p class=\"has-text-align-center\"><button type=\"submit\" class=\"is-style-inverted\" id=\"spendenbox_button\">Dona ora<\/button><\/p>          <\/form>\n  <\/div>\n<\/div>\n\n\n\n<p><\/p>\n","protected":false},"excerpt":{"rendered":"<p>Federazione Svizzera dei Sordi Come associazione nazionale dei sordi senza scopo di lucro, lavoriamo [&hellip;]<\/p>\n","protected":false},"author":20,"featured_media":0,"parent":0,"menu_order":0,"comment_status":"closed","ping_status":"closed","template":"front-page.php","meta":{"_acf_changed":false,"inline_featured_image":false,"footnotes":""},"class_list":["post-9117","page","type-page","status-publish","hentry"],"acf":[],"yoast_head":"<!-- This site is optimized with the Yoast SEO plugin v27.4 - https:\/\/yoast.com\/product\/yoast-seo-wordpress\/ -->\n<title>Federazione svizzera dei Sordi | SGB-FSS<\/title>\n<meta name=\"description\" content=\"La nostra visione \u00e8 quella di una societ\u00e0 in cui la diversit\u00e0 culturale e sociale arricchisca le persone e ne promuova lo sviluppo.\" \/>\n<meta name=\"robots\" content=\"index, follow, max-snippet:-1, max-image-preview:large, max-video-preview:-1\" \/>\n<link rel=\"canonical\" href=\"https:\/\/www.sgb-fss.ch\/it\/\" \/>\n<meta property=\"og:locale\" content=\"it_IT\" \/>\n<meta property=\"og:type\" content=\"article\" \/>\n<meta property=\"og:title\" content=\"Federazione svizzera dei Sordi | SGB-FSS\" \/>\n<meta property=\"og:description\" content=\"La nostra visione \u00e8 quella di una societ\u00e0 in cui la diversit\u00e0 culturale e sociale arricchisca le persone e ne promuova lo sviluppo.\" \/>\n<meta property=\"og:url\" content=\"https:\/\/www.sgb-fss.ch\/it\/\" \/>\n<meta property=\"og:site_name\" content=\"SGB-FSS\" \/>\n<meta property=\"article:modified_time\" content=\"2026-04-15T12:42:30+00:00\" \/>\n<meta name=\"twitter:card\" content=\"summary_large_image\" \/>\n<meta name=\"twitter:label1\" content=\"Tempo di lettura stimato\" \/>\n\t<meta name=\"twitter:data1\" content=\"1 minuto\" \/>\n<script type=\"application\/ld+json\" class=\"yoast-schema-graph\">{\"@context\":\"https:\\\/\\\/schema.org\",\"@graph\":[{\"@type\":\"WebPage\",\"@id\":\"https:\\\/\\\/www.sgb-fss.ch\\\/it\\\/\",\"url\":\"https:\\\/\\\/www.sgb-fss.ch\\\/it\\\/\",\"name\":\"Federazione svizzera dei Sordi | SGB-FSS\",\"isPartOf\":{\"@id\":\"https:\\\/\\\/www.sgb-fss.ch\\\/de\\\/#website\"},\"datePublished\":\"2022-10-14T14:53:32+00:00\",\"dateModified\":\"2026-04-15T12:42:30+00:00\",\"description\":\"La nostra visione \u00e8 quella di una societ\u00e0 in cui la diversit\u00e0 culturale e sociale arricchisca le persone e ne promuova lo sviluppo.\",\"breadcrumb\":{\"@id\":\"https:\\\/\\\/www.sgb-fss.ch\\\/it\\\/#breadcrumb\"},\"inLanguage\":\"it-IT\",\"potentialAction\":[{\"@type\":\"ReadAction\",\"target\":[\"https:\\\/\\\/www.sgb-fss.ch\\\/it\\\/\"]}]},{\"@type\":\"BreadcrumbList\",\"@id\":\"https:\\\/\\\/www.sgb-fss.ch\\\/it\\\/#breadcrumb\",\"itemListElement\":[{\"@type\":\"ListItem\",\"position\":1,\"name\":\"Home\",\"item\":\"https:\\\/\\\/www.sgb-fss.ch\\\/it\\\/\"},{\"@type\":\"ListItem\",\"position\":2,\"name\":\"Federazione svizzera dei Sordi SGB-FSS\"}]},{\"@type\":\"WebSite\",\"@id\":\"https:\\\/\\\/www.sgb-fss.ch\\\/de\\\/#website\",\"url\":\"https:\\\/\\\/www.sgb-fss.ch\\\/de\\\/\",\"name\":\"SGB-FSS\",\"description\":\"\",\"potentialAction\":[{\"@type\":\"SearchAction\",\"target\":{\"@type\":\"EntryPoint\",\"urlTemplate\":\"https:\\\/\\\/www.sgb-fss.ch\\\/de\\\/?s={search_term_string}\"},\"query-input\":{\"@type\":\"PropertyValueSpecification\",\"valueRequired\":true,\"valueName\":\"search_term_string\"}}],\"inLanguage\":\"it-IT\"}]}<\/script>\n<!-- \/ Yoast SEO plugin. -->","yoast_head_json":{"title":"Federazione svizzera dei Sordi | SGB-FSS","description":"La nostra visione \u00e8 quella di una societ\u00e0 in cui la diversit\u00e0 culturale e sociale arricchisca le persone e ne promuova lo sviluppo.","robots":{"index":"index","follow":"follow","max-snippet":"max-snippet:-1","max-image-preview":"max-image-preview:large","max-video-preview":"max-video-preview:-1"},"canonical":"https:\/\/www.sgb-fss.ch\/it\/","og_locale":"it_IT","og_type":"article","og_title":"Federazione svizzera dei Sordi | SGB-FSS","og_description":"La nostra visione \u00e8 quella di una societ\u00e0 in cui la diversit\u00e0 culturale e sociale arricchisca le persone e ne promuova lo sviluppo.","og_url":"https:\/\/www.sgb-fss.ch\/it\/","og_site_name":"SGB-FSS","article_modified_time":"2026-04-15T12:42:30+00:00","twitter_card":"summary_large_image","twitter_misc":{"Tempo di lettura stimato":"1 minuto"},"schema":{"@context":"https:\/\/schema.org","@graph":[{"@type":"WebPage","@id":"https:\/\/www.sgb-fss.ch\/it\/","url":"https:\/\/www.sgb-fss.ch\/it\/","name":"Federazione svizzera dei Sordi | SGB-FSS","isPartOf":{"@id":"https:\/\/www.sgb-fss.ch\/de\/#website"},"datePublished":"2022-10-14T14:53:32+00:00","dateModified":"2026-04-15T12:42:30+00:00","description":"La nostra visione \u00e8 quella di una societ\u00e0 in cui la diversit\u00e0 culturale e sociale arricchisca le persone e ne promuova lo sviluppo.","breadcrumb":{"@id":"https:\/\/www.sgb-fss.ch\/it\/#breadcrumb"},"inLanguage":"it-IT","potentialAction":[{"@type":"ReadAction","target":["https:\/\/www.sgb-fss.ch\/it\/"]}]},{"@type":"BreadcrumbList","@id":"https:\/\/www.sgb-fss.ch\/it\/#breadcrumb","itemListElement":[{"@type":"ListItem","position":1,"name":"Home","item":"https:\/\/www.sgb-fss.ch\/it\/"},{"@type":"ListItem","position":2,"name":"Federazione svizzera dei Sordi SGB-FSS"}]},{"@type":"WebSite","@id":"https:\/\/www.sgb-fss.ch\/de\/#website","url":"https:\/\/www.sgb-fss.ch\/de\/","name":"SGB-FSS","description":"","potentialAction":[{"@type":"SearchAction","target":{"@type":"EntryPoint","urlTemplate":"https:\/\/www.sgb-fss.ch\/de\/?s={search_term_string}"},"query-input":{"@type":"PropertyValueSpecification","valueRequired":true,"valueName":"search_term_string"}}],"inLanguage":"it-IT"}]}},"_links":{"self":[{"href":"https:\/\/www.sgb-fss.ch\/it\/wp-json\/wp\/v2\/pages\/9117","targetHints":{"allow":["GET"]}}],"collection":[{"href":"https:\/\/www.sgb-fss.ch\/it\/wp-json\/wp\/v2\/pages"}],"about":[{"href":"https:\/\/www.sgb-fss.ch\/it\/wp-json\/wp\/v2\/types\/page"}],"author":[{"embeddable":true,"href":"https:\/\/www.sgb-fss.ch\/it\/wp-json\/wp\/v2\/users\/20"}],"replies":[{"embeddable":true,"href":"https:\/\/www.sgb-fss.ch\/it\/wp-json\/wp\/v2\/comments?post=9117"}],"version-history":[{"count":78,"href":"https:\/\/www.sgb-fss.ch\/it\/wp-json\/wp\/v2\/pages\/9117\/revisions"}],"predecessor-version":[{"id":44651,"href":"https:\/\/www.sgb-fss.ch\/it\/wp-json\/wp\/v2\/pages\/9117\/revisions\/44651"}],"wp:attachment":[{"href":"https:\/\/www.sgb-fss.ch\/it\/wp-json\/wp\/v2\/media?parent=9117"}],"curies":[{"name":"wp","href":"https:\/\/api.w.org\/{rel}","templated":true}]}}