{"id":9110,"date":"2022-10-14T16:44:59","date_gmt":"2022-10-14T14:44:59","guid":{"rendered":"https:\/\/www.sgb-fss.ch\/?page_id=9110"},"modified":"2026-04-15T14:40:57","modified_gmt":"2026-04-15T12:40:57","slug":"fr-schweizerischer-gehorlosenbund-neu","status":"publish","type":"page","link":"https:\/\/www.sgb-fss.ch\/fr\/","title":{"rendered":"F\u00e9d\u00e9ration Suisse des Sourds SGB-FSS"},"content":{"rendered":"<div class=\"block block-slider accent__red\" id=\"block_fa92603c9724c5c8b61cfeb3eefad98b\" data-block=\"Slider\">\n  <div class=\"block-slider__list\">\n        <div class=\"block-slider__item\">\n        <a href=\"https:\/\/www.sgb-fss.ch\/fr\/80-ans\/\" class=\"block-slider__link\">\n                        <div class=\"image block-slider__image\" >\n    <img decoding=\"async\"\n      loading=\"lazy\"\n      class=\"image__object lazyload\"\n      src=\"https:\/\/www.sgb-fss.ch\/content\/uploads\/slider_jubilaeum_2-scaled-1440x0-c-default.jpg\"       data-sizes=\"auto\"\n      data-srcset=\"https:\/\/www.sgb-fss.ch\/content\/uploads\/slider_jubilaeum_2-scaled-2880x0-c-default.jpg 2880w, https:\/\/www.sgb-fss.ch\/content\/uploads\/slider_jubilaeum_2-scaled-2160x0-c-default.jpg 2160w, https:\/\/www.sgb-fss.ch\/content\/uploads\/slider_jubilaeum_2-scaled-1440x0-c-default.jpg 1440w, https:\/\/www.sgb-fss.ch\/content\/uploads\/slider_jubilaeum_2-scaled-1080x0-c-default.jpg 1080w, https:\/\/www.sgb-fss.ch\/content\/uploads\/slider_jubilaeum_2-scaled-720x0-c-default.jpg 720w, \"\n      alt=\"\"\n      width=\"2560\"\n      height=\"1440\"\n            >\n  <\/div>\n                                          <div class=\"block-slider__bubble accent__red block-slider__bubble--has-cta\">\n              <div class=\"block-slider__bubble-text\">\n                <h2 class=\"block-slider__title\">80 ans de la F\u00e9deration suisse des sourds<\/h2>\n                                <p class=\"block-slider__cta\"><span class=\"wp-block-button is-style-inverted is-style-small\"><span class=\"wp-block-button__link\">En savoir plus<\/span><\/span><\/p>              <\/div>\n            <\/div>\n                  <\/a>\n      <\/div>\n        <div class=\"block-slider__item\">\n        <a href=\"https:\/\/www.sgb-fss.ch\/fr\/actuel\/rapport-sur-la-discrimination\/\" class=\"block-slider__link\">\n                        <div class=\"image block-slider__image\" >\n    <img decoding=\"async\"\n      loading=\"lazy\"\n      class=\"image__object lazyload\"\n      src=\"https:\/\/www.sgb-fss.ch\/content\/uploads\/slider-diskriminierung-1440x0-c-default.jpg\"       data-sizes=\"auto\"\n      data-srcset=\"https:\/\/www.sgb-fss.ch\/content\/uploads\/slider-diskriminierung-2880x0-c-default.jpg 2880w, https:\/\/www.sgb-fss.ch\/content\/uploads\/slider-diskriminierung-2160x0-c-default.jpg 2160w, https:\/\/www.sgb-fss.ch\/content\/uploads\/slider-diskriminierung-1440x0-c-default.jpg 1440w, https:\/\/www.sgb-fss.ch\/content\/uploads\/slider-diskriminierung-1080x0-c-default.jpg 1080w, https:\/\/www.sgb-fss.ch\/content\/uploads\/slider-diskriminierung-720x0-c-default.jpg 720w, \"\n      alt=\"\"\n      width=\"1280\"\n      height=\"720\"\n            >\n  <\/div>\n                                          <div class=\"block-slider__bubble accent__red block-slider__bubble--has-cta\">\n              <div class=\"block-slider__bubble-text\">\n                <h2 class=\"block-slider__title\">Rapport sur la discrimination 2025<\/h2>\n                                <p class=\"block-slider__cta\"><span class=\"wp-block-button is-style-inverted is-style-small\"><span class=\"wp-block-button__link\">Vers le rapport<\/span><\/span><\/p>              <\/div>\n            <\/div>\n                  <\/a>\n      <\/div>\n        <div class=\"block-slider__item\">\n        <a href=\"https:\/\/www.sgb-fss.ch\/fr\/aktuell\/seance-dinformation-reussie-pour-la-nouvelle-formation-lsf-les-inscriptions-sont-ouvertes\/\" class=\"block-slider__link\">\n                        <div class=\"image block-slider__image\" >\n    <img decoding=\"async\"\n      loading=\"lazy\"\n      class=\"image__object lazyload\"\n      src=\"https:\/\/www.sgb-fss.ch\/content\/uploads\/slider_hep-1440x0-c-default.png\"       data-sizes=\"auto\"\n      data-srcset=\"https:\/\/www.sgb-fss.ch\/content\/uploads\/slider_hep-2880x0-c-default.png 2880w, https:\/\/www.sgb-fss.ch\/content\/uploads\/slider_hep-2160x0-c-default.png 2160w, https:\/\/www.sgb-fss.ch\/content\/uploads\/slider_hep-1440x0-c-default.png 1440w, https:\/\/www.sgb-fss.ch\/content\/uploads\/slider_hep-1080x0-c-default.png 1080w, https:\/\/www.sgb-fss.ch\/content\/uploads\/slider_hep-720x0-c-default.png 720w, \"\n      alt=\"\"\n      width=\"518\"\n      height=\"291\"\n            >\n  <\/div>\n                                          <div class=\"block-slider__bubble accent__red block-slider__bubble--has-cta\">\n              <div class=\"block-slider__bubble-text\">\n                <h2 class=\"block-slider__title\">Formation continue : enseignement de langue des signes<\/h2>\n                                <p class=\"block-slider__cta\"><span class=\"wp-block-button is-style-inverted is-style-small\"><span class=\"wp-block-button__link\">Informations importantes<\/span><\/span><\/p>              <\/div>\n            <\/div>\n                  <\/a>\n      <\/div>\n        <div class=\"block-slider__item\">\n        <a href=\"https:\/\/www.sgb-fss.ch\/fr\/soutien\/faire-un-don-maintenant\/\" class=\"block-slider__link\">\n                        <div class=\"image block-slider__image\" >\n    <img decoding=\"async\"\n      loading=\"lazy\"\n      class=\"image__object lazyload\"\n      src=\"https:\/\/www.sgb-fss.ch\/content\/uploads\/slider_spenden_2-1440x0-c-default.jpg\"       data-sizes=\"auto\"\n      data-srcset=\"https:\/\/www.sgb-fss.ch\/content\/uploads\/slider_spenden_2-2880x0-c-default.jpg 2880w, https:\/\/www.sgb-fss.ch\/content\/uploads\/slider_spenden_2-2160x0-c-default.jpg 2160w, https:\/\/www.sgb-fss.ch\/content\/uploads\/slider_spenden_2-1440x0-c-default.jpg 1440w, https:\/\/www.sgb-fss.ch\/content\/uploads\/slider_spenden_2-1080x0-c-default.jpg 1080w, https:\/\/www.sgb-fss.ch\/content\/uploads\/slider_spenden_2-720x0-c-default.jpg 720w, \"\n      alt=\"\"\n      width=\"2286\"\n      height=\"1286\"\n            >\n  <\/div>\n                                          <div class=\"block-slider__bubble accent__red block-slider__bubble--has-cta\">\n              <div class=\"block-slider__bubble-text\">\n                <h2 class=\"block-slider__title\">Soutenez les personnes sourdes et malentendantes<\/h2>\n                                <p class=\"block-slider__cta\"><span class=\"wp-block-button is-style-inverted is-style-small\"><span class=\"wp-block-button__link\">Faire un don maintenant<\/span><\/span><\/p>              <\/div>\n            <\/div>\n                  <\/a>\n      <\/div>\n        <div class=\"block-slider__item\">\n        <a href=\"https:\/\/www.sgb-fss.ch\/fr\/offres\/apprendre-la-lsf-sur-signwise-ch\/\" class=\"block-slider__link\">\n                        <div class=\"image block-slider__image\" >\n    <img decoding=\"async\"\n      loading=\"lazy\"\n      class=\"image__object lazyload\"\n      src=\"https:\/\/www.sgb-fss.ch\/content\/uploads\/2024\/03\/slider-signwise-16-9-1440x0-c-default.gif\"       data-sizes=\"auto\"\n      data-srcset=\"https:\/\/www.sgb-fss.ch\/content\/uploads\/2024\/03\/slider-signwise-16-9-2880x0-c-default.gif 2880w, https:\/\/www.sgb-fss.ch\/content\/uploads\/2024\/03\/slider-signwise-16-9-2160x0-c-default.gif 2160w, https:\/\/www.sgb-fss.ch\/content\/uploads\/2024\/03\/slider-signwise-16-9-1440x0-c-default.gif 1440w, https:\/\/www.sgb-fss.ch\/content\/uploads\/2024\/03\/slider-signwise-16-9-1080x0-c-default.gif 1080w, https:\/\/www.sgb-fss.ch\/content\/uploads\/2024\/03\/slider-signwise-16-9-720x0-c-default.gif 720w, \"\n      alt=\"\"\n      width=\"1306\"\n      height=\"735\"\n            >\n  <\/div>\n                                          <div class=\"block-slider__bubble accent__red block-slider__bubble--has-cta\">\n              <div class=\"block-slider__bubble-text\">\n                <h2 class=\"block-slider__title\">Apprendre la langue des signes en ligne<\/h2>\n                                <p class=\"block-slider__cta\"><span class=\"wp-block-button is-style-inverted is-style-small\"><span class=\"wp-block-button__link\">Plus d&rsquo;infos<\/span><\/span><\/p>              <\/div>\n            <\/div>\n                  <\/a>\n      <\/div>\n        <div class=\"block-slider__item\">\n        <a href=\"https:\/\/www.sgb-fss.ch\/fr\/conseil-juridique\/\" class=\"block-slider__link\">\n                        <div class=\"image block-slider__image\" >\n    <img decoding=\"async\"\n      loading=\"lazy\"\n      class=\"image__object lazyload\"\n      src=\"https:\/\/www.sgb-fss.ch\/content\/uploads\/2023\/07\/rechtsberatung-1440x0-c-default.jpg\"       data-sizes=\"auto\"\n      data-srcset=\"https:\/\/www.sgb-fss.ch\/content\/uploads\/2023\/07\/rechtsberatung-2880x0-c-default.jpg 2880w, https:\/\/www.sgb-fss.ch\/content\/uploads\/2023\/07\/rechtsberatung-2160x0-c-default.jpg 2160w, https:\/\/www.sgb-fss.ch\/content\/uploads\/2023\/07\/rechtsberatung-1440x0-c-default.jpg 1440w, https:\/\/www.sgb-fss.ch\/content\/uploads\/2023\/07\/rechtsberatung-1080x0-c-default.jpg 1080w, https:\/\/www.sgb-fss.ch\/content\/uploads\/2023\/07\/rechtsberatung-720x0-c-default.jpg 720w, \"\n      alt=\"Rechtberatung\"\n      width=\"1890\"\n      height=\"1063\"\n            >\n  <\/div>\n                                          <div class=\"block-slider__bubble accent__red block-slider__bubble--has-cta\">\n              <div class=\"block-slider__bubble-text\">\n                <h2 class=\"block-slider__title\">Conseils juridiques gratuits<\/h2>\n                                <p class=\"block-slider__cta\"><span class=\"wp-block-button is-style-inverted is-style-small\"><span class=\"wp-block-button__link\">Contacter maintenant<\/span><\/span><\/p>              <\/div>\n            <\/div>\n                  <\/a>\n      <\/div>\n        <div class=\"block-slider__item\">\n        <a href=\"https:\/\/www.sgb-fss.ch\/fr\/aktuell\/ensemble-autrement-des-parents-sourds-avec-des-enfants-entendants\/\" class=\"block-slider__link\">\n                        <div class=\"image block-slider__image\" >\n    <img decoding=\"async\"\n      loading=\"lazy\"\n      class=\"image__object lazyload\"\n      src=\"https:\/\/www.sgb-fss.ch\/content\/uploads\/slider_ganzohr_dsc05112-scaled-1440x0-c-default.jpg\"       data-sizes=\"auto\"\n      data-srcset=\"https:\/\/www.sgb-fss.ch\/content\/uploads\/slider_ganzohr_dsc05112-scaled-2880x0-c-default.jpg 2880w, https:\/\/www.sgb-fss.ch\/content\/uploads\/slider_ganzohr_dsc05112-scaled-2160x0-c-default.jpg 2160w, https:\/\/www.sgb-fss.ch\/content\/uploads\/slider_ganzohr_dsc05112-scaled-1440x0-c-default.jpg 1440w, https:\/\/www.sgb-fss.ch\/content\/uploads\/slider_ganzohr_dsc05112-scaled-1080x0-c-default.jpg 1080w, https:\/\/www.sgb-fss.ch\/content\/uploads\/slider_ganzohr_dsc05112-scaled-720x0-c-default.jpg 720w, \"\n      alt=\"\"\n      width=\"2560\"\n      height=\"1440\"\n            >\n  <\/div>\n                                          <div class=\"block-slider__bubble accent__red block-slider__bubble--has-cta\">\n              <div class=\"block-slider__bubble-text\">\n                <h2 class=\"block-slider__title\">Nouvelle \u00e9dition : \u00e9coutez<\/h2>\n                                <p class=\"block-slider__cta\"><span class=\"wp-block-button is-style-inverted is-style-small\"><span class=\"wp-block-button__link\">Lire maintenant<\/span><\/span><\/p>              <\/div>\n            <\/div>\n                  <\/a>\n      <\/div>\n    <\/div>\n<\/div>\n\n\n\n<div class=\"wp-block-group has-sgb-fss-rot-15-background-color has-background is-layout-constrained wp-block-group-is-layout-constrained\">\n<h1 class=\"wp-block-heading has-sgb-fss-rot-color has-text-color\">F\u00e9d\u00e9ration Suisse des Sourds<\/h1>\n\n\n\n<p class=\"is-style-lead\">En tant que f\u00e9d\u00e9ration nationale \u00e0 but non lucratif des personnes sourdes, nous travaillons de mani\u00e8re cons\u00e9quente et durable \u00e0 la r\u00e9alisation de notre vision. Nous nous engageons pour que les barri\u00e8res d&rsquo;acc\u00e8s soient supprim\u00e9es pour les personnes sourdes et malentendantes, pour qu&rsquo;elles aient les m\u00eames droits et les m\u00eames chances, pour que la langue des signes soit reconnue sans restriction et pour que la culture des sourds soit prot\u00e9g\u00e9e.<\/p>\n<\/div>\n\n\n<div class=\"carousel_container align wp-elements-c5b84b480b5e06696736a4d742eaa2b4 wp-block-acf-caroussel has-text-color has-schwarz-color has-background has-weiss-background-color\">\n    \n        <h2 class=\"mask-carousel-header mask-carousel-headerlayout-center\">\n            \n        <\/h2>\n\n        <div class=\"carousel-wrapper\">\n            <div class=\"carousel\">\n                <div class=\"mask-carousel\">\n                    \n                                        \n                                                                        \n                                                                                                                \n                            \n                                                                                    \n                                                        \n                            <div class=\"c-scrolling-details mask-carousel-item\">\n                                                                                                                                                <a class=\"mask-carousel-no-click \" href=\"#\">\n                                                                    \n                                        <h4 class=\"scroll-item-header\"><\/h4>\n\n                                        <div class=\"carousel_image margin-bottom\">\n                                                                                                                                                                                                                                            <video\n                                                            id=\"player\" controls\n                                                            class=\"carousel_video\"\n                                                            <source src=\"https:\/\/www.sgb-fss.ch\/content\/uploads\/2023\/08\/web-gebardensprache-lsf-1.m4v\" type=\"video\/mp4\" \/>\n                                                    <\/video>\n                                                                                                                                    <\/div>\n\n                                        <div class=\"scroll-details\">\n                                            <h3><\/h3>\n                                            <h2 class=\"wp-block-heading\"><!-- wp:heading --><\/h2>\n<h2 class=\"wp-block-heading\">Langues des signes<\/h2>\n<h2 class=\"wp-block-heading\"><!-- \/wp:heading --> <!-- wp:paragraph {\"className\":\"is-style-lead\"} --><\/h2>\n<p class=\"is-style-lead\">Nous estimons les langues des signes comme des langues vivantes qui font partie de la diversit\u00e9 culturelle de la Suisse et enrichissent la soci\u00e9t\u00e9 de leurs particularit\u00e9s.<!-- \/wp:paragraph --><\/p>\n\n                                        <\/div>\n\n                                                                                                                            <div id=\"block_d6d5010249af4ea6be13ef429e5ddc4b-item-0\" class=\"venobox-hidden-text\" style=\"display:none;\">\n                                                \n                                            <\/div>\n                                        \n                                    <\/a>\n                            <\/div>\n\n                                                    \n                                                                                                                \n                            \n                                                                                    \n                                                        \n                            <div class=\"c-scrolling-details mask-carousel-item\">\n                                                                                                                                                <a class=\"mask-carousel-no-click \" href=\"#\">\n                                                                    \n                                        <h4 class=\"scroll-item-header\"><\/h4>\n\n                                        <div class=\"carousel_image margin-bottom\">\n                                                                                                                                                                                                                                            <video\n                                                            id=\"player\" controls\n                                                            class=\"carousel_video\"\n                                                            <source src=\"https:\/\/www.sgb-fss.ch\/content\/uploads\/2023\/08\/web-zugang-lsf-1.m4v\" type=\"video\/mp4\" \/>\n                                                    <\/video>\n                                                                                                                                    <\/div>\n\n                                        <div class=\"scroll-details\">\n                                            <h3><\/h3>\n                                            <h2 class=\"wp-block-heading\"><!-- wp:heading --><\/h2>\n<h2 class=\"wp-block-heading\">Accessibilit\u00e9<\/h2>\n<h2 class=\"wp-block-heading\"><!-- \/wp:heading --> <!-- wp:paragraph {\"className\":\"is-style-lead\"} --><\/h2>\n<p class=\"is-style-lead\">Nous nous engageons avec d\u00e9termination pour la suppression des barri\u00e8res dans la vie quotidienne des personnes sourdes ou malentendantes, afin qu\u2019elles puissent b\u00e9n\u00e9ficier des m\u00eames droits et des m\u00eames chances que les autres. Pour ce faire, nous nous laissons guider par notre vision d\u2019un monde sans barri\u00e8res.<!-- \/wp:paragraph --><\/p>\n\n                                        <\/div>\n\n                                                                                                                            <div id=\"block_d6d5010249af4ea6be13ef429e5ddc4b-item-1\" class=\"venobox-hidden-text\" style=\"display:none;\">\n                                                \n                                            <\/div>\n                                        \n                                    <\/a>\n                            <\/div>\n\n                                                    \n                                                                                                                \n                            \n                                                                                    \n                                                        \n                            <div class=\"c-scrolling-details mask-carousel-item\">\n                                                                                                                                                <a class=\"mask-carousel-no-click \" href=\"#\">\n                                                                    \n                                        <h4 class=\"scroll-item-header\"><\/h4>\n\n                                        <div class=\"carousel_image margin-bottom\">\n                                                                                                                                                                                                                                            <video\n                                                            id=\"player\" controls\n                                                            class=\"carousel_video\"\n                                                            <source src=\"https:\/\/www.sgb-fss.ch\/content\/uploads\/2023\/05\/web-kultur-lsf-1.m4v\" type=\"video\/mp4\" \/>\n                                                    <\/video>\n                                                                                                                                    <\/div>\n\n                                        <div class=\"scroll-details\">\n                                            <h3><\/h3>\n                                            <h2 class=\"wp-block-heading\"><!-- wp:heading --><\/h2>\n<h2 class=\"wp-block-heading\">Culture<\/h2>\n<h2 class=\"wp-block-heading\"><!-- \/wp:heading --> <!-- wp:paragraph {\"className\":\"is-style-lead\"} --><\/h2>\n<p class=\"is-style-lead\">Nous consid\u00e9rons la communaut\u00e9 sourde comme une minorit\u00e9 linguistique et culturelle en Suisse, dont il faut prot\u00e9ger et promouvoir l\u2019histoire et la contribution. Pour nous, les d\u00e9ficits importent peu, ce sont nos forces qui comptent.<!-- \/wp:paragraph --><\/p>\n\n                                        <\/div>\n\n                                                                                                                            <div id=\"block_d6d5010249af4ea6be13ef429e5ddc4b-item-2\" class=\"venobox-hidden-text\" style=\"display:none;\">\n                                                \n                                            <\/div>\n                                        \n                                    <\/a>\n                            <\/div>\n\n                                            \n                <\/div>\n            <\/div>\n        <\/div>\n    <\/div>\n\n\n\n<h2 class=\"wp-block-heading\">Actuel<\/h2>\n\n\n<div class=\"block block-teaserposts\" id=\"block_debf549e5584de4e0ac7efecb5358a41\" data-block=\"Teaser Posts\">\n  <h2 class=\"visuallyhidden\">Posts<\/h2>\n      <ul class=\"block-teaserposts__list\">\n                            <li class=\"block-teaserposts__item is-text\">\n          <a class=\"teaserpost accent__red is-text\" href=\"https:\/\/www.sgb-fss.ch\/fr\/aktuell\/nouvelle-avancee-sur-signwise-ch-test-de-positionnement-en-dsgs-desormais-disponible\/\">\n    <div class=\"teaserpost__text\">\n        <h3 class=\"teaserpost__title\">\n      <span class=\"teaserpost__prefix\"><span class=\"visuallyhidden\">Cat\u00e9gories <\/span>News<\/span>\n      <span>Nouvelle\u00a0avanc\u00e9e\u00a0sur\u00a0signwise.ch :\u00a0test\u00a0de\u00a0positionnement\u00a0en DSGS\u00a0d\u00e9sormais\u00a0disponible\u00a0<\/span>\n    <\/h3>\n    <p class=\"teaserpost__lead\">signwise.ch \u00e9largit son offre avec une nouvelle fonctionnalit\u00e9 majeure : d\u00e8s \u00e0 pr\u00e9sent,&hellip;<\/p>\n          <p aria-hidden=\"true\">\n        <span class=\"teaserpost__more\">Lire la suite<\/span>\n      <\/p>\n      <\/div>\n<\/a>\n      <\/li>\n                            <li class=\"block-teaserposts__item is-text\">\n          <a class=\"teaserpost accent__red is-text\" href=\"https:\/\/www.sgb-fss.ch\/fr\/aktuell\/lai-doit-prendre-en-charge-les-frais-dinterpretation-dans-le-processus-de-recrutement-la-pratique-reste-a-la-traine\/\">\n    <div class=\"teaserpost__text\">\n        <h3 class=\"teaserpost__title\">\n      <span class=\"teaserpost__prefix\"><span class=\"visuallyhidden\">Cat\u00e9gories <\/span>News<\/span>\n      <span>L\u2019AI doit prendre en charge les frais d\u2019interpr\u00e9tation dans le processus de recrutement \u2013 la pratique reste \u00e0 la tra\u00eene<\/span>\n    <\/h3>\n    <p class=\"teaserpost__lead\">Depuis le 1er janvier 2025, l\u2019AI prend en charge les frais d\u2019interpr\u00e9tation \u00e9galement&hellip;<\/p>\n          <p aria-hidden=\"true\">\n        <span class=\"teaserpost__more\">Lire la suite<\/span>\n      <\/p>\n      <\/div>\n<\/a>\n      <\/li>\n                            <li class=\"block-teaserposts__item is-text\">\n          <a class=\"teaserpost accent__red is-text\" href=\"https:\/\/www.sgb-fss.ch\/fr\/aktuell\/inscrivez-vous-des-maintenant-a-la-formation-lsf-saisissez-cette-opportunite\/\">\n    <div class=\"teaserpost__text\">\n        <h3 class=\"teaserpost__title\">\n      <span class=\"teaserpost__prefix\"><span class=\"visuallyhidden\">Cat\u00e9gories <\/span>News<\/span>\n      <span>Inscrivez-vous d\u00e8s maintenant \u00e0 la formation LSF \u2013 Saisissez cette opportunit\u00e9<\/span>\n    <\/h3>\n    <p class=\"teaserpost__lead\">Les inscriptions \u00e0 la formation LSF aupr\u00e8s de la HEP sont ouvertes depuis&hellip;<\/p>\n          <p aria-hidden=\"true\">\n        <span class=\"teaserpost__more\">Lire la suite<\/span>\n      <\/p>\n      <\/div>\n<\/a>\n      <\/li>\n      <\/ul>\n<\/div>\n\n\n\n<div class=\"wp-block-buttons is-content-justification-center is-layout-flex wp-container-core-buttons-is-layout-16018d1d wp-block-buttons-is-layout-flex\">\n<div class=\"wp-block-button\"><a class=\"wp-block-button__link wp-element-button\" href=\"https:\/\/www.sgb-fss.ch\/fr\/actuel\/news\/\">Plus d\u2019actualit\u00e9s<\/a><\/div>\n<\/div>\n\n\n\n<div class=\"wp-block-group has-schwarz-25-background-color has-background is-layout-constrained wp-block-group-is-layout-constrained\">\n<h2 class=\"wp-block-heading\">\u00c9v\u00e9nements<\/h2>\n\n\n<div class=\"block block-teaserevents\" id=\"block_310580c0e0c96f85bf9f22fc2127519d\" data-block=\"Teaser Events\">\n  <h2 class=\"visuallyhidden\">Events<\/h2>\n      <div class=\"block-teaserevents__list\">\n          <div class=\"block-teaserevents__group\">\n        <div class=\"block-teaserevents__group-date\">\n          <div class=\"block-teaserevents__date\">\n                        \n            <p class=\"block-teaserevents__date-day\">\n              <strong>\n                                  jeudi \u2013 dimanche\n                              <\/strong>\n            <\/p>\n\n            <h3 class=\"block-teaserevents__date-label headline-3\">\n                                                21. \u2013 24. Mai\n                                          <\/h3>\n          <\/div>\n\n        <\/div>\n        <div class=\"block-teaserevents__group-items\">\n                            <div class=\"block-teaserevents__item is-text\">\n              <a class=\"teaserevent accent__violet\" data-block=\"Teaser Event\" href=\"https:\/\/www.sgb-fss.ch\/fr\/agenda\/seminaire-de-formation-du-21-au-24-mai\/\">\n   <div class=\"eventslist_mobile_date\">\n       <div class=\"block-teaserevents__group-date\">\n            <div class=\"block-teaserevents__date\">\n                                <p class=\"block-teaserevents__date-day\"><strong>                             jeudi \u2013 dimanche\n                        <\/strong><\/p>\n                <h3 class=\"block-teaserevents__date-label headline-3\">\n                                                                        21. \u2013 24. Mai\n                                                            <\/h3>\n            <\/div>\n        <\/div>\n        <div class=\"teaserevent__media\">\n          <div class=\"teaserevent__thumbnail\">\n                      <\/div>\n        <\/div>\n   <\/div>\n  <div class=\"teaserevent__text\">\n        <p class=\"teaserevent__prefix accent_violet\">\n      <strong class=\"has-text-accent\"><\/strong>\n    <\/p>\n    <h2 class=\"teaserevent__title\">S\u00e9minaire de formation du 21 au 24 mai<\/h2>\n    <div class=\"teaserevent__meta\">\n                                                                                <p>\n          <i class=\"icon icon--location\"><svg data-name=\"Ebene 1\" xmlns=\"http:\/\/www.w3.org\/2000\/svg\" viewBox=\"0 0 24 24\"><path d=\"M12 .63a8.51 8.51 0 0 0-8.5 8.5 9.64 9.64 0 0 0 .72 3.26 14.43 14.43 0 0 0 1 1.83l5.57 8.46a1.42 1.42 0 0 0 2 .49 1.38 1.38 0 0 0 .5-.49l5.58-8.47a12 12 0 0 0 .94-1.82 9.49 9.49 0 0 0 .78-3.27A8.5 8.5 0 0 0 12 .63zm6.24 11.12a12 12 0 0 1-.82 1.55L12 21.5l-.1-.16-5.31-8a10.61 10.61 0 0 1-.83-1.56 7.57 7.57 0 0 1-.59-2.61 6.83 6.83 0 1 1 13.66 0 8.06 8.06 0 0 1-.59 2.58z\"\/><path d=\"M12 4.46a4.67 4.67 0 1 0 4.67 4.67A4.68 4.68 0 0 0 12 4.46zm0 7.67a3 3 0 1 1 3-3 3 3 0 0 1-3 3z\"\/><\/svg><\/i> 3706 Leissigen\n        <\/p>\n          <\/div>\n  <\/div>\n<\/a>\n          <\/div>\n                <\/div>\n      <\/div>\n          <div class=\"block-teaserevents__group\">\n        <div class=\"block-teaserevents__group-date\">\n          <div class=\"block-teaserevents__date\">\n                        \n            <p class=\"block-teaserevents__date-day\">\n              <strong>\n                                  vendredi \u2013 dimanche\n                              <\/strong>\n            <\/p>\n\n            <h3 class=\"block-teaserevents__date-label headline-3\">\n                                                29. \u2013 31. Mai\n                                          <\/h3>\n          <\/div>\n\n        <\/div>\n        <div class=\"block-teaserevents__group-items\">\n                            <div class=\"block-teaserevents__item is-text\">\n              <a class=\"teaserevent accent__violet\" data-block=\"Teaser Event\" href=\"https:\/\/www.sgb-fss.ch\/fr\/agenda\/forum-familles-2026\/\">\n   <div class=\"eventslist_mobile_date\">\n       <div class=\"block-teaserevents__group-date\">\n            <div class=\"block-teaserevents__date\">\n                                <p class=\"block-teaserevents__date-day\"><strong>                             vendredi \u2013 dimanche\n                        <\/strong><\/p>\n                <h3 class=\"block-teaserevents__date-label headline-3\">\n                                                                        29. \u2013 31. Mai\n                                                            <\/h3>\n            <\/div>\n        <\/div>\n        <div class=\"teaserevent__media\">\n          <div class=\"teaserevent__thumbnail\">\n                      <\/div>\n        <\/div>\n   <\/div>\n  <div class=\"teaserevent__text\">\n        <p class=\"teaserevent__prefix accent_violet\">\n      <strong class=\"has-text-accent\">Responsabilisation<\/strong>\n    <\/p>\n    <h2 class=\"teaserevent__title\">Forum Familles 2026<\/h2>\n    <div class=\"teaserevent__meta\">\n                                                                                <p>\n          <i class=\"icon icon--location\"><svg data-name=\"Ebene 1\" xmlns=\"http:\/\/www.w3.org\/2000\/svg\" viewBox=\"0 0 24 24\"><path d=\"M12 .63a8.51 8.51 0 0 0-8.5 8.5 9.64 9.64 0 0 0 .72 3.26 14.43 14.43 0 0 0 1 1.83l5.57 8.46a1.42 1.42 0 0 0 2 .49 1.38 1.38 0 0 0 .5-.49l5.58-8.47a12 12 0 0 0 .94-1.82 9.49 9.49 0 0 0 .78-3.27A8.5 8.5 0 0 0 12 .63zm6.24 11.12a12 12 0 0 1-.82 1.55L12 21.5l-.1-.16-5.31-8a10.61 10.61 0 0 1-.83-1.56 7.57 7.57 0 0 1-.59-2.61 6.83 6.83 0 1 1 13.66 0 8.06 8.06 0 0 1-.59 2.58z\"\/><path d=\"M12 4.46a4.67 4.67 0 1 0 4.67 4.67A4.68 4.68 0 0 0 12 4.46zm0 7.67a3 3 0 1 1 3-3 3 3 0 0 1-3 3z\"\/><\/svg><\/i> H\u00f4tel Alpine Classic \u00e0 Leysin (VD)\n        <\/p>\n          <\/div>\n  <\/div>\n<\/a>\n          <\/div>\n                <\/div>\n      <\/div>\n          <div class=\"block-teaserevents__group\">\n        <div class=\"block-teaserevents__group-date\">\n          <div class=\"block-teaserevents__date\">\n                        \n            <p class=\"block-teaserevents__date-day\">\n              <strong>\n                                  samedi\n                              <\/strong>\n            <\/p>\n\n            <h3 class=\"block-teaserevents__date-label headline-3\">\n                              6. Juin\n                          <\/h3>\n          <\/div>\n\n        <\/div>\n        <div class=\"block-teaserevents__group-items\">\n                            <div class=\"block-teaserevents__item is-text\">\n              <a class=\"teaserevent accent__darkblue\" data-block=\"Teaser Event\" href=\"https:\/\/www.sgb-fss.ch\/fr\/agenda\/assemblee-des-delegues-2026\/\">\n   <div class=\"eventslist_mobile_date\">\n       <div class=\"block-teaserevents__group-date\">\n            <div class=\"block-teaserevents__date\">\n                                <p class=\"block-teaserevents__date-day\"><strong>                             samedi\n                        <\/strong><\/p>\n                <h3 class=\"block-teaserevents__date-label headline-3\">\n                                            6. Juin\n                                    <\/h3>\n            <\/div>\n        <\/div>\n        <div class=\"teaserevent__media\">\n          <div class=\"teaserevent__thumbnail\">\n                      <\/div>\n        <\/div>\n   <\/div>\n  <div class=\"teaserevent__text\">\n        <p class=\"teaserevent__prefix accent_violet\">\n      <strong class=\"has-text-accent\"><\/strong>\n    <\/p>\n    <h2 class=\"teaserevent__title\">Assembl\u00e9e des d\u00e9l\u00e9gu\u00e9s 2026<\/h2>\n    <div class=\"teaserevent__meta\">\n                                                                          <p>\n          <i class=\"icon icon--time\"><svg data-name=\"Ebene 1\" xmlns=\"http:\/\/www.w3.org\/2000\/svg\" viewBox=\"0 0 24 24\"><path d=\"M12 1.12A10.88 10.88 0 1 0 22.88 12 10.89 10.89 0 0 0 12 1.12zm0 20A9.07 9.07 0 1 1 21.07 12 9.08 9.08 0 0 1 12 21.07z\"\/><path d=\"M17.29 16.46l-4.39-4.41V6.24a.9.9 0 1 0-1.8 0v6.21a.87.87 0 0 0 .27.63L16 17.73a.9.9 0 0 0 .63.27.86.86 0 0 0 .62-.27.89.89 0 0 0 .27-.63.88.88 0 0 0-.26-.63z\"\/><\/svg><\/i> 10:00        <\/p>\n                    <p>\n          <i class=\"icon icon--location\"><svg data-name=\"Ebene 1\" xmlns=\"http:\/\/www.w3.org\/2000\/svg\" viewBox=\"0 0 24 24\"><path d=\"M12 .63a8.51 8.51 0 0 0-8.5 8.5 9.64 9.64 0 0 0 .72 3.26 14.43 14.43 0 0 0 1 1.83l5.57 8.46a1.42 1.42 0 0 0 2 .49 1.38 1.38 0 0 0 .5-.49l5.58-8.47a12 12 0 0 0 .94-1.82 9.49 9.49 0 0 0 .78-3.27A8.5 8.5 0 0 0 12 .63zm6.24 11.12a12 12 0 0 1-.82 1.55L12 21.5l-.1-.16-5.31-8a10.61 10.61 0 0 1-.83-1.56 7.57 7.57 0 0 1-.59-2.61 6.83 6.83 0 1 1 13.66 0 8.06 8.06 0 0 1-.59 2.58z\"\/><path d=\"M12 4.46a4.67 4.67 0 1 0 4.67 4.67A4.68 4.68 0 0 0 12 4.46zm0 7.67a3 3 0 1 1 3-3 3 3 0 0 1-3 3z\"\/><\/svg><\/i> Explorit : Av. des D\u00e9couvertes 1, 1400 Yverdon-les-Bains\n        <\/p>\n          <\/div>\n  <\/div>\n<\/a>\n          <\/div>\n                <\/div>\n      <\/div>\n        <\/div>\n  <\/div>\n\n\n\n<div class=\"wp-block-buttons is-content-justification-center is-layout-flex wp-container-core-buttons-is-layout-16018d1d wp-block-buttons-is-layout-flex\">\n<div class=\"wp-block-button is-style-outline is-style-outline--1\"><a class=\"wp-block-button__link has-weiss-background-color has-background wp-element-button\" href=\"https:\/\/www.sgb-fss.ch\/fr\/actuel\/evenements\/\">Tous les \u00e9v\u00e9nements<\/a><\/div>\n<\/div>\n<\/div>\n\n\n<div class=\"block block-teaserpages\" id=\"block_54db058ab373076ce3c5003130122cc0\" data-block=\"Teaser Pages\">\n  <ul class=\"block-teaserpages__list\">\n            <li class=\"block-teaserpages__item\">\n        <a class=\"accent teaserpage\" href=\"https:\/\/www.sgb-fss.ch\/fr\/conseil-juridique\/\">\n  <div class=\"teaserpage__thumbnail\">\n            <div class=\"image teaserpage__thumbnail-image\" >\n    <img decoding=\"async\"\n      loading=\"lazy\"\n      class=\"image__object lazyload\"\n      src=\"https:\/\/www.sgb-fss.ch\/content\/uploads\/2023\/07\/rechtsberatung-1440x0-c-default.jpg\"       data-sizes=\"auto\"\n      data-srcset=\"https:\/\/www.sgb-fss.ch\/content\/uploads\/2023\/07\/rechtsberatung-1000x0-c-default.jpg 1000w, https:\/\/www.sgb-fss.ch\/content\/uploads\/2023\/07\/rechtsberatung-700x0-c-default.jpg 700w, https:\/\/www.sgb-fss.ch\/content\/uploads\/2023\/07\/rechtsberatung-350x0-c-default.jpg 350w, \"\n      alt=\"Rechtberatung\"\n      width=\"1890\"\n      height=\"1063\"\n            >\n  <\/div>\n      <\/div>\n  <h3 class=\"teaserpage__title\">Conseil juridique<\/h3>\n  <p class=\"teaserpage__lead\">Vous avez des questions juridiques sur la surdit\u00e9 ou le handicap auditif? Le service juridique de la F\u00e9d\u00e9ration Suisse des Sourds vous aide \u00e0 trouver une solution et \u00e0 d\u00e9fendre vos droits.<\/p>  <\/a>\n      <\/li>\n            <li class=\"block-teaserpages__item\">\n        <a class=\"accent teaserpage\" href=\"https:\/\/www.sgb-fss.ch\/fr\/centres-de-consultation\/\">\n  <div class=\"teaserpage__thumbnail\">\n            <div class=\"image teaserpage__thumbnail-image\" >\n    <img decoding=\"async\"\n      loading=\"lazy\"\n      class=\"image__object lazyload\"\n      src=\"https:\/\/www.sgb-fss.ch\/content\/uploads\/2023\/06\/laufbahnberatung-edited-1440x0-c-default.jpg\"       data-sizes=\"auto\"\n      data-srcset=\"https:\/\/www.sgb-fss.ch\/content\/uploads\/2023\/06\/laufbahnberatung-edited-1000x0-c-default.jpg 1000w, https:\/\/www.sgb-fss.ch\/content\/uploads\/2023\/06\/laufbahnberatung-edited-700x0-c-default.jpg 700w, https:\/\/www.sgb-fss.ch\/content\/uploads\/2023\/06\/laufbahnberatung-edited-350x0-c-default.jpg 350w, \"\n      alt=\"\"\n      width=\"997\"\n      height=\"561\"\n            >\n  <\/div>\n      <\/div>\n  <h3 class=\"teaserpage__title\">Centres de conseil pour les sourds et leurs proches<\/h3>\n  <p class=\"teaserpage__lead\">Il existe diff\u00e9rents points de contact pour les personnes sourdes, malentendantes et leur entourage &#8211; du conseil g\u00e9n\u00e9ral au conseil juridique, en passant par les services d&rsquo;interpr\u00e9tation et les services d&rsquo;accessibilit\u00e9. Notre aper\u00e7u permet de s&rsquo;orienter dans la recherche.<\/p>  <\/a>\n      <\/li>\n            <li class=\"block-teaserpages__item\">\n        <a class=\"accent teaserpage\" href=\"https:\/\/www.sgb-fss.ch\/fr\/offres\/lexique-en-ligne-de-la-langue-des-signes\/\">\n  <div class=\"teaserpage__thumbnail\">\n            <div class=\"image teaserpage__thumbnail-image\" >\n    <img decoding=\"async\"\n      loading=\"lazy\"\n      class=\"image__object lazyload\"\n      src=\"https:\/\/www.sgb-fss.ch\/content\/uploads\/2023\/06\/elexikon_f-1440x0-c-default.jpg\"       data-sizes=\"auto\"\n      data-srcset=\"https:\/\/www.sgb-fss.ch\/content\/uploads\/2023\/06\/elexikon_f-1000x0-c-default.jpg 1000w, https:\/\/www.sgb-fss.ch\/content\/uploads\/2023\/06\/elexikon_f-700x0-c-default.jpg 700w, https:\/\/www.sgb-fss.ch\/content\/uploads\/2023\/06\/elexikon_f-350x0-c-default.jpg 350w, \"\n      alt=\"\"\n      width=\"1166\"\n      height=\"656\"\n            >\n  <\/div>\n      <\/div>\n  <h3 class=\"teaserpage__title\">E-lexique de la langue des signes<\/h3>\n  <p class=\"teaserpage__lead\">Notre lexique interactif vous permet de traduire une multitude de termes du fran\u00e7ais vers la langue des signes. Vous avez toutes les cl\u00e9s en main pour enrichir votre vocablaire.<\/p>  <\/a>\n      <\/li>\n            <li class=\"block-teaserpages__item\">\n        <a class=\"accent teaserpage\" href=\"https:\/\/www.sgb-fss.ch\/fr\/offres\/apprendre-la-lsf-sur-signwise-ch\/\">\n  <div class=\"teaserpage__thumbnail\">\n            <div class=\"image teaserpage__thumbnail-image\" >\n    <img decoding=\"async\"\n      loading=\"lazy\"\n      class=\"image__object lazyload\"\n      src=\"https:\/\/www.sgb-fss.ch\/content\/uploads\/2023\/05\/logo-signwise-web-1440x0-c-default.png\"       data-sizes=\"auto\"\n      data-srcset=\"https:\/\/www.sgb-fss.ch\/content\/uploads\/2023\/05\/logo-signwise-web-1000x0-c-default.png 1000w, https:\/\/www.sgb-fss.ch\/content\/uploads\/2023\/05\/logo-signwise-web-700x0-c-default.png 700w, https:\/\/www.sgb-fss.ch\/content\/uploads\/2023\/05\/logo-signwise-web-350x0-c-default.png 350w, \"\n      alt=\"\"\n      width=\"6330\"\n      height=\"3560\"\n            >\n  <\/div>\n      <\/div>\n  <h3 class=\"teaserpage__title\">E-learning signwise.ch<\/h3>\n  <p class=\"teaserpage__lead\">Gr\u00e2ce \u00e0 l\u2019outil d\u2019apprentissage en ligne signwise.ch, vous pouvez obtenir un certificat de langue des signes en 6 \u00e0 12 mois. Signwise vous permet d\u2019obtenir les niveaux A1 et A2 depuis chez vous.<\/p>  <\/a>\n      <\/li>\n    <\/ul>\n<\/div>\n\n\n<div data-init=\"teaserdonate\" class=\"block block-teaserdonate block-teaserdonate--image accent__red\" id=\"block_d78a8a77c3e5c15a0722c2afbb021ea1\" data-block=\"Teaser Donate\">\n        <div class=\"image block-teaserdonate__image\" >\n    <img decoding=\"async\"\n      loading=\"lazy\"\n      class=\"image__object lazyload\"\n      src=\"https:\/\/www.sgb-fss.ch\/content\/uploads\/2021\/04\/foem_beitragsbild-2-scaled-1440x0-c-default.jpg\"       data-sizes=\"auto\"\n      data-srcset=\"https:\/\/www.sgb-fss.ch\/content\/uploads\/2021\/04\/foem_beitragsbild-2-scaled-2880x0-c-default.jpg 2880w, https:\/\/www.sgb-fss.ch\/content\/uploads\/2021\/04\/foem_beitragsbild-2-scaled-2160x0-c-default.jpg 2160w, https:\/\/www.sgb-fss.ch\/content\/uploads\/2021\/04\/foem_beitragsbild-2-scaled-1440x0-c-default.jpg 1440w, https:\/\/www.sgb-fss.ch\/content\/uploads\/2021\/04\/foem_beitragsbild-2-scaled-1080x0-c-default.jpg 1080w, https:\/\/www.sgb-fss.ch\/content\/uploads\/2021\/04\/foem_beitragsbild-2-scaled-720x0-c-default.jpg 720w, \"\n      alt=\"\"\n      width=\"2560\"\n      height=\"1440\"\n            >\n  <\/div>\n    <div class=\"block-teaserdonate__content\">\n    <form data-teaserdonate=\"form\" class=\"block-teaserdonate__card\" action=\"https:\/\/www.sgb-fss.ch\/fr\/soutien\/faire-un-don-maintenant\/\" method=\"get\">\n      <div class=\"block-teaserdonate__card-text\">\n        <h2 class=\"headline-5\">Faire un don<\/h2>        <p class=\"block-teaserdonate__lead\">D\u00e9cidez vous-m\u00eame comment soutenir les personnes sourdes:<\/p>      <\/div>\n              <ul class=\"block-teaserdonate__amounts\">\n                  <li class=\"block-teaserdonate__amount\">\n            <input type=\"radio\" name=\"rnw-amount\" id=\"block_d78a8a77c3e5c15a0722c2afbb021ea1__60\" class=\"block-teaserdonate__checkbox\" value=\"60\" >\n\n            <label class=\"block-teaserdonate__amount-content\" for=\"block_d78a8a77c3e5c15a0722c2afbb021ea1__60\">\n              <i class=\"block-teaserdonate__label\">CHF<\/i>\n              <p class=\"headline-3 block-teaserdonate__value\">60<\/p>\n            <\/label>\n          <\/li>\n                  <li class=\"block-teaserdonate__amount\">\n            <input type=\"radio\" name=\"rnw-amount\" id=\"block_d78a8a77c3e5c15a0722c2afbb021ea1__120\" class=\"block-teaserdonate__checkbox\" value=\"120\" checked>\n\n            <label class=\"block-teaserdonate__amount-content\" for=\"block_d78a8a77c3e5c15a0722c2afbb021ea1__120\">\n              <i class=\"block-teaserdonate__label\">CHF<\/i>\n              <p class=\"headline-3 block-teaserdonate__value\">120<\/p>\n            <\/label>\n          <\/li>\n                  <li class=\"block-teaserdonate__amount\">\n            <input type=\"radio\" name=\"rnw-amount\" id=\"block_d78a8a77c3e5c15a0722c2afbb021ea1__240\" class=\"block-teaserdonate__checkbox\" value=\"240\" >\n\n            <label class=\"block-teaserdonate__amount-content\" for=\"block_d78a8a77c3e5c15a0722c2afbb021ea1__240\">\n              <i class=\"block-teaserdonate__label\">CHF<\/i>\n              <p class=\"headline-3 block-teaserdonate__value\">240<\/p>\n            <\/label>\n          <\/li>\n                          <li class=\"block-teaserdonate__amount\">\n            <input data-teaserdonate=\"radio\" type=\"radio\" name=\"rnw-amount\" id=\"block_d78a8a77c3e5c15a0722c2afbb021ea1__custom\" class=\"block-teaserdonate__checkbox\" value=\"?\">\n            <label for=\"block_d78a8a77c3e5c15a0722c2afbb021ea1__custom\" class=\"block-teaserdonate__amount-content\">\n              <i class=\"block-teaserdonate__label\">CHF<\/i>\n              <input data-teaserdonate=\"custom\" class=\"headline-3 block-teaserdonate__value block-teaserdonate__value--custom\" type=\"number\"\/>\n            <\/label>\n          <\/li>\n                <\/ul>\n            <p class=\"has-text-align-center\"><button type=\"submit\" class=\"is-style-inverted\" id=\"spendenbox_button\">Faire un don maintenant<\/button><\/p>          <\/form>\n  <\/div>\n<\/div>\n","protected":false},"excerpt":{"rendered":"<p>F\u00e9d\u00e9ration Suisse des Sourds En tant que f\u00e9d\u00e9ration nationale \u00e0 but non lucratif des [&hellip;]<\/p>\n","protected":false},"author":20,"featured_media":0,"parent":0,"menu_order":0,"comment_status":"closed","ping_status":"closed","template":"front-page.php","meta":{"_acf_changed":false,"inline_featured_image":false,"footnotes":""},"class_list":["post-9110","page","type-page","status-publish","hentry"],"acf":[],"yoast_head":"<!-- This site is optimized with the Yoast SEO plugin v27.4 - https:\/\/yoast.com\/product\/yoast-seo-wordpress\/ -->\n<title>F\u00e9d\u00e9ration Suisse des Sourds SGB-FSS - SGB-FSS<\/title>\n<meta name=\"description\" content=\"Notre vision est celle d\u2019une soci\u00e9t\u00e9 dans laquelle la diversit\u00e9 culturelle et sociale enrichit les personnes et favorise leur d\u00e9veloppement.\" \/>\n<meta name=\"robots\" content=\"index, follow, max-snippet:-1, max-image-preview:large, max-video-preview:-1\" \/>\n<link rel=\"canonical\" href=\"https:\/\/www.sgb-fss.ch\/fr\/\" \/>\n<meta property=\"og:locale\" content=\"fr_FR\" \/>\n<meta property=\"og:type\" content=\"article\" \/>\n<meta property=\"og:title\" content=\"F\u00e9d\u00e9ration Suisse des Sourds SGB-FSS - SGB-FSS\" \/>\n<meta property=\"og:description\" content=\"Notre vision est celle d\u2019une soci\u00e9t\u00e9 dans laquelle la diversit\u00e9 culturelle et sociale enrichit les personnes et favorise leur d\u00e9veloppement.\" \/>\n<meta property=\"og:url\" content=\"https:\/\/www.sgb-fss.ch\/fr\/\" \/>\n<meta property=\"og:site_name\" content=\"SGB-FSS\" \/>\n<meta property=\"article:modified_time\" content=\"2026-04-15T12:40:57+00:00\" \/>\n<meta name=\"twitter:card\" content=\"summary_large_image\" \/>\n<meta name=\"twitter:label1\" content=\"Dur\u00e9e de lecture estim\u00e9e\" \/>\n\t<meta name=\"twitter:data1\" content=\"1 minute\" \/>\n<script type=\"application\/ld+json\" class=\"yoast-schema-graph\">{\"@context\":\"https:\\\/\\\/schema.org\",\"@graph\":[{\"@type\":\"WebPage\",\"@id\":\"https:\\\/\\\/www.sgb-fss.ch\\\/fr\\\/\",\"url\":\"https:\\\/\\\/www.sgb-fss.ch\\\/fr\\\/\",\"name\":\"F\u00e9d\u00e9ration Suisse des Sourds SGB-FSS - SGB-FSS\",\"isPartOf\":{\"@id\":\"https:\\\/\\\/www.sgb-fss.ch\\\/de\\\/#website\"},\"datePublished\":\"2022-10-14T14:44:59+00:00\",\"dateModified\":\"2026-04-15T12:40:57+00:00\",\"description\":\"Notre vision est celle d\u2019une soci\u00e9t\u00e9 dans laquelle la diversit\u00e9 culturelle et sociale enrichit les personnes et favorise leur d\u00e9veloppement.\",\"breadcrumb\":{\"@id\":\"https:\\\/\\\/www.sgb-fss.ch\\\/fr\\\/#breadcrumb\"},\"inLanguage\":\"fr-FR\",\"potentialAction\":[{\"@type\":\"ReadAction\",\"target\":[\"https:\\\/\\\/www.sgb-fss.ch\\\/fr\\\/\"]}]},{\"@type\":\"BreadcrumbList\",\"@id\":\"https:\\\/\\\/www.sgb-fss.ch\\\/fr\\\/#breadcrumb\",\"itemListElement\":[{\"@type\":\"ListItem\",\"position\":1,\"name\":\"Home\",\"item\":\"https:\\\/\\\/www.sgb-fss.ch\\\/fr\\\/\"},{\"@type\":\"ListItem\",\"position\":2,\"name\":\"F\u00e9d\u00e9ration Suisse des Sourds SGB-FSS\"}]},{\"@type\":\"WebSite\",\"@id\":\"https:\\\/\\\/www.sgb-fss.ch\\\/de\\\/#website\",\"url\":\"https:\\\/\\\/www.sgb-fss.ch\\\/de\\\/\",\"name\":\"SGB-FSS\",\"description\":\"\",\"potentialAction\":[{\"@type\":\"SearchAction\",\"target\":{\"@type\":\"EntryPoint\",\"urlTemplate\":\"https:\\\/\\\/www.sgb-fss.ch\\\/de\\\/?s={search_term_string}\"},\"query-input\":{\"@type\":\"PropertyValueSpecification\",\"valueRequired\":true,\"valueName\":\"search_term_string\"}}],\"inLanguage\":\"fr-FR\"}]}<\/script>\n<!-- \/ Yoast SEO plugin. -->","yoast_head_json":{"title":"F\u00e9d\u00e9ration Suisse des Sourds SGB-FSS - SGB-FSS","description":"Notre vision est celle d\u2019une soci\u00e9t\u00e9 dans laquelle la diversit\u00e9 culturelle et sociale enrichit les personnes et favorise leur d\u00e9veloppement.","robots":{"index":"index","follow":"follow","max-snippet":"max-snippet:-1","max-image-preview":"max-image-preview:large","max-video-preview":"max-video-preview:-1"},"canonical":"https:\/\/www.sgb-fss.ch\/fr\/","og_locale":"fr_FR","og_type":"article","og_title":"F\u00e9d\u00e9ration Suisse des Sourds SGB-FSS - SGB-FSS","og_description":"Notre vision est celle d\u2019une soci\u00e9t\u00e9 dans laquelle la diversit\u00e9 culturelle et sociale enrichit les personnes et favorise leur d\u00e9veloppement.","og_url":"https:\/\/www.sgb-fss.ch\/fr\/","og_site_name":"SGB-FSS","article_modified_time":"2026-04-15T12:40:57+00:00","twitter_card":"summary_large_image","twitter_misc":{"Dur\u00e9e de lecture estim\u00e9e":"1 minute"},"schema":{"@context":"https:\/\/schema.org","@graph":[{"@type":"WebPage","@id":"https:\/\/www.sgb-fss.ch\/fr\/","url":"https:\/\/www.sgb-fss.ch\/fr\/","name":"F\u00e9d\u00e9ration Suisse des Sourds SGB-FSS - SGB-FSS","isPartOf":{"@id":"https:\/\/www.sgb-fss.ch\/de\/#website"},"datePublished":"2022-10-14T14:44:59+00:00","dateModified":"2026-04-15T12:40:57+00:00","description":"Notre vision est celle d\u2019une soci\u00e9t\u00e9 dans laquelle la diversit\u00e9 culturelle et sociale enrichit les personnes et favorise leur d\u00e9veloppement.","breadcrumb":{"@id":"https:\/\/www.sgb-fss.ch\/fr\/#breadcrumb"},"inLanguage":"fr-FR","potentialAction":[{"@type":"ReadAction","target":["https:\/\/www.sgb-fss.ch\/fr\/"]}]},{"@type":"BreadcrumbList","@id":"https:\/\/www.sgb-fss.ch\/fr\/#breadcrumb","itemListElement":[{"@type":"ListItem","position":1,"name":"Home","item":"https:\/\/www.sgb-fss.ch\/fr\/"},{"@type":"ListItem","position":2,"name":"F\u00e9d\u00e9ration Suisse des Sourds SGB-FSS"}]},{"@type":"WebSite","@id":"https:\/\/www.sgb-fss.ch\/de\/#website","url":"https:\/\/www.sgb-fss.ch\/de\/","name":"SGB-FSS","description":"","potentialAction":[{"@type":"SearchAction","target":{"@type":"EntryPoint","urlTemplate":"https:\/\/www.sgb-fss.ch\/de\/?s={search_term_string}"},"query-input":{"@type":"PropertyValueSpecification","valueRequired":true,"valueName":"search_term_string"}}],"inLanguage":"fr-FR"}]}},"_links":{"self":[{"href":"https:\/\/www.sgb-fss.ch\/fr\/wp-json\/wp\/v2\/pages\/9110","targetHints":{"allow":["GET"]}}],"collection":[{"href":"https:\/\/www.sgb-fss.ch\/fr\/wp-json\/wp\/v2\/pages"}],"about":[{"href":"https:\/\/www.sgb-fss.ch\/fr\/wp-json\/wp\/v2\/types\/page"}],"author":[{"embeddable":true,"href":"https:\/\/www.sgb-fss.ch\/fr\/wp-json\/wp\/v2\/users\/20"}],"replies":[{"embeddable":true,"href":"https:\/\/www.sgb-fss.ch\/fr\/wp-json\/wp\/v2\/comments?post=9110"}],"version-history":[{"count":113,"href":"https:\/\/www.sgb-fss.ch\/fr\/wp-json\/wp\/v2\/pages\/9110\/revisions"}],"predecessor-version":[{"id":44649,"href":"https:\/\/www.sgb-fss.ch\/fr\/wp-json\/wp\/v2\/pages\/9110\/revisions\/44649"}],"wp:attachment":[{"href":"https:\/\/www.sgb-fss.ch\/fr\/wp-json\/wp\/v2\/media?parent=9110"}],"curies":[{"name":"wp","href":"https:\/\/api.w.org\/{rel}","templated":true}]}}