{"id":40791,"date":"2025-09-23T11:06:21","date_gmt":"2025-09-23T09:06:21","guid":{"rendered":"https:\/\/www.sgb-fss.ch\/?page_id=40791"},"modified":"2025-09-28T16:36:23","modified_gmt":"2025-09-28T14:36:23","slug":"inklusion-am-arbeitsplatz","status":"publish","type":"page","link":"https:\/\/www.sgb-fss.ch\/de\/inklusion-am-arbeitsplatz\/","title":{"rendered":"Inklusion am Arbeitsplatz"},"content":{"rendered":"\n<h2 class=\"wp-block-heading\">Was h\u00f6rende Mitarbeitende \u00fcber ihre geh\u00f6rlosen und h\u00f6rbehinderten Kolleg*innen sagen.<\/h2>\n\n\n\n<h3 class=\"wp-block-heading\" id=\"zitat-1\">Zitat 1<\/h3>\n\n\n\n<div class=\"wp-block-columns is-layout-flex wp-container-core-columns-is-layout-9d6595d7 wp-block-columns-is-layout-flex\">\n<div class=\"wp-block-column is-layout-flow wp-block-column-is-layout-flow\">\n<figure class=\"wp-block-image size-full\"><img loading=\"lazy\" decoding=\"async\" width=\"884\" height=\"1105\" src=\"https:\/\/www.sgb-fss.ch\/content\/uploads\/portrait_ma_1_1.png\" alt=\"\" class=\"wp-image-40793\" srcset=\"https:\/\/www.sgb-fss.ch\/content\/uploads\/portrait_ma_1_1.png 884w, https:\/\/www.sgb-fss.ch\/content\/uploads\/portrait_ma_1_1-300x375.png 300w, https:\/\/www.sgb-fss.ch\/content\/uploads\/portrait_ma_1_1-150x188.png 150w, https:\/\/www.sgb-fss.ch\/content\/uploads\/portrait_ma_1_1-768x960.png 768w, https:\/\/www.sgb-fss.ch\/content\/uploads\/portrait_ma_1_1-80x100.png 80w\" sizes=\"auto, (max-width: 884px) 100vw, 884px\" \/><\/figure>\n<\/div>\n\n\n\n<div class=\"wp-block-column is-layout-flow wp-block-column-is-layout-flow\">\n<figure class=\"wp-block-image size-full\"><img loading=\"lazy\" decoding=\"async\" width=\"882\" height=\"1105\" src=\"https:\/\/www.sgb-fss.ch\/content\/uploads\/portrait_ma_1_2.png\" alt=\"\" class=\"wp-image-40796\" srcset=\"https:\/\/www.sgb-fss.ch\/content\/uploads\/portrait_ma_1_2.png 882w, https:\/\/www.sgb-fss.ch\/content\/uploads\/portrait_ma_1_2-300x376.png 300w, https:\/\/www.sgb-fss.ch\/content\/uploads\/portrait_ma_1_2-150x188.png 150w, https:\/\/www.sgb-fss.ch\/content\/uploads\/portrait_ma_1_2-768x962.png 768w, https:\/\/www.sgb-fss.ch\/content\/uploads\/portrait_ma_1_2-80x100.png 80w\" sizes=\"auto, (max-width: 882px) 100vw, 882px\" \/><\/figure>\n<\/div>\n<\/div>\n\n\n\n<h3 class=\"wp-block-heading\" id=\"zitat-2\">Zitat 2<\/h3>\n\n\n\n<div class=\"wp-block-columns is-layout-flex wp-container-core-columns-is-layout-9d6595d7 wp-block-columns-is-layout-flex\">\n<div class=\"wp-block-column is-layout-flow wp-block-column-is-layout-flow\">\n<figure class=\"wp-block-image size-full\"><img loading=\"lazy\" decoding=\"async\" width=\"1012\" height=\"1267\" src=\"https:\/\/www.sgb-fss.ch\/content\/uploads\/portrait_ma_3_1.png\" alt=\"\" class=\"wp-image-40817\" srcset=\"https:\/\/www.sgb-fss.ch\/content\/uploads\/portrait_ma_3_1.png 1012w, https:\/\/www.sgb-fss.ch\/content\/uploads\/portrait_ma_3_1-300x376.png 300w, https:\/\/www.sgb-fss.ch\/content\/uploads\/portrait_ma_3_1-150x188.png 150w, https:\/\/www.sgb-fss.ch\/content\/uploads\/portrait_ma_3_1-768x962.png 768w, https:\/\/www.sgb-fss.ch\/content\/uploads\/portrait_ma_3_1-80x100.png 80w\" sizes=\"auto, (max-width: 1012px) 100vw, 1012px\" \/><\/figure>\n<\/div>\n\n\n\n<div class=\"wp-block-column is-layout-flow wp-block-column-is-layout-flow\">\n<figure class=\"wp-block-image size-full\"><img loading=\"lazy\" decoding=\"async\" width=\"1013\" height=\"1267\" src=\"https:\/\/www.sgb-fss.ch\/content\/uploads\/portrait_ma_3_2.png\" alt=\"\" class=\"wp-image-40834\" srcset=\"https:\/\/www.sgb-fss.ch\/content\/uploads\/portrait_ma_3_2.png 1013w, https:\/\/www.sgb-fss.ch\/content\/uploads\/portrait_ma_3_2-300x375.png 300w, https:\/\/www.sgb-fss.ch\/content\/uploads\/portrait_ma_3_2-150x188.png 150w, https:\/\/www.sgb-fss.ch\/content\/uploads\/portrait_ma_3_2-768x961.png 768w, https:\/\/www.sgb-fss.ch\/content\/uploads\/portrait_ma_3_2-80x100.png 80w\" sizes=\"auto, (max-width: 1013px) 100vw, 1013px\" \/><\/figure>\n<\/div>\n<\/div>\n\n\n\n<h3 class=\"wp-block-heading\" id=\"zitat-3\">Zitat 3<\/h3>\n\n\n\n<div class=\"wp-block-columns is-layout-flex wp-container-core-columns-is-layout-9d6595d7 wp-block-columns-is-layout-flex\">\n<div class=\"wp-block-column is-layout-flow wp-block-column-is-layout-flow\">\n<figure class=\"wp-block-image size-full\"><img loading=\"lazy\" decoding=\"async\" width=\"1080\" height=\"1350\" src=\"https:\/\/www.sgb-fss.ch\/content\/uploads\/3.png\" alt=\"\" class=\"wp-image-40909\" srcset=\"https:\/\/www.sgb-fss.ch\/content\/uploads\/3.png 1080w, https:\/\/www.sgb-fss.ch\/content\/uploads\/3-300x375.png 300w, https:\/\/www.sgb-fss.ch\/content\/uploads\/3-1024x1280.png 1024w, https:\/\/www.sgb-fss.ch\/content\/uploads\/3-150x188.png 150w, https:\/\/www.sgb-fss.ch\/content\/uploads\/3-768x960.png 768w, https:\/\/www.sgb-fss.ch\/content\/uploads\/3-80x100.png 80w\" sizes=\"auto, (max-width: 1080px) 100vw, 1080px\" \/><\/figure>\n<\/div>\n\n\n\n<div class=\"wp-block-column is-layout-flow wp-block-column-is-layout-flow\">\n<figure class=\"wp-block-image size-full\"><img loading=\"lazy\" decoding=\"async\" width=\"1080\" height=\"1350\" src=\"https:\/\/www.sgb-fss.ch\/content\/uploads\/4.png\" alt=\"\" class=\"wp-image-40876\" srcset=\"https:\/\/www.sgb-fss.ch\/content\/uploads\/4.png 1080w, https:\/\/www.sgb-fss.ch\/content\/uploads\/4-300x375.png 300w, https:\/\/www.sgb-fss.ch\/content\/uploads\/4-1024x1280.png 1024w, https:\/\/www.sgb-fss.ch\/content\/uploads\/4-150x188.png 150w, https:\/\/www.sgb-fss.ch\/content\/uploads\/4-768x960.png 768w, https:\/\/www.sgb-fss.ch\/content\/uploads\/4-80x100.png 80w\" sizes=\"auto, (max-width: 1080px) 100vw, 1080px\" \/><\/figure>\n<\/div>\n<\/div>\n\n\n\n<h3 class=\"wp-block-heading\" id=\"zitat-4\">Zitat 4<\/h3>\n\n\n\n<div class=\"wp-block-columns is-layout-flex wp-container-core-columns-is-layout-9d6595d7 wp-block-columns-is-layout-flex\">\n<div class=\"wp-block-column is-layout-flow wp-block-column-is-layout-flow\">\n<figure class=\"wp-block-image size-full\"><img loading=\"lazy\" decoding=\"async\" width=\"1080\" height=\"1350\" src=\"https:\/\/www.sgb-fss.ch\/content\/uploads\/13.png\" alt=\"\" class=\"wp-image-40897\" srcset=\"https:\/\/www.sgb-fss.ch\/content\/uploads\/13.png 1080w, https:\/\/www.sgb-fss.ch\/content\/uploads\/13-300x375.png 300w, https:\/\/www.sgb-fss.ch\/content\/uploads\/13-1024x1280.png 1024w, https:\/\/www.sgb-fss.ch\/content\/uploads\/13-150x188.png 150w, https:\/\/www.sgb-fss.ch\/content\/uploads\/13-768x960.png 768w, https:\/\/www.sgb-fss.ch\/content\/uploads\/13-80x100.png 80w\" sizes=\"auto, (max-width: 1080px) 100vw, 1080px\" \/><\/figure>\n<\/div>\n\n\n\n<div class=\"wp-block-column is-layout-flow wp-block-column-is-layout-flow\">\n<figure class=\"wp-block-image size-full\"><img loading=\"lazy\" decoding=\"async\" width=\"1080\" height=\"1350\" src=\"https:\/\/www.sgb-fss.ch\/content\/uploads\/14.png\" alt=\"\" class=\"wp-image-40900\" srcset=\"https:\/\/www.sgb-fss.ch\/content\/uploads\/14.png 1080w, https:\/\/www.sgb-fss.ch\/content\/uploads\/14-300x375.png 300w, https:\/\/www.sgb-fss.ch\/content\/uploads\/14-1024x1280.png 1024w, https:\/\/www.sgb-fss.ch\/content\/uploads\/14-150x188.png 150w, https:\/\/www.sgb-fss.ch\/content\/uploads\/14-768x960.png 768w, https:\/\/www.sgb-fss.ch\/content\/uploads\/14-80x100.png 80w\" sizes=\"auto, (max-width: 1080px) 100vw, 1080px\" \/><\/figure>\n<\/div>\n<\/div>\n\n\n\n<h3 class=\"wp-block-heading\" id=\"zitat-5\">Zitat 5<\/h3>\n\n\n\n<div class=\"wp-block-columns is-layout-flex wp-container-core-columns-is-layout-9d6595d7 wp-block-columns-is-layout-flex\">\n<div class=\"wp-block-column is-layout-flow wp-block-column-is-layout-flow\">\n<figure class=\"wp-block-image size-full\"><img loading=\"lazy\" decoding=\"async\" width=\"1080\" height=\"1350\" src=\"https:\/\/www.sgb-fss.ch\/content\/uploads\/11.png\" alt=\"\" class=\"wp-image-40891\" srcset=\"https:\/\/www.sgb-fss.ch\/content\/uploads\/11.png 1080w, https:\/\/www.sgb-fss.ch\/content\/uploads\/11-300x375.png 300w, https:\/\/www.sgb-fss.ch\/content\/uploads\/11-1024x1280.png 1024w, https:\/\/www.sgb-fss.ch\/content\/uploads\/11-150x188.png 150w, https:\/\/www.sgb-fss.ch\/content\/uploads\/11-768x960.png 768w, https:\/\/www.sgb-fss.ch\/content\/uploads\/11-80x100.png 80w\" sizes=\"auto, (max-width: 1080px) 100vw, 1080px\" \/><\/figure>\n<\/div>\n\n\n\n<div class=\"wp-block-column is-layout-flow wp-block-column-is-layout-flow\">\n<figure class=\"wp-block-image size-full\"><img loading=\"lazy\" decoding=\"async\" width=\"1080\" height=\"1350\" src=\"https:\/\/www.sgb-fss.ch\/content\/uploads\/12.png\" alt=\"\" class=\"wp-image-40894\" srcset=\"https:\/\/www.sgb-fss.ch\/content\/uploads\/12.png 1080w, https:\/\/www.sgb-fss.ch\/content\/uploads\/12-300x375.png 300w, https:\/\/www.sgb-fss.ch\/content\/uploads\/12-1024x1280.png 1024w, https:\/\/www.sgb-fss.ch\/content\/uploads\/12-150x188.png 150w, https:\/\/www.sgb-fss.ch\/content\/uploads\/12-768x960.png 768w, https:\/\/www.sgb-fss.ch\/content\/uploads\/12-80x100.png 80w\" sizes=\"auto, (max-width: 1080px) 100vw, 1080px\" \/><\/figure>\n<\/div>\n<\/div>\n\n\n\n<h3 class=\"wp-block-heading\" id=\"zitat-6\">Zitat 6<\/h3>\n\n\n\n<div class=\"wp-block-columns is-layout-flex wp-container-core-columns-is-layout-9d6595d7 wp-block-columns-is-layout-flex\">\n<div class=\"wp-block-column is-layout-flow wp-block-column-is-layout-flow\">\n<figure class=\"wp-block-image size-full\"><img loading=\"lazy\" decoding=\"async\" width=\"1080\" height=\"1350\" src=\"https:\/\/www.sgb-fss.ch\/content\/uploads\/9.png\" alt=\"\" class=\"wp-image-40885\" srcset=\"https:\/\/www.sgb-fss.ch\/content\/uploads\/9.png 1080w, https:\/\/www.sgb-fss.ch\/content\/uploads\/9-300x375.png 300w, https:\/\/www.sgb-fss.ch\/content\/uploads\/9-1024x1280.png 1024w, https:\/\/www.sgb-fss.ch\/content\/uploads\/9-150x188.png 150w, https:\/\/www.sgb-fss.ch\/content\/uploads\/9-768x960.png 768w, https:\/\/www.sgb-fss.ch\/content\/uploads\/9-80x100.png 80w\" sizes=\"auto, (max-width: 1080px) 100vw, 1080px\" \/><\/figure>\n<\/div>\n\n\n\n<div class=\"wp-block-column is-layout-flow wp-block-column-is-layout-flow\">\n<figure class=\"wp-block-image size-full\"><img loading=\"lazy\" decoding=\"async\" width=\"1080\" height=\"1350\" src=\"https:\/\/www.sgb-fss.ch\/content\/uploads\/10.png\" alt=\"\" class=\"wp-image-40888\" srcset=\"https:\/\/www.sgb-fss.ch\/content\/uploads\/10.png 1080w, https:\/\/www.sgb-fss.ch\/content\/uploads\/10-300x375.png 300w, https:\/\/www.sgb-fss.ch\/content\/uploads\/10-1024x1280.png 1024w, https:\/\/www.sgb-fss.ch\/content\/uploads\/10-150x188.png 150w, https:\/\/www.sgb-fss.ch\/content\/uploads\/10-768x960.png 768w, https:\/\/www.sgb-fss.ch\/content\/uploads\/10-80x100.png 80w\" sizes=\"auto, (max-width: 1080px) 100vw, 1080px\" \/><\/figure>\n<\/div>\n<\/div>\n\n\n\n<h3 class=\"wp-block-heading\" id=\"zitat-7\">Zitat 7<\/h3>\n\n\n\n<div class=\"wp-block-columns is-layout-flex wp-container-core-columns-is-layout-9d6595d7 wp-block-columns-is-layout-flex\">\n<div class=\"wp-block-column is-layout-flow wp-block-column-is-layout-flow\">\n<figure class=\"wp-block-image size-full\"><img loading=\"lazy\" decoding=\"async\" width=\"1080\" height=\"1350\" src=\"https:\/\/www.sgb-fss.ch\/content\/uploads\/15.png\" alt=\"\" class=\"wp-image-40903\" srcset=\"https:\/\/www.sgb-fss.ch\/content\/uploads\/15.png 1080w, https:\/\/www.sgb-fss.ch\/content\/uploads\/15-300x375.png 300w, https:\/\/www.sgb-fss.ch\/content\/uploads\/15-1024x1280.png 1024w, https:\/\/www.sgb-fss.ch\/content\/uploads\/15-150x188.png 150w, https:\/\/www.sgb-fss.ch\/content\/uploads\/15-768x960.png 768w, https:\/\/www.sgb-fss.ch\/content\/uploads\/15-80x100.png 80w\" sizes=\"auto, (max-width: 1080px) 100vw, 1080px\" \/><\/figure>\n<\/div>\n\n\n\n<div class=\"wp-block-column is-layout-flow wp-block-column-is-layout-flow\">\n<figure class=\"wp-block-image size-full\"><img loading=\"lazy\" decoding=\"async\" width=\"1080\" height=\"1350\" src=\"https:\/\/www.sgb-fss.ch\/content\/uploads\/16.png\" alt=\"\" class=\"wp-image-40906\" srcset=\"https:\/\/www.sgb-fss.ch\/content\/uploads\/16.png 1080w, https:\/\/www.sgb-fss.ch\/content\/uploads\/16-300x375.png 300w, https:\/\/www.sgb-fss.ch\/content\/uploads\/16-1024x1280.png 1024w, https:\/\/www.sgb-fss.ch\/content\/uploads\/16-150x188.png 150w, https:\/\/www.sgb-fss.ch\/content\/uploads\/16-768x960.png 768w, https:\/\/www.sgb-fss.ch\/content\/uploads\/16-80x100.png 80w\" sizes=\"auto, (max-width: 1080px) 100vw, 1080px\" \/><\/figure>\n<\/div>\n<\/div>\n\n\n\n<p><\/p>\n","protected":false},"excerpt":{"rendered":"<p>Was h\u00f6rende Mitarbeitende \u00fcber ihre geh\u00f6rlosen und h\u00f6rbehinderten Kolleg*innen sagen. Zitat 1 Zitat 2 [&hellip;]<\/p>\n","protected":false},"author":81,"featured_media":0,"parent":0,"menu_order":0,"comment_status":"closed","ping_status":"closed","template":"","meta":{"_acf_changed":false,"inline_featured_image":false,"footnotes":""},"class_list":["post-40791","page","type-page","status-publish","hentry"],"acf":[],"yoast_head":"<!-- This site is optimized with the Yoast SEO plugin v27.4 - https:\/\/yoast.com\/product\/yoast-seo-wordpress\/ -->\n<title>Inklusion am Arbeitsplatz - SGB-FSS<\/title>\n<meta name=\"robots\" content=\"index, follow, max-snippet:-1, max-image-preview:large, max-video-preview:-1\" \/>\n<link rel=\"canonical\" href=\"https:\/\/www.sgb-fss.ch\/de\/inklusion-am-arbeitsplatz\/\" \/>\n<meta property=\"og:locale\" content=\"de_DE\" \/>\n<meta property=\"og:type\" content=\"article\" \/>\n<meta property=\"og:title\" content=\"Inklusion am Arbeitsplatz - SGB-FSS\" \/>\n<meta property=\"og:description\" content=\"Was h\u00f6rende Mitarbeitende \u00fcber ihre geh\u00f6rlosen und h\u00f6rbehinderten Kolleg*innen sagen. Zitat 1 Zitat 2 [&hellip;]\" \/>\n<meta property=\"og:url\" content=\"https:\/\/www.sgb-fss.ch\/de\/inklusion-am-arbeitsplatz\/\" \/>\n<meta property=\"og:site_name\" content=\"SGB-FSS\" \/>\n<meta property=\"article:modified_time\" content=\"2025-09-28T14:36:23+00:00\" \/>\n<meta property=\"og:image\" content=\"https:\/\/www.sgb-fss.ch\/content\/uploads\/portrait_ma_1_1.png\" \/>\n\t<meta property=\"og:image:width\" content=\"884\" \/>\n\t<meta property=\"og:image:height\" content=\"1105\" \/>\n\t<meta property=\"og:image:type\" content=\"image\/png\" \/>\n<meta name=\"twitter:card\" content=\"summary_large_image\" \/>\n<meta name=\"twitter:label1\" content=\"Gesch\u00e4tzte Lesezeit\" \/>\n\t<meta name=\"twitter:data1\" content=\"3\u00a0Minuten\" \/>\n<script type=\"application\/ld+json\" class=\"yoast-schema-graph\">{\"@context\":\"https:\\\/\\\/schema.org\",\"@graph\":[{\"@type\":\"WebPage\",\"@id\":\"https:\\\/\\\/www.sgb-fss.ch\\\/de\\\/inklusion-am-arbeitsplatz\\\/\",\"url\":\"https:\\\/\\\/www.sgb-fss.ch\\\/de\\\/inklusion-am-arbeitsplatz\\\/\",\"name\":\"Inklusion am Arbeitsplatz - SGB-FSS\",\"isPartOf\":{\"@id\":\"https:\\\/\\\/www.sgb-fss.ch\\\/de\\\/#website\"},\"primaryImageOfPage\":{\"@id\":\"https:\\\/\\\/www.sgb-fss.ch\\\/de\\\/inklusion-am-arbeitsplatz\\\/#primaryimage\"},\"image\":{\"@id\":\"https:\\\/\\\/www.sgb-fss.ch\\\/de\\\/inklusion-am-arbeitsplatz\\\/#primaryimage\"},\"thumbnailUrl\":\"https:\\\/\\\/www.sgb-fss.ch\\\/content\\\/uploads\\\/portrait_ma_1_1.png\",\"datePublished\":\"2025-09-23T09:06:21+00:00\",\"dateModified\":\"2025-09-28T14:36:23+00:00\",\"breadcrumb\":{\"@id\":\"https:\\\/\\\/www.sgb-fss.ch\\\/de\\\/inklusion-am-arbeitsplatz\\\/#breadcrumb\"},\"inLanguage\":\"de\",\"potentialAction\":[{\"@type\":\"ReadAction\",\"target\":[\"https:\\\/\\\/www.sgb-fss.ch\\\/de\\\/inklusion-am-arbeitsplatz\\\/\"]}]},{\"@type\":\"ImageObject\",\"inLanguage\":\"de\",\"@id\":\"https:\\\/\\\/www.sgb-fss.ch\\\/de\\\/inklusion-am-arbeitsplatz\\\/#primaryimage\",\"url\":\"https:\\\/\\\/www.sgb-fss.ch\\\/content\\\/uploads\\\/portrait_ma_1_1.png\",\"contentUrl\":\"https:\\\/\\\/www.sgb-fss.ch\\\/content\\\/uploads\\\/portrait_ma_1_1.png\"},{\"@type\":\"BreadcrumbList\",\"@id\":\"https:\\\/\\\/www.sgb-fss.ch\\\/de\\\/inklusion-am-arbeitsplatz\\\/#breadcrumb\",\"itemListElement\":[{\"@type\":\"ListItem\",\"position\":1,\"name\":\"Home\",\"item\":\"https:\\\/\\\/www.sgb-fss.ch\\\/de\\\/\"},{\"@type\":\"ListItem\",\"position\":2,\"name\":\"Inklusion am Arbeitsplatz\"}]},{\"@type\":\"WebSite\",\"@id\":\"https:\\\/\\\/www.sgb-fss.ch\\\/de\\\/#website\",\"url\":\"https:\\\/\\\/www.sgb-fss.ch\\\/de\\\/\",\"name\":\"SGB-FSS\",\"description\":\"\",\"potentialAction\":[{\"@type\":\"SearchAction\",\"target\":{\"@type\":\"EntryPoint\",\"urlTemplate\":\"https:\\\/\\\/www.sgb-fss.ch\\\/de\\\/?s={search_term_string}\"},\"query-input\":{\"@type\":\"PropertyValueSpecification\",\"valueRequired\":true,\"valueName\":\"search_term_string\"}}],\"inLanguage\":\"de\"}]}<\/script>\n<!-- \/ Yoast SEO plugin. -->","yoast_head_json":{"title":"Inklusion am Arbeitsplatz - SGB-FSS","robots":{"index":"index","follow":"follow","max-snippet":"max-snippet:-1","max-image-preview":"max-image-preview:large","max-video-preview":"max-video-preview:-1"},"canonical":"https:\/\/www.sgb-fss.ch\/de\/inklusion-am-arbeitsplatz\/","og_locale":"de_DE","og_type":"article","og_title":"Inklusion am Arbeitsplatz - SGB-FSS","og_description":"Was h\u00f6rende Mitarbeitende \u00fcber ihre geh\u00f6rlosen und h\u00f6rbehinderten Kolleg*innen sagen. Zitat 1 Zitat 2 [&hellip;]","og_url":"https:\/\/www.sgb-fss.ch\/de\/inklusion-am-arbeitsplatz\/","og_site_name":"SGB-FSS","article_modified_time":"2025-09-28T14:36:23+00:00","og_image":[{"width":884,"height":1105,"url":"https:\/\/www.sgb-fss.ch\/content\/uploads\/portrait_ma_1_1.png","type":"image\/png"}],"twitter_card":"summary_large_image","twitter_misc":{"Gesch\u00e4tzte Lesezeit":"3\u00a0Minuten"},"schema":{"@context":"https:\/\/schema.org","@graph":[{"@type":"WebPage","@id":"https:\/\/www.sgb-fss.ch\/de\/inklusion-am-arbeitsplatz\/","url":"https:\/\/www.sgb-fss.ch\/de\/inklusion-am-arbeitsplatz\/","name":"Inklusion am Arbeitsplatz - SGB-FSS","isPartOf":{"@id":"https:\/\/www.sgb-fss.ch\/de\/#website"},"primaryImageOfPage":{"@id":"https:\/\/www.sgb-fss.ch\/de\/inklusion-am-arbeitsplatz\/#primaryimage"},"image":{"@id":"https:\/\/www.sgb-fss.ch\/de\/inklusion-am-arbeitsplatz\/#primaryimage"},"thumbnailUrl":"https:\/\/www.sgb-fss.ch\/content\/uploads\/portrait_ma_1_1.png","datePublished":"2025-09-23T09:06:21+00:00","dateModified":"2025-09-28T14:36:23+00:00","breadcrumb":{"@id":"https:\/\/www.sgb-fss.ch\/de\/inklusion-am-arbeitsplatz\/#breadcrumb"},"inLanguage":"de","potentialAction":[{"@type":"ReadAction","target":["https:\/\/www.sgb-fss.ch\/de\/inklusion-am-arbeitsplatz\/"]}]},{"@type":"ImageObject","inLanguage":"de","@id":"https:\/\/www.sgb-fss.ch\/de\/inklusion-am-arbeitsplatz\/#primaryimage","url":"https:\/\/www.sgb-fss.ch\/content\/uploads\/portrait_ma_1_1.png","contentUrl":"https:\/\/www.sgb-fss.ch\/content\/uploads\/portrait_ma_1_1.png"},{"@type":"BreadcrumbList","@id":"https:\/\/www.sgb-fss.ch\/de\/inklusion-am-arbeitsplatz\/#breadcrumb","itemListElement":[{"@type":"ListItem","position":1,"name":"Home","item":"https:\/\/www.sgb-fss.ch\/de\/"},{"@type":"ListItem","position":2,"name":"Inklusion am Arbeitsplatz"}]},{"@type":"WebSite","@id":"https:\/\/www.sgb-fss.ch\/de\/#website","url":"https:\/\/www.sgb-fss.ch\/de\/","name":"SGB-FSS","description":"","potentialAction":[{"@type":"SearchAction","target":{"@type":"EntryPoint","urlTemplate":"https:\/\/www.sgb-fss.ch\/de\/?s={search_term_string}"},"query-input":{"@type":"PropertyValueSpecification","valueRequired":true,"valueName":"search_term_string"}}],"inLanguage":"de"}]}},"_links":{"self":[{"href":"https:\/\/www.sgb-fss.ch\/de\/wp-json\/wp\/v2\/pages\/40791","targetHints":{"allow":["GET"]}}],"collection":[{"href":"https:\/\/www.sgb-fss.ch\/de\/wp-json\/wp\/v2\/pages"}],"about":[{"href":"https:\/\/www.sgb-fss.ch\/de\/wp-json\/wp\/v2\/types\/page"}],"author":[{"embeddable":true,"href":"https:\/\/www.sgb-fss.ch\/de\/wp-json\/wp\/v2\/users\/81"}],"replies":[{"embeddable":true,"href":"https:\/\/www.sgb-fss.ch\/de\/wp-json\/wp\/v2\/comments?post=40791"}],"version-history":[{"count":11,"href":"https:\/\/www.sgb-fss.ch\/de\/wp-json\/wp\/v2\/pages\/40791\/revisions"}],"predecessor-version":[{"id":40924,"href":"https:\/\/www.sgb-fss.ch\/de\/wp-json\/wp\/v2\/pages\/40791\/revisions\/40924"}],"wp:attachment":[{"href":"https:\/\/www.sgb-fss.ch\/de\/wp-json\/wp\/v2\/media?parent=40791"}],"curies":[{"name":"wp","href":"https:\/\/api.w.org\/{rel}","templated":true}]}}