{"id":34811,"date":"2024-09-09T14:29:08","date_gmt":"2024-09-09T12:29:08","guid":{"rendered":"https:\/\/www.sgb-fss.ch\/?page_id=34811"},"modified":"2025-09-28T19:27:53","modified_gmt":"2025-09-28T17:27:53","slug":"tag-der-gebaerdensprachen","status":"publish","type":"page","link":"https:\/\/www.sgb-fss.ch\/de\/aktuell\/tag-der-gebaerdensprachen\/","title":{"rendered":"Tag der Geb\u00e4rdensprachen"},"content":{"rendered":"\n<p class=\"is-style-lead\">Am 23. September 2025 feiern wir den Internationalen Tag der Geb\u00e4rdensprachen. Helfe den Geb\u00e4rdensprachen mehr Sichtbarkeit zu geben.<\/p>\n\n\n\n<p>Zugleich findet vom 22. bis 28. September die \u00ab<a href=\"#wdeaf\">Woche der geh\u00f6rlosen Menschen<\/a>\u00bb. Du darfst dich auch spannende Inhalte freuen.<\/p>\n\n\n\n<h2 class=\"wp-block-heading\">Hier findest du<\/h2>\n\n\n\n<ul class=\"wp-block-list\">\n<li><a href=\"#events\">Geplante Veranstaltungen und Aktivit\u00e4ten<\/a><\/li>\n<\/ul>\n\n\n\n<ul class=\"wp-block-list\">\n<li><a href=\"#quiz\">Quiz, Challenges und vieles mehr<\/a><\/li>\n<\/ul>\n\n\n\n<ul class=\"wp-block-list\">\n<li><a href=\"#info\">Infos und Wissenswertens<\/a><\/li>\n<\/ul>\n\n\n\n<ul class=\"wp-block-list\">\n<li><a href=\"#faq\">FAQ&#8217;s<\/a><\/li>\n<\/ul>\n\n\n\n<ul class=\"wp-block-list\">\n<li><a href=\"#wdeaf\">Woche der geh\u00f6rlosen Menschen<\/a><\/li>\n<\/ul>\n\n\n\n<figure class=\"wp-block-embed is-type-video is-provider-youtube wp-block-embed-youtube wp-embed-aspect-16-9 wp-has-aspect-ratio\"><div class=\"wp-block-embed__wrapper\">\n<iframe loading=\"lazy\" title=\"Tag der Geb\u00e4rdensprachen 2025\" width=\"500\" height=\"281\" src=\"https:\/\/www.youtube.com\/embed\/ClufEaMAbLM?feature=oembed\" frameborder=\"0\" allow=\"accelerometer; autoplay; clipboard-write; encrypted-media; gyroscope; picture-in-picture; web-share\" referrerpolicy=\"strict-origin-when-cross-origin\" allowfullscreen><\/iframe>\n<\/div><\/figure>\n\n\n\n<div class=\"wp-block-group is-layout-constrained wp-block-group-is-layout-constrained\">\n<figure class=\"wp-block-image size-large\"><img loading=\"lazy\" decoding=\"async\" width=\"1024\" height=\"577\" src=\"https:\/\/www.sgb-fss.ch\/content\/uploads\/slider-tag-der-gebardensprache-2025-2-d-1024x577.jpg\" alt=\"Tag der Geb\u00e4rdensprachen 2025 - Woche der geh\u00f6rlosen Menschen 2025\" class=\"wp-image-39515\" srcset=\"https:\/\/www.sgb-fss.ch\/content\/uploads\/slider-tag-der-gebardensprache-2025-2-d-1024x577.jpg 1024w, https:\/\/www.sgb-fss.ch\/content\/uploads\/slider-tag-der-gebardensprache-2025-2-d-300x169.jpg 300w, https:\/\/www.sgb-fss.ch\/content\/uploads\/slider-tag-der-gebardensprache-2025-2-d-150x85.jpg 150w, https:\/\/www.sgb-fss.ch\/content\/uploads\/slider-tag-der-gebardensprache-2025-2-d-768x433.jpg 768w, https:\/\/www.sgb-fss.ch\/content\/uploads\/slider-tag-der-gebardensprache-2025-2-d-1536x865.jpg 1536w, https:\/\/www.sgb-fss.ch\/content\/uploads\/slider-tag-der-gebardensprache-2025-2-d-178x100.jpg 178w, https:\/\/www.sgb-fss.ch\/content\/uploads\/slider-tag-der-gebardensprache-2025-2-d.jpg 1594w\" sizes=\"auto, (max-width: 1024px) 100vw, 1024px\" \/><\/figure>\n<\/div>\n\n\n\n<div class=\"wp-block-group is-layout-constrained wp-block-group-is-layout-constrained\"><\/div>\n\n\n\n<div class=\"wp-block-group has-sgb-fss-blue-30-background-color has-background is-layout-constrained wp-block-group-is-layout-constrained\">\n<h2 class=\"wp-block-heading is-style-default\" id=\"events\"><strong><strong>Aktivit\u00e4ten und Veranstaltungen<\/strong><\/strong> 2025<\/h2>\n\n\n\n<div class=\"wp-block-columns is-layout-flex wp-container-core-columns-is-layout-9d6595d7 wp-block-columns-is-layout-flex\">\n<div class=\"wp-block-column is-layout-flow wp-block-column-is-layout-flow\">\n<figure class=\"wp-block-image size-full\"><img loading=\"lazy\" decoding=\"async\" width=\"2560\" height=\"1715\" src=\"https:\/\/www.sgb-fss.ch\/content\/uploads\/2024\/04\/digitalkurs-scaled.jpg\" alt=\"\" class=\"wp-image-33412\" srcset=\"https:\/\/www.sgb-fss.ch\/content\/uploads\/2024\/04\/digitalkurs-scaled.jpg 2560w, https:\/\/www.sgb-fss.ch\/content\/uploads\/2024\/04\/digitalkurs-300x201.jpg 300w, https:\/\/www.sgb-fss.ch\/content\/uploads\/2024\/04\/digitalkurs-1024x686.jpg 1024w, https:\/\/www.sgb-fss.ch\/content\/uploads\/2024\/04\/digitalkurs-150x101.jpg 150w, https:\/\/www.sgb-fss.ch\/content\/uploads\/2024\/04\/digitalkurs-768x515.jpg 768w, https:\/\/www.sgb-fss.ch\/content\/uploads\/2024\/04\/digitalkurs-1536x1029.jpg 1536w, https:\/\/www.sgb-fss.ch\/content\/uploads\/2024\/04\/digitalkurs-2048x1372.jpg 2048w, https:\/\/www.sgb-fss.ch\/content\/uploads\/2024\/04\/digitalkurs-149x100.jpg 149w\" sizes=\"auto, (max-width: 2560px) 100vw, 2560px\" \/><\/figure>\n\n\n\n<p>23. September 2025<br><strong><a href=\"https:\/\/www.sgb-fss.ch\/de\/agenda\/vortrag-inklusion-am-arbeitsplatz\/\">Vortrag: Inklusion am Arbeitsplatz<\/a><\/strong><br>Erleben Sie einen inspirierenden Vortrag zum Thema Inklusion am Arbeitsplatz \u2013 mit konkreten Einblicken, wie Vielfalt am Arbeitsplatz gelebt werden kann. Erfahren Sie, warum Inklusion kein Extra, sondern ein Erfolgsfaktor f\u00fcr alle ist!<\/p>\n<\/div>\n\n\n\n<div class=\"wp-block-column is-layout-flow wp-block-column-is-layout-flow\">\n<figure class=\"wp-block-image size-large\"><a href=\"https:\/\/227b311a2c6c49598d0ddee0c49c9525.elf.site\/#calendar-227b311a-2c6c-4959-8d0d-dee0c49c9525-event-d64729d7-a21e-4cc6-8330-8bb037a58647\" target=\"_blank\" rel=\" noreferrer noopener\"><img loading=\"lazy\" decoding=\"async\" width=\"1024\" height=\"1024\" src=\"https:\/\/www.sgb-fss.ch\/content\/uploads\/9_mc_gebaerdensprache-1024x1024.jpg\" alt=\"\" class=\"wp-image-40018\" srcset=\"https:\/\/www.sgb-fss.ch\/content\/uploads\/9_mc_gebaerdensprache-1024x1024.jpg 1024w, https:\/\/www.sgb-fss.ch\/content\/uploads\/9_mc_gebaerdensprache-300x300.jpg 300w, https:\/\/www.sgb-fss.ch\/content\/uploads\/9_mc_gebaerdensprache-150x150.jpg 150w, https:\/\/www.sgb-fss.ch\/content\/uploads\/9_mc_gebaerdensprache-768x768.jpg 768w, https:\/\/www.sgb-fss.ch\/content\/uploads\/9_mc_gebaerdensprache-1536x1536.jpg 1536w, https:\/\/www.sgb-fss.ch\/content\/uploads\/9_mc_gebaerdensprache-2048x2048.jpg 2048w, https:\/\/www.sgb-fss.ch\/content\/uploads\/9_mc_gebaerdensprache-100x100.jpg 100w\" sizes=\"auto, (max-width: 1024px) 100vw, 1024px\" \/><\/a><\/figure>\n\n\n\n<p>24. September 2025<br><strong><a href=\"https:\/\/227b311a2c6c49598d0ddee0c49c9525.elf.site\/#calendar-227b311a-2c6c-4959-8d0d-dee0c49c9525-event-d64729d7-a21e-4cc6-8330-8bb037a58647\" target=\"_blank\" rel=\"noreferrer noopener\">Monatsclub Basel<\/a><\/strong><br>Der Geh\u00f6rlosen F\u00fcrsorgeverein der Region Basel organisiert eine Treffen f\u00fcr die Entwicklung neuer Geb\u00e4rden bekannter Geb\u00e4ude und Orte in Basel. Mit gemeinsamen Grill, Spielen und Snacks.<\/p>\n<\/div>\n\n\n\n<div class=\"wp-block-column is-layout-flow wp-block-column-is-layout-flow\">\n<figure class=\"wp-block-image size-large\"><a href=\"https:\/\/iggh.ch\/agenda\/compagnie-edelweiss\/\" target=\"_blank\" rel=\" noreferrer noopener\"><img loading=\"lazy\" decoding=\"async\" width=\"1024\" height=\"1000\" src=\"https:\/\/www.sgb-fss.ch\/content\/uploads\/cie-edelweiss-1030x1006-1-1024x1000.jpg\" alt=\"\" class=\"wp-image-39626\" srcset=\"https:\/\/www.sgb-fss.ch\/content\/uploads\/cie-edelweiss-1030x1006-1-1024x1000.jpg 1024w, https:\/\/www.sgb-fss.ch\/content\/uploads\/cie-edelweiss-1030x1006-1-300x293.jpg 300w, https:\/\/www.sgb-fss.ch\/content\/uploads\/cie-edelweiss-1030x1006-1-150x147.jpg 150w, https:\/\/www.sgb-fss.ch\/content\/uploads\/cie-edelweiss-1030x1006-1-768x750.jpg 768w, https:\/\/www.sgb-fss.ch\/content\/uploads\/cie-edelweiss-1030x1006-1-102x100.jpg 102w, https:\/\/www.sgb-fss.ch\/content\/uploads\/cie-edelweiss-1030x1006-1.jpg 1030w\" sizes=\"auto, (max-width: 1024px) 100vw, 1024px\" \/><\/a><\/figure>\n\n\n\n<p>24. September 2025<br><strong><a href=\"https:\/\/iggh.ch\/agenda\/compagnie-edelweiss\/\" target=\"_blank\" rel=\"noreferrer noopener\">Compagnie Th\u00e9\u00e2trale Edelweiss: In\u00e9vitable \/ Unvermeidlich<\/a><\/strong><br>ein ber\u00fchrendes Theaterst\u00fcck \u00fcber Erinnerungen, Freundschaft und die Auswirkungen des Zweiten Weltkriegs in der neutralen Schweiz. Yvonne blickt zur\u00fcck auf ihr Leben, ihre Liebe und die Menschen, die sie gepr\u00e4gt haben. In LSF.<\/p>\n<\/div>\n<\/div>\n\n\n\n<div class=\"wp-block-columns is-layout-flex wp-container-core-columns-is-layout-9d6595d7 wp-block-columns-is-layout-flex\">\n<div class=\"wp-block-column is-layout-flow wp-block-column-is-layout-flow\">\n<figure class=\"wp-block-image size-large\"><img loading=\"lazy\" decoding=\"async\" width=\"1024\" height=\"1364\" src=\"https:\/\/www.sgb-fss.ch\/content\/uploads\/shared-image-2-1024x1364.jpg\" alt=\"\" class=\"wp-image-39439\" style=\"aspect-ratio:1;object-fit:cover\" srcset=\"https:\/\/www.sgb-fss.ch\/content\/uploads\/shared-image-2-1024x1364.jpg 1024w, https:\/\/www.sgb-fss.ch\/content\/uploads\/shared-image-2-300x400.jpg 300w, https:\/\/www.sgb-fss.ch\/content\/uploads\/shared-image-2-150x200.jpg 150w, https:\/\/www.sgb-fss.ch\/content\/uploads\/shared-image-2-768x1023.jpg 768w, https:\/\/www.sgb-fss.ch\/content\/uploads\/shared-image-2-1153x1536.jpg 1153w, https:\/\/www.sgb-fss.ch\/content\/uploads\/shared-image-2-1538x2048.jpg 1538w, https:\/\/www.sgb-fss.ch\/content\/uploads\/shared-image-2-75x100.jpg 75w, https:\/\/www.sgb-fss.ch\/content\/uploads\/shared-image-2.jpg 1736w\" sizes=\"auto, (max-width: 1024px) 100vw, 1024px\" \/><\/figure>\n\n\n\n<p>23. September 2025<br><a href=\"https:\/\/www.sgb-fss.ch\/de\/agenda\/gehoerlosenbund-erleben\/\"><strong>Geh\u00f6rlosenbund Erleben<\/strong><br><\/a>Einblick in die Arbeit des Schweizerischen Geh\u00f6rlosenbundes \u2013 Kaffee, erlebbare Stationen, gef\u00fchrter Rundgang und Vortrag.<br><br><\/p>\n<\/div>\n\n\n\n<div class=\"wp-block-column is-layout-flow wp-block-column-is-layout-flow\">\n<figure class=\"wp-block-image size-full\"><img loading=\"lazy\" decoding=\"async\" width=\"356\" height=\"421\" src=\"https:\/\/www.sgb-fss.ch\/content\/uploads\/procom_event.png\" alt=\"\" class=\"wp-image-40699\" srcset=\"https:\/\/www.sgb-fss.ch\/content\/uploads\/procom_event.png 356w, https:\/\/www.sgb-fss.ch\/content\/uploads\/procom_event-300x355.png 300w, https:\/\/www.sgb-fss.ch\/content\/uploads\/procom_event-150x177.png 150w, https:\/\/www.sgb-fss.ch\/content\/uploads\/procom_event-85x100.png 85w\" sizes=\"auto, (max-width: 356px) 100vw, 356px\" \/><\/figure>\n\n\n\n<p>25. September 2025<br><strong><a href=\"https:\/\/www.instagram.com\/p\/DOqCzDkDb89\/\" target=\"_blank\" rel=\"noreferrer noopener\">Sehen, was gesprochen wird<\/a><\/strong><br>Erfahre mehr \u00fcber die &#8222;Hearview&#8220; Brille! Ab 17 Uhr im PROCOM-B\u00fcro Olten, mit Rolf Lannica. Jetzt anmelden: media@procom.ch<\/p>\n<\/div>\n\n\n\n<div class=\"wp-block-column is-layout-flow wp-block-column-is-layout-flow\">\n<figure class=\"wp-block-image size-large\"><img loading=\"lazy\" decoding=\"async\" width=\"1024\" height=\"538\" src=\"https:\/\/www.sgb-fss.ch\/content\/uploads\/brille_untertitel_futuro_prossimo-1024x538.jpg\" alt=\"\" class=\"wp-image-39617\" srcset=\"https:\/\/www.sgb-fss.ch\/content\/uploads\/brille_untertitel_futuro_prossimo-1024x538.jpg 1024w, https:\/\/www.sgb-fss.ch\/content\/uploads\/brille_untertitel_futuro_prossimo-300x158.jpg 300w, https:\/\/www.sgb-fss.ch\/content\/uploads\/brille_untertitel_futuro_prossimo-150x79.jpg 150w, https:\/\/www.sgb-fss.ch\/content\/uploads\/brille_untertitel_futuro_prossimo-768x403.jpg 768w, https:\/\/www.sgb-fss.ch\/content\/uploads\/brille_untertitel_futuro_prossimo-190x100.jpg 190w, https:\/\/www.sgb-fss.ch\/content\/uploads\/brille_untertitel_futuro_prossimo.jpg 1200w\" sizes=\"auto, (max-width: 1024px) 100vw, 1024px\" \/><\/figure>\n\n\n\n<p>26. September 2025<br><strong><a href=\"https:\/\/sichtbar-gehoerlose.ch\/26-28-sept-grosses-gehoerlosenzentrum-fest\/\" target=\"_blank\" rel=\"noreferrer noopener\">KOFO \u00abNeue Untertitel-Brille \u2013<br>Chancen und Risiken?\u00bb<\/a><\/strong><br>Referat: Alexandre Thi\u00e9baud, AVISO AG<br>Anschliessend Podiumsgespr\u00e4ch mit<br>G\u00e4sten. Moderation: Joel Toggenburger<br>(mit Geb\u00e4rdensprach dolmetschen)<\/p>\n<\/div>\n<\/div>\n\n\n\n<div class=\"wp-block-columns is-layout-flex wp-container-core-columns-is-layout-9d6595d7 wp-block-columns-is-layout-flex\">\n<div class=\"wp-block-column is-layout-flow wp-block-column-is-layout-flow\">\n<figure class=\"wp-block-image size-full\"><img loading=\"lazy\" decoding=\"async\" width=\"1030\" height=\"579\" src=\"https:\/\/www.sgb-fss.ch\/content\/uploads\/der-natur-zuhoeren_1-1-1030x579-1.jpg\" alt=\"\" class=\"wp-image-39623\" srcset=\"https:\/\/www.sgb-fss.ch\/content\/uploads\/der-natur-zuhoeren_1-1-1030x579-1.jpg 1030w, https:\/\/www.sgb-fss.ch\/content\/uploads\/der-natur-zuhoeren_1-1-1030x579-1-300x169.jpg 300w, https:\/\/www.sgb-fss.ch\/content\/uploads\/der-natur-zuhoeren_1-1-1030x579-1-1024x576.jpg 1024w, https:\/\/www.sgb-fss.ch\/content\/uploads\/der-natur-zuhoeren_1-1-1030x579-1-150x84.jpg 150w, https:\/\/www.sgb-fss.ch\/content\/uploads\/der-natur-zuhoeren_1-1-1030x579-1-768x432.jpg 768w, https:\/\/www.sgb-fss.ch\/content\/uploads\/der-natur-zuhoeren_1-1-1030x579-1-178x100.jpg 178w\" sizes=\"auto, (max-width: 1030px) 100vw, 1030px\" \/><\/figure>\n\n\n\n<p>26. September 2025<br><strong><a href=\"https:\/\/iggh.ch\/agenda\/stausee-niederried\/\" target=\"_blank\" rel=\"noreferrer noopener\">Kinopremi\u00e8re: Der Natur zuh\u00f6ren \u2013 Stausee Niederried<\/a><\/strong><br>Ein Dokumentarfilm von Hassan und Axel Lakhdar \u00fcber die Sch\u00f6nheit und Bedeutung der Natur \u2013 und dar\u00fcber wie wertvoll das F\u00fchlen, Riechen, Sehen und Sp\u00fcren ist. Mit Podiums- und Publikumsgespr\u00e4ch.<\/p>\n<\/div>\n\n\n\n<div class=\"wp-block-column is-layout-flow wp-block-column-is-layout-flow\">\n<figure class=\"wp-block-image size-full\"><img loading=\"lazy\" decoding=\"async\" width=\"1959\" height=\"1102\" src=\"https:\/\/www.sgb-fss.ch\/content\/uploads\/bb_glz_fest.jpg\" alt=\"\" class=\"wp-image-39620\" srcset=\"https:\/\/www.sgb-fss.ch\/content\/uploads\/bb_glz_fest.jpg 1959w, https:\/\/www.sgb-fss.ch\/content\/uploads\/bb_glz_fest-300x169.jpg 300w, https:\/\/www.sgb-fss.ch\/content\/uploads\/bb_glz_fest-1024x576.jpg 1024w, https:\/\/www.sgb-fss.ch\/content\/uploads\/bb_glz_fest-150x84.jpg 150w, https:\/\/www.sgb-fss.ch\/content\/uploads\/bb_glz_fest-768x432.jpg 768w, https:\/\/www.sgb-fss.ch\/content\/uploads\/bb_glz_fest-1536x864.jpg 1536w, https:\/\/www.sgb-fss.ch\/content\/uploads\/bb_glz_fest-178x100.jpg 178w\" sizes=\"auto, (max-width: 1959px) 100vw, 1959px\" \/><\/figure>\n\n\n\n<p>26. &#8211; 28. September 2025<br><strong><a href=\"https:\/\/sichtbar-gehoerlose.ch\/agenda\/gehoerlosenzentrum-fest\/\" target=\"_blank\" rel=\"noreferrer noopener\">Geh\u00f6rlosenzentrum-Fest<\/a><\/strong><br>Dich erwartet ein Wochenende mit Begegnungen, spannenden Diskussionen, kreativen Workshops, einem Kinder und Familienprogramm, Kunst, Kultur \u2013 und ganz viel Gemeinschaft!<br>Sei dabei \u2013 entdecke, erlebe und vernetze dich!<\/p>\n<\/div>\n\n\n\n<div class=\"wp-block-column is-layout-flow wp-block-column-is-layout-flow\">\n<figure class=\"wp-block-image size-large\"><img loading=\"lazy\" decoding=\"async\" width=\"1024\" height=\"683\" src=\"https:\/\/www.sgb-fss.ch\/content\/uploads\/2024\/09\/srftgs-1024x683.jpg\" alt=\"\" class=\"wp-image-35181\" srcset=\"https:\/\/www.sgb-fss.ch\/content\/uploads\/2024\/09\/srftgs-1024x683.jpg 1024w, https:\/\/www.sgb-fss.ch\/content\/uploads\/2024\/09\/srftgs-300x200.jpg 300w, https:\/\/www.sgb-fss.ch\/content\/uploads\/2024\/09\/srftgs-150x100.jpg 150w, https:\/\/www.sgb-fss.ch\/content\/uploads\/2024\/09\/srftgs-768x512.jpg 768w, https:\/\/www.sgb-fss.ch\/content\/uploads\/2024\/09\/srftgs-1536x1024.jpg 1536w, https:\/\/www.sgb-fss.ch\/content\/uploads\/2024\/09\/srftgs.jpg 1680w\" sizes=\"auto, (max-width: 1024px) 100vw, 1024px\" \/><\/figure>\n\n\n\n<p>22. &#8211; 28. September 2025<br><strong><a href=\"https:\/\/www.srf.ch\/play\/tv\/themen\/gebaerdensprache\" target=\"_blank\" rel=\"noreferrer noopener\">Programm beim SRF<\/a><\/strong><br>Verfolge die aktuellen Informationen im Fernseher.<\/p>\n<\/div>\n<\/div>\n<\/div>\n\n\n\n<div class=\"wp-block-group is-layout-constrained wp-block-group-is-layout-constrained\">\n<div class=\"wp-block-group is-layout-constrained wp-block-group-is-layout-constrained\">\n<h2 class=\"wp-block-heading is-style-blue has-sgb-fss-blue-color has-text-color\" id=\"quiz\"><strong>Mache mit &#8211; Am Tag der Geb\u00e4rdensprachen<\/strong><\/h2>\n<\/div>\n\n\n\n<div class=\"wp-block-columns is-layout-flex wp-container-core-columns-is-layout-9d6595d7 wp-block-columns-is-layout-flex\">\n<div class=\"wp-block-column is-layout-flow wp-block-column-is-layout-flow\">\n<figure class=\"wp-block-image size-large is-resized\"><a href=\"https:\/\/www.sgb-fss.ch\/de\/aktuell\/qsm_quiz\/quiz-tdgs-2025\/\"><img loading=\"lazy\" decoding=\"async\" width=\"1024\" height=\"576\" src=\"https:\/\/www.sgb-fss.ch\/content\/uploads\/2023\/09\/quiz-1024x576.jpg\" alt=\"Quiz\" class=\"wp-image-25114\" style=\"width:324px;height:182px\" srcset=\"https:\/\/www.sgb-fss.ch\/content\/uploads\/2023\/09\/quiz-1024x576.jpg 1024w, https:\/\/www.sgb-fss.ch\/content\/uploads\/2023\/09\/quiz-300x169.jpg 300w, https:\/\/www.sgb-fss.ch\/content\/uploads\/2023\/09\/quiz-150x84.jpg 150w, https:\/\/www.sgb-fss.ch\/content\/uploads\/2023\/09\/quiz-768x432.jpg 768w, https:\/\/www.sgb-fss.ch\/content\/uploads\/2023\/09\/quiz-178x100.jpg 178w, https:\/\/www.sgb-fss.ch\/content\/uploads\/2023\/09\/quiz-600x337.jpg 600w, https:\/\/www.sgb-fss.ch\/content\/uploads\/2023\/09\/quiz.jpg 1332w\" sizes=\"auto, (max-width: 1024px) 100vw, 1024px\" \/><\/a><\/figure>\n\n\n\n<p><strong><a href=\"https:\/\/www.sgb-fss.ch\/de\/aktuell\/qsm_quiz\/quiz-tdgs-2025\/\">Quiz: Teste dein Wissen?<\/a><\/strong><br><a href=\"https:\/\/www.instagram.com\/reel\/CxNhfkJM668\/?utm_source=ig_web_copy_link&amp;igshid=MzRlODBiNWFlZA%3D%3D\" target=\"_blank\" rel=\"noreferrer noopener\"><\/a>Mache mit beim Quiz zum Thema Arbeit. Mit etwas Gl\u00fcck gewinnst du einen von drei Geb\u00e4rdensprachkursen im Wert von CHF 249.<\/p>\n<\/div>\n\n\n\n<div class=\"wp-block-column is-layout-flow wp-block-column-is-layout-flow\">\n<figure class=\"wp-block-image size-large\"><a href=\"https:\/\/www.sgb-fss.ch\/de\/gleiche-chancen-und-rechte\/\"><img loading=\"lazy\" decoding=\"async\" width=\"1024\" height=\"572\" src=\"https:\/\/www.sgb-fss.ch\/content\/uploads\/r-solidaritaetsaufruf_16-9_de-2-1024x572.jpg\" alt=\"\" class=\"wp-image-40295\" srcset=\"https:\/\/www.sgb-fss.ch\/content\/uploads\/r-solidaritaetsaufruf_16-9_de-2-1024x572.jpg 1024w, https:\/\/www.sgb-fss.ch\/content\/uploads\/r-solidaritaetsaufruf_16-9_de-2-300x167.jpg 300w, https:\/\/www.sgb-fss.ch\/content\/uploads\/r-solidaritaetsaufruf_16-9_de-2-150x84.jpg 150w, https:\/\/www.sgb-fss.ch\/content\/uploads\/r-solidaritaetsaufruf_16-9_de-2-768x429.jpg 768w, https:\/\/www.sgb-fss.ch\/content\/uploads\/r-solidaritaetsaufruf_16-9_de-2-1536x857.jpg 1536w, https:\/\/www.sgb-fss.ch\/content\/uploads\/r-solidaritaetsaufruf_16-9_de-2-2048x1143.jpg 2048w, https:\/\/www.sgb-fss.ch\/content\/uploads\/r-solidaritaetsaufruf_16-9_de-2-179x100.jpg 179w\" sizes=\"auto, (max-width: 1024px) 100vw, 1024px\" \/><\/a><\/figure>\n\n\n\n<p><a href=\"https:\/\/www.sgb-fss.ch\/de\/gleiche-chancen-und-rechte\/\"><strong>Unterst\u00fctze den Solidarit\u00e4tsaufruf!<\/strong><br><\/a>In der Schweiz leben 20 000\u201330 000 geh\u00f6rlose und \u00fcber eine Million h\u00f6rbehinderte Menschen \u2013 und noch immer werden sie oft ausgeschlossen. Setze jetzt ein Zeichen!<\/p>\n<\/div>\n<\/div>\n\n\n\n<div class=\"wp-block-columns is-layout-flex wp-container-core-columns-is-layout-9d6595d7 wp-block-columns-is-layout-flex\">\n<div class=\"wp-block-column is-layout-flow wp-block-column-is-layout-flow\">\n<figure class=\"wp-block-image size-full is-resized\"><a href=\"https:\/\/www.sgb-fss.ch\/de\/spenden\/jetzt-spenden\/\"><img loading=\"lazy\" decoding=\"async\" width=\"1024\" height=\"576\" src=\"https:\/\/www.sgb-fss.ch\/content\/uploads\/2024\/08\/spenden_tdgs_1014x576.jpg\" alt=\"\" class=\"wp-image-34876\" style=\"width:324px;height:182px\" srcset=\"https:\/\/www.sgb-fss.ch\/content\/uploads\/2024\/08\/spenden_tdgs_1014x576.jpg 1024w, https:\/\/www.sgb-fss.ch\/content\/uploads\/2024\/08\/spenden_tdgs_1014x576-300x169.jpg 300w, https:\/\/www.sgb-fss.ch\/content\/uploads\/2024\/08\/spenden_tdgs_1014x576-150x84.jpg 150w, https:\/\/www.sgb-fss.ch\/content\/uploads\/2024\/08\/spenden_tdgs_1014x576-768x432.jpg 768w, https:\/\/www.sgb-fss.ch\/content\/uploads\/2024\/08\/spenden_tdgs_1014x576-178x100.jpg 178w\" sizes=\"auto, (max-width: 1024px) 100vw, 1024px\" \/><\/a><\/figure>\n\n\n\n<p><strong><strong><strong><strong><a href=\"https:\/\/www.sgb-fss.ch\/de\/spenden\/jetzt-spenden\/\">Spende f\u00fcr die F\u00f6rderung der Geb\u00e4rdensprachen<\/a><\/strong><\/strong><\/strong><\/strong><br><a href=\"https:\/\/www.sgb-fss.ch\/de\/spenden\/\"><\/a>Geb\u00e4rdensprachen sind entscheidend f\u00fcr die Sprachentwicklung von Kindern und die Inklusion. Spende jetzt, um Barrieren abzubauen.&nbsp;<\/p>\n<\/div>\n\n\n\n<div class=\"wp-block-column is-layout-flow wp-block-column-is-layout-flow\">\n<figure class=\"wp-block-image size-full\"><img loading=\"lazy\" decoding=\"async\" width=\"740\" height=\"418\" src=\"https:\/\/www.sgb-fss.ch\/content\/uploads\/in-ordnung-emoji-challenge.jpg\" alt=\"\" class=\"wp-image-40718\" srcset=\"https:\/\/www.sgb-fss.ch\/content\/uploads\/in-ordnung-emoji-challenge.jpg 740w, https:\/\/www.sgb-fss.ch\/content\/uploads\/in-ordnung-emoji-challenge-300x169.jpg 300w, https:\/\/www.sgb-fss.ch\/content\/uploads\/in-ordnung-emoji-challenge-150x85.jpg 150w, https:\/\/www.sgb-fss.ch\/content\/uploads\/in-ordnung-emoji-challenge-177x100.jpg 177w\" sizes=\"auto, (max-width: 740px) 100vw, 740px\" \/><\/figure>\n\n\n\n<p><strong><a href=\"https:\/\/www.instagram.com\/reel\/DOyuRDCDQxI\/?utm_source=ig_web_copy_link&amp;igsh=MzRlODBiNWFlZA==\" target=\"_blank\" rel=\"noreferrer noopener\">Emoji Challenge<\/a><\/strong><br>Schick uns bis 23. September auf Instagram ein Video zu deinem Lieblingsemoji. Die drei Gewinner:innen erhalten CHF 200. <a href=\"https:\/\/www.instagram.com\/reel\/DOyuRDCDQxI\/?utm_source=ig_web_copy_link&amp;igsh=MzRlODBiNWFlZA==\" target=\"_blank\" rel=\"noreferrer noopener\">Details im Insta-Post<\/a>.<\/p>\n<\/div>\n<\/div>\n\n\n\n<div class=\"wp-block-columns is-layout-flex wp-container-core-columns-is-layout-9d6595d7 wp-block-columns-is-layout-flex\">\n<div class=\"wp-block-column is-layout-flow wp-block-column-is-layout-flow\">\n<figure class=\"wp-block-image size-full is-resized\"><a href=\"https:\/\/www.instagram.com\/_signall\/\" target=\"_blank\" rel=\"noreferrer noopener\"><img loading=\"lazy\" decoding=\"async\" width=\"1024\" height=\"576\" src=\"https:\/\/www.sgb-fss.ch\/content\/uploads\/2024\/08\/logo_signall_1025x576.jpg\" alt=\"\" class=\"wp-image-34872\" style=\"width:324px;height:182px\" srcset=\"https:\/\/www.sgb-fss.ch\/content\/uploads\/2024\/08\/logo_signall_1025x576.jpg 1024w, https:\/\/www.sgb-fss.ch\/content\/uploads\/2024\/08\/logo_signall_1025x576-300x169.jpg 300w, https:\/\/www.sgb-fss.ch\/content\/uploads\/2024\/08\/logo_signall_1025x576-150x84.jpg 150w, https:\/\/www.sgb-fss.ch\/content\/uploads\/2024\/08\/logo_signall_1025x576-768x432.jpg 768w, https:\/\/www.sgb-fss.ch\/content\/uploads\/2024\/08\/logo_signall_1025x576-178x100.jpg 178w\" sizes=\"auto, (max-width: 1024px) 100vw, 1024px\" \/><\/a><\/figure>\n\n\n\n<p><strong><a href=\"https:\/\/www.instagram.com\/_signall\/\" target=\"_blank\" rel=\"noreferrer noopener\">Folge uns auf signALL<\/a><br><\/strong>Setze ein Zeichen f\u00fcr die Inklusion von geh\u00f6rlosen und h\u00f6rbehinderten Menschen und folge dem Kanal <a href=\"https:\/\/www.instagram.com\/_signALL\/\"><strong>signALL<\/strong><\/a>.<strong> <\/strong>Du findest spannende Inhalte rund um die Themen Geh\u00f6rlosigkeit und Geb\u00e4rdensprache.&nbsp;<\/p>\n<\/div>\n\n\n\n<div class=\"wp-block-column is-layout-flow wp-block-column-is-layout-flow\">\n<figure class=\"wp-block-image size-large is-resized\"><a href=\"https:\/\/www.instagram.com\/sgb_fss\/\" target=\"_blank\" rel=\"noreferrer noopener\"><img loading=\"lazy\" decoding=\"async\" width=\"1024\" height=\"576\" src=\"https:\/\/www.sgb-fss.ch\/content\/uploads\/2023\/09\/instagram-1024x576.jpg\" alt=\"\" class=\"wp-image-25119\" style=\"width:324px;height:182px\" srcset=\"https:\/\/www.sgb-fss.ch\/content\/uploads\/2023\/09\/instagram-1024x576.jpg 1024w, https:\/\/www.sgb-fss.ch\/content\/uploads\/2023\/09\/instagram-300x169.jpg 300w, https:\/\/www.sgb-fss.ch\/content\/uploads\/2023\/09\/instagram-150x84.jpg 150w, https:\/\/www.sgb-fss.ch\/content\/uploads\/2023\/09\/instagram-768x432.jpg 768w, https:\/\/www.sgb-fss.ch\/content\/uploads\/2023\/09\/instagram-1536x863.jpg 1536w, https:\/\/www.sgb-fss.ch\/content\/uploads\/2023\/09\/instagram-178x100.jpg 178w, https:\/\/www.sgb-fss.ch\/content\/uploads\/2023\/09\/instagram-600x337.jpg 600w, https:\/\/www.sgb-fss.ch\/content\/uploads\/2023\/09\/instagram.jpg 1633w\" sizes=\"auto, (max-width: 1024px) 100vw, 1024px\" \/><\/a><\/figure>\n\n\n\n<p><strong><a href=\"https:\/\/www.instagram.com\/sgb_fss\/\">Lass dich auf Social Med<\/a><a href=\"https:\/\/www.instagram.com\/sgb_fss\/\" target=\"_blank\" rel=\"noreferrer noopener\">ia inspirieren<\/a><\/strong><br>Folge uns auf Social Media und Erfahre was gerade so l\u00e4uft: <br><strong><a href=\"https:\/\/www.instagram.com\/sgb_fss\/\" target=\"_blank\" rel=\"noreferrer noopener\">sgb_fss<\/a><\/strong> (Instagram und Facebook), <br><a href=\"https:\/\/www.instagram.com\/_signALL\/\"><strong>sign<\/strong><\/a><strong><a href=\"https:\/\/www.instagram.com\/_signALL\/\" target=\"_blank\" rel=\"noreferrer noopener\">ALL<\/a><\/strong> (Instagram und Facebook), <strong><a href=\"https:\/\/www.linkedin.com\/company\/67502112\/admin\/dashboard\/\" target=\"_blank\" rel=\"noreferrer noopener\">Schweizerischer Geh\u00f6rlosenbun<\/a><\/strong><a href=\"https:\/\/www.linkedin.com\/company\/67502112\/admin\/dashboard\/\"><strong>d<\/strong><\/a> auf LinkedIn<\/p>\n<\/div>\n<\/div>\n\n\n\n<h2 class=\"wp-block-heading has-pflaume-color has-text-color has-link-color wp-elements-b63beb3060cf59afa96a775b162328fc\" id=\"info\">Das solltest du wissen<\/h2>\n\n\n\n<div class=\"wp-block-columns is-layout-flex wp-container-core-columns-is-layout-9d6595d7 wp-block-columns-is-layout-flex\">\n<div class=\"wp-block-column is-layout-flow wp-block-column-is-layout-flow\">\n<figure class=\"wp-block-image size-large\"><a href=\"\/\/www.sgb-fss.ch\/content\/uploads\/2024\/09\/gebardensprache-in-fakten-d.pdf\" target=\"_blank\" rel=\"noreferrer noopener\"><img loading=\"lazy\" decoding=\"async\" width=\"1024\" height=\"1448\" src=\"https:\/\/www.sgb-fss.ch\/content\/uploads\/2024\/09\/gebardensprache-in-fakten-d-1024x1448.jpg\" alt=\"\" class=\"wp-image-35101\" style=\"object-fit:cover\" srcset=\"https:\/\/www.sgb-fss.ch\/content\/uploads\/2024\/09\/gebardensprache-in-fakten-d-1024x1448.jpg 1024w, https:\/\/www.sgb-fss.ch\/content\/uploads\/2024\/09\/gebardensprache-in-fakten-d-300x424.jpg 300w, https:\/\/www.sgb-fss.ch\/content\/uploads\/2024\/09\/gebardensprache-in-fakten-d-150x212.jpg 150w, https:\/\/www.sgb-fss.ch\/content\/uploads\/2024\/09\/gebardensprache-in-fakten-d-768x1086.jpg 768w, https:\/\/www.sgb-fss.ch\/content\/uploads\/2024\/09\/gebardensprache-in-fakten-d-1087x1536.jpg 1087w, https:\/\/www.sgb-fss.ch\/content\/uploads\/2024\/09\/gebardensprache-in-fakten-d-71x100.jpg 71w, https:\/\/www.sgb-fss.ch\/content\/uploads\/2024\/09\/gebardensprache-in-fakten-d.jpg 1240w\" sizes=\"auto, (max-width: 1024px) 100vw, 1024px\" \/><\/a><\/figure>\n\n\n\n<p><strong><a href=\"https:\/\/www.sgb-fss.ch\/content\/uploads\/2024\/09\/gebardensprache-in-fakten-d.pdf\" target=\"_blank\" rel=\"noreferrer noopener\">Geb\u00e4rdensprachen in Fakten<\/a><\/strong><a href=\"http:\/\/chrome-extension:\/\/efaidnbmnnnibpcajpcglclefindmkaj\/https:\/\/www.sgb-fss.ch\/content\/uploads\/2024\/09\/gebardensprache-in-fakten-d.pdf\"><br><\/a>Das Factsheet bietet einen umfassenden \u00dcberblick \u00fcber die Bedeutung, Entwicklung und Anwendung von Geb\u00e4rdensprachen. Jetzt herunterladen und teilen.<\/p>\n<\/div>\n\n\n\n<div class=\"wp-block-column is-layout-flow wp-block-column-is-layout-flow\">\n<figure class=\"wp-block-image size-full\"><a href=\"https:\/\/www.sgb-fss.ch\/content\/uploads\/2024\/06\/gehorlosigkeit-in-zahlen-d.pdf\" target=\"_blank\" rel=\"noreferrer noopener\"><img loading=\"lazy\" decoding=\"async\" width=\"595\" height=\"841\" src=\"https:\/\/www.sgb-fss.ch\/content\/uploads\/2024\/06\/gehorlosigkeit-in-zahlen-d.jpg\" alt=\"\" class=\"wp-image-34158\" style=\"object-fit:cover\" srcset=\"https:\/\/www.sgb-fss.ch\/content\/uploads\/2024\/06\/gehorlosigkeit-in-zahlen-d.jpg 595w, https:\/\/www.sgb-fss.ch\/content\/uploads\/2024\/06\/gehorlosigkeit-in-zahlen-d-300x424.jpg 300w, https:\/\/www.sgb-fss.ch\/content\/uploads\/2024\/06\/gehorlosigkeit-in-zahlen-d-150x212.jpg 150w, https:\/\/www.sgb-fss.ch\/content\/uploads\/2024\/06\/gehorlosigkeit-in-zahlen-d-71x100.jpg 71w\" sizes=\"auto, (max-width: 595px) 100vw, 595px\" \/><\/a><\/figure>\n\n\n\n<p><strong><a href=\"https:\/\/www.sgb-fss.ch\/content\/uploads\/2024\/06\/gehorlosigkeit-in-zahlen-d.pdf\" target=\"_blank\" rel=\"noreferrer noopener\">Geh\u00f6rlosigkeit in Zahle<\/a><a href=\"http:\/\/chrome-extension:\/\/efaidnbmnnnibpcajpcglclefindmkaj\/https:\/\/www.sgb-fss.ch\/content\/uploads\/2024\/06\/gehorlosigkeit-in-zahlen-d.pdf\" target=\"_blank\" rel=\"noreferrer noopener\">n<\/a><br><\/strong>Das Factsheet beinhaltet Zahlen und Fakten rund um Geh\u00f6rlosigkeit. Du kannst es einfach herunterladen, ausdrucken und weiterverteilen.<\/p>\n<\/div>\n<\/div>\n\n\n\n<div class=\"wp-block-columns is-layout-flex wp-container-core-columns-is-layout-9d6595d7 wp-block-columns-is-layout-flex\">\n<div class=\"wp-block-column is-layout-flow wp-block-column-is-layout-flow\">\n<figure class=\"wp-block-image size-full is-resized\"><a href=\"https:\/\/rise.articulate.com\/share\/xI3z985NFjp6wGncaOk-2GmiBFogNRFd#\/\" target=\"_blank\" rel=\"noreferrer noopener\"><img loading=\"lazy\" decoding=\"async\" width=\"1080\" height=\"609\" src=\"https:\/\/www.sgb-fss.ch\/content\/uploads\/2024\/09\/digitalkurs_slider_homepage-1080x0-c-default.jpg\" alt=\"\" class=\"wp-image-35050\" style=\"width:326px;height:184px\" srcset=\"https:\/\/www.sgb-fss.ch\/content\/uploads\/2024\/09\/digitalkurs_slider_homepage-1080x0-c-default.jpg 1080w, https:\/\/www.sgb-fss.ch\/content\/uploads\/2024\/09\/digitalkurs_slider_homepage-1080x0-c-default-300x169.jpg 300w, https:\/\/www.sgb-fss.ch\/content\/uploads\/2024\/09\/digitalkurs_slider_homepage-1080x0-c-default-1024x577.jpg 1024w, https:\/\/www.sgb-fss.ch\/content\/uploads\/2024\/09\/digitalkurs_slider_homepage-1080x0-c-default-150x85.jpg 150w, https:\/\/www.sgb-fss.ch\/content\/uploads\/2024\/09\/digitalkurs_slider_homepage-1080x0-c-default-768x433.jpg 768w, https:\/\/www.sgb-fss.ch\/content\/uploads\/2024\/09\/digitalkurs_slider_homepage-1080x0-c-default-177x100.jpg 177w\" sizes=\"auto, (max-width: 1080px) 100vw, 1080px\" \/><\/a><\/figure>\n\n\n\n<p><strong><a href=\"https:\/\/rise.articulate.com\/share\/xI3z985NFjp6wGncaOk-2GmiBFogNRFd\" target=\"_blank\" rel=\"noreferrer noopener\">Erweitere dein Wissen \u00fcber das Thema Geh\u00f6rlosigkeit<br><\/a><\/strong>M\u00f6chtest du mehr \u00fcber das Thema Geh\u00f6rlosigkeit wissen? Dann ist das interaktive und kurzweilige Lern-Tool genau das richtige f\u00fcr dich.&nbsp;<\/p>\n<\/div>\n\n\n\n<div class=\"wp-block-column is-layout-flow wp-block-column-is-layout-flow\">\n<figure class=\"wp-block-image size-full is-resized\"><a href=\"https:\/\/www.sgb-fss.ch\/de\/gebaerdensprachen\/gehoerlos-sein\/\"><img loading=\"lazy\" decoding=\"async\" width=\"2368\" height=\"1331\" src=\"https:\/\/www.sgb-fss.ch\/content\/uploads\/2023\/05\/kultur_gehoerlose-scaled-e1684155012474.jpg\" alt=\"\" class=\"wp-image-17027\" style=\"width:324px;height:182px\" srcset=\"https:\/\/www.sgb-fss.ch\/content\/uploads\/2023\/05\/kultur_gehoerlose-scaled-e1684155012474.jpg 2368w, https:\/\/www.sgb-fss.ch\/content\/uploads\/2023\/05\/kultur_gehoerlose-scaled-e1684155012474-300x169.jpg 300w, https:\/\/www.sgb-fss.ch\/content\/uploads\/2023\/05\/kultur_gehoerlose-scaled-e1684155012474-1024x576.jpg 1024w, https:\/\/www.sgb-fss.ch\/content\/uploads\/2023\/05\/kultur_gehoerlose-scaled-e1684155012474-150x84.jpg 150w, https:\/\/www.sgb-fss.ch\/content\/uploads\/2023\/05\/kultur_gehoerlose-scaled-e1684155012474-768x432.jpg 768w, https:\/\/www.sgb-fss.ch\/content\/uploads\/2023\/05\/kultur_gehoerlose-scaled-e1684155012474-1536x863.jpg 1536w, https:\/\/www.sgb-fss.ch\/content\/uploads\/2023\/05\/kultur_gehoerlose-scaled-e1684155012474-2048x1151.jpg 2048w, https:\/\/www.sgb-fss.ch\/content\/uploads\/2023\/05\/kultur_gehoerlose-scaled-e1684155012474-178x100.jpg 178w, https:\/\/www.sgb-fss.ch\/content\/uploads\/2023\/05\/kultur_gehoerlose-scaled-e1684155012474-600x337.jpg 600w\" sizes=\"auto, (max-width: 2368px) 100vw, 2368px\" \/><\/a><\/figure>\n\n\n\n<p><strong><a href=\"https:\/\/www.sgb-fss.ch\/de\/gebaerdensprachen\/gehoerlos-sein\/\">Erfahre, was es bedeutet, geh\u00f6rlos zu sein<\/a><\/strong><br>Geh\u00f6rlose Menschen leben eine offene und herzliche Kultur.&nbsp;Geh\u00f6rlose Menschen stossen in ihrem t\u00e4glichen Leben aber immer wieder auch auf Hindernisse.<\/p>\n<\/div>\n<\/div>\n<\/div>\n\n\n\n<div class=\"wp-block-group has-sgb-fss-blue-15-background-color has-background is-layout-constrained wp-block-group-is-layout-constrained\">\n<div class=\"wp-block-columns is-layout-flex wp-container-core-columns-is-layout-9d6595d7 wp-block-columns-is-layout-flex\">\n<div class=\"wp-block-column is-layout-flow wp-block-column-is-layout-flow\" style=\"flex-basis:100%\">\n<h2 class=\"wp-block-heading\" id=\"faq\">FAQ&#8217;s<\/h2>\n\n\n<div class=\"block-expandable\" data-init=\"expandable\" id=\"block_1f0472add50f14a4bb6c72ecb16c2cc7\" data-block=\"Ausklappmodul\">\n    <button class=\"block-expandable__trigger\" data-expandable=\"trigger\" aria-controls=\"block_1f0472add50f14a4bb6c72ecb16c2cc7--content\" aria-expanded=\"false\">\n     <p><span class=\"TextRun SCXW188350600 BCX0\" lang=\"DE-DE\" xml:lang=\"DE-DE\" data-contrast=\"auto\"><span class=\"NormalTextRun SCXW188350600 BCX0\">Was hat der Internationale Tag der Geb\u00e4rdensprachen f\u00fcr eine Bedeutung?<\/span><\/span><span class=\"EOP SCXW188350600 BCX0\" data-ccp-props=\"{&quot;201341983&quot;:0,&quot;335559739&quot;:160,&quot;335559740&quot;:279}\">\u00a0<\/span><\/p>\n\n      <i class=\"block-expandable__icon\"><\/i>\n    <\/button>\n    <div id=\"block_1f0472add50f14a4bb6c72ecb16c2cc7--content\" class=\"block-expandable__content\" data-expandable=\"content\" aria-hidden=\"true\">\n      <div>\n        \n\n<p>Der Tag der Geb\u00e4rdensprachen ist ein internationaler Aktionstag, der die Anerkennung und F\u00f6rderung der Geb\u00e4rdensprachen weltweit ins Zentrum stellt. Er betont die Rechte geh\u00f6rloser Menschen und die Bedeutung ihrer Sprachen als integraler Bestandteil der kulturellen und sprachlichen Vielfalt jedes Landes. Die politischen F\u00fchrer sollen aktiv eingebunden werden, um die Sichtbarkeit und Akzeptanz der Geb\u00e4rdensprachen zu st\u00e4rken und eine inklusive Gesellschaft zu f\u00f6rdern, in der geh\u00f6rlose und h\u00f6rbehinderte Menschen \u00fcberall geb\u00e4rden k\u00f6nnen.&nbsp;<\/p>\n\n\n      <\/div>\n    <\/div>\n<\/div>\n\n\n<div class=\"block-expandable\" data-init=\"expandable\" id=\"block_2c11dad4e403330229c9883e70a7c4c5\" data-block=\"Ausklappmodul\">\n    <button class=\"block-expandable__trigger\" data-expandable=\"trigger\" aria-controls=\"block_2c11dad4e403330229c9883e70a7c4c5--content\" aria-expanded=\"false\">\n     <p><span class=\"TextRun SCXW55483598 BCX0\" lang=\"DE-DE\" xml:lang=\"DE-DE\" data-contrast=\"auto\"><span class=\"NormalTextRun SCXW55483598 BCX0\">Seit wann gibt es den Internationalen Tag der Geb\u00e4rdensprachen?<\/span><\/span><span class=\"EOP SCXW55483598 BCX0\" data-ccp-props=\"{&quot;201341983&quot;:0,&quot;335559739&quot;:160,&quot;335559740&quot;:279}\">\u00a0<\/span><\/p>\n\n      <i class=\"block-expandable__icon\"><\/i>\n    <\/button>\n    <div id=\"block_2c11dad4e403330229c9883e70a7c4c5--content\" class=\"block-expandable__content\" data-expandable=\"content\" aria-hidden=\"true\">\n      <div>\n        \n\n<p>Der Internationale Tag der Geb\u00e4rdensprachen wurde 1951 vom Weltverband der Geh\u00f6rlosen (<a href=\"https:\/\/wfdeaf.org\/\" target=\"_blank\" rel=\"noreferrer noopener\">World Federation of the Deaf<\/a> &#8211; WFD) ins Leben gerufen. Die vereinten Nationen haben den internationalen Tag der Geb\u00e4rdensprachen offiziell ab dem 2018 ausgerufen (<a href=\"https:\/\/documents.un.org\/doc\/undoc\/gen\/n17\/455\/12\/pdf\/n1745512.pdf\" target=\"_blank\" rel=\"noreferrer noopener\">UN Resolution 2017<\/a>).&nbsp;<\/p>\n\n\n      <\/div>\n    <\/div>\n<\/div>\n\n\n<div class=\"block-expandable\" data-init=\"expandable\" id=\"block_fb640131fc5bb7d34389066e3a00d7db\" data-block=\"Ausklappmodul\">\n    <button class=\"block-expandable__trigger\" data-expandable=\"trigger\" aria-controls=\"block_fb640131fc5bb7d34389066e3a00d7db--content\" aria-expanded=\"false\">\n     <p><span class=\"TextRun SCXW158507740 BCX0\" lang=\"DE-DE\" xml:lang=\"DE-DE\" data-contrast=\"auto\"><span class=\"NormalTextRun SCXW158507740 BCX0\">Wann findet der Tag <\/span><span class=\"NormalTextRun SCXW158507740 BCX0\">der Geb\u00e4rdensprachen <\/span><span class=\"NormalTextRun SCXW158507740 BCX0\">im Jahr 2025 statt?<\/span><\/span><span class=\"EOP SCXW158507740 BCX0\" data-ccp-props=\"{&quot;201341983&quot;:0,&quot;335559739&quot;:160,&quot;335559740&quot;:279}\">\u00a0<\/span><\/p>\n\n      <i class=\"block-expandable__icon\"><\/i>\n    <\/button>\n    <div id=\"block_fb640131fc5bb7d34389066e3a00d7db--content\" class=\"block-expandable__content\" data-expandable=\"content\" aria-hidden=\"true\">\n      <div>\n        \n\n<p>Der Tag der Geb\u00e4rdensprachen findet j\u00e4hrlich am 23. September statt. Er ist immer Teil der Woche der Geh\u00f6rlosen, die im Jahr 2025 in der Kalenderwoche 39 ist.&nbsp;<\/p>\n\n\n      <\/div>\n    <\/div>\n<\/div>\n<\/div>\n<\/div>\n<\/div>\n\n\n\n<div class=\"wp-block-group has-sgb-fss-rot-15-background-color has-background is-layout-constrained wp-block-group-is-layout-constrained\">\n<h2 class=\"wp-block-heading is-style-default has-sgb-fss-rot-color has-text-color has-link-color wp-elements-6418ca22dd023a36875a093b188bcdbe\"><strong><strong>Geb\u00e4rdensprachen lernen<\/strong><\/strong><\/h2>\n\n\n\n<div class=\"wp-block-columns is-layout-flex wp-container-core-columns-is-layout-9d6595d7 wp-block-columns-is-layout-flex\">\n<div class=\"wp-block-column is-layout-flow wp-block-column-is-layout-flow\">\n<figure class=\"wp-block-image size-large\"><a href=\"https:\/\/signwise.ch\/\" target=\"_blank\" rel=\"noreferrer noopener\"><img loading=\"lazy\" decoding=\"async\" width=\"1024\" height=\"576\" src=\"https:\/\/www.sgb-fss.ch\/content\/uploads\/2023\/09\/logo-signwise-2-1024x576.jpg\" alt=\"\" class=\"wp-image-25131\" srcset=\"https:\/\/www.sgb-fss.ch\/content\/uploads\/2023\/09\/logo-signwise-2-1024x576.jpg 1024w, https:\/\/www.sgb-fss.ch\/content\/uploads\/2023\/09\/logo-signwise-2-300x169.jpg 300w, https:\/\/www.sgb-fss.ch\/content\/uploads\/2023\/09\/logo-signwise-2-150x84.jpg 150w, https:\/\/www.sgb-fss.ch\/content\/uploads\/2023\/09\/logo-signwise-2-768x432.jpg 768w, https:\/\/www.sgb-fss.ch\/content\/uploads\/2023\/09\/logo-signwise-2-1536x864.jpg 1536w, https:\/\/www.sgb-fss.ch\/content\/uploads\/2023\/09\/logo-signwise-2-2048x1152.jpg 2048w, https:\/\/www.sgb-fss.ch\/content\/uploads\/2023\/09\/logo-signwise-2-178x100.jpg 178w, https:\/\/www.sgb-fss.ch\/content\/uploads\/2023\/09\/logo-signwise-2-600x338.jpg 600w\" sizes=\"auto, (max-width: 1024px) 100vw, 1024px\" \/><\/a><\/figure>\n\n\n\n<p><strong><a href=\"https:\/\/signwise.ch\/\" target=\"_blank\" rel=\"noreferrer noopener\">signwise.ch<\/a><a href=\"https:\/\/sichtbar-gehoerlose.ch\/agenda\/tag-der-offenen-tueren\/\" target=\"_blank\" rel=\"noreferrer noopener\"><br><\/a><\/strong>M\u00f6chtest du die Deutschschweizerische Geb\u00e4rdensprache lernen? Mit signwise.ch kannst du ohne Wartezeit gleich loslegen und einen kostenlosen Startkurs beginnen.<\/p>\n<\/div>\n\n\n\n<div class=\"wp-block-column is-layout-flow wp-block-column-is-layout-flow\">\n<figure class=\"wp-block-image size-full\"><a href=\"https:\/\/www.sgb-fss.ch\/signsuisse\/\" target=\"_blank\" rel=\"noreferrer noopener\"><img loading=\"lazy\" decoding=\"async\" width=\"1468\" height=\"826\" src=\"https:\/\/www.sgb-fss.ch\/content\/uploads\/2024\/09\/gslexikon_d.jpg\" alt=\"\" class=\"wp-image-35196\" srcset=\"https:\/\/www.sgb-fss.ch\/content\/uploads\/2024\/09\/gslexikon_d.jpg 1468w, https:\/\/www.sgb-fss.ch\/content\/uploads\/2024\/09\/gslexikon_d-300x169.jpg 300w, https:\/\/www.sgb-fss.ch\/content\/uploads\/2024\/09\/gslexikon_d-1024x576.jpg 1024w, https:\/\/www.sgb-fss.ch\/content\/uploads\/2024\/09\/gslexikon_d-150x84.jpg 150w, https:\/\/www.sgb-fss.ch\/content\/uploads\/2024\/09\/gslexikon_d-768x432.jpg 768w, https:\/\/www.sgb-fss.ch\/content\/uploads\/2024\/09\/gslexikon_d-178x100.jpg 178w\" sizes=\"auto, (max-width: 1468px) 100vw, 1468px\" \/><\/a><\/figure>\n\n\n\n<p><strong><a href=\"https:\/\/www.sgb-fss.ch\/signsuisse\/\" target=\"_blank\" rel=\"noreferrer noopener\">Geb\u00e4rdensprache-Lexikon<\/a><\/strong><br>Mit rund 20&#8217;000 Geb\u00e4rden, ist das umfassende Lexikon auch f\u00fcr Experten und Dolmetschende das beste Nachschlagewerk. Finde gleich jetzt die Geb\u00e4rde, die du wissen m\u00f6chtest.<\/p>\n<\/div>\n<\/div>\n\n\n\n<div class=\"wp-block-columns is-layout-flex wp-container-core-columns-is-layout-9d6595d7 wp-block-columns-is-layout-flex\">\n<div class=\"wp-block-column is-layout-flow wp-block-column-is-layout-flow\">\n<figure class=\"wp-block-image size-large is-resized\"><a href=\"https:\/\/www.sgb-fss.ch\/de\/gebaerdensprachen\/fingeralphabet\/\"><img loading=\"lazy\" decoding=\"async\" width=\"1024\" height=\"1444\" src=\"https:\/\/www.sgb-fss.ch\/content\/uploads\/2024\/03\/image-1024x1444.jpeg\" alt=\"\" class=\"wp-image-33176\" style=\"width:325px;height:auto\" srcset=\"https:\/\/www.sgb-fss.ch\/content\/uploads\/2024\/03\/image-1024x1444.jpeg 1024w, https:\/\/www.sgb-fss.ch\/content\/uploads\/2024\/03\/image-300x423.jpeg 300w, https:\/\/www.sgb-fss.ch\/content\/uploads\/2024\/03\/image-150x211.jpeg 150w, https:\/\/www.sgb-fss.ch\/content\/uploads\/2024\/03\/image-768x1083.jpeg 768w, https:\/\/www.sgb-fss.ch\/content\/uploads\/2024\/03\/image-1090x1536.jpeg 1090w, https:\/\/www.sgb-fss.ch\/content\/uploads\/2024\/03\/image-71x100.jpeg 71w, https:\/\/www.sgb-fss.ch\/content\/uploads\/2024\/03\/image.jpeg 1240w\" sizes=\"auto, (max-width: 1024px) 100vw, 1024px\" \/><\/a><\/figure>\n\n\n\n<p><strong><a href=\"https:\/\/www.sgb-fss.ch\/de\/gebaerdensprachen\/fingeralphabet\/\">Fingeralphabet<\/a><\/strong><br>Du kannst nicht alle Geb\u00e4rden auswendig? Kein Problem. Mit dem Fingeralphabet kannst du alle Begriffe umschreiben.&nbsp;<\/p>\n<\/div>\n\n\n\n<div class=\"wp-block-column is-layout-flow wp-block-column-is-layout-flow\">\n<figure class=\"wp-block-image size-large\"><a href=\"https:\/\/www.deafliteracy.ch\" target=\"_blank\" rel=\"noreferrer noopener\"><img loading=\"lazy\" decoding=\"async\" width=\"1024\" height=\"576\" src=\"https:\/\/www.sgb-fss.ch\/content\/uploads\/2023\/04\/kartoffel-2-1024x576.jpg\" alt=\"\" class=\"wp-image-13911\" srcset=\"https:\/\/www.sgb-fss.ch\/content\/uploads\/2023\/04\/kartoffel-2-1024x576.jpg 1024w, https:\/\/www.sgb-fss.ch\/content\/uploads\/2023\/04\/kartoffel-2-300x169.jpg 300w, https:\/\/www.sgb-fss.ch\/content\/uploads\/2023\/04\/kartoffel-2-150x84.jpg 150w, https:\/\/www.sgb-fss.ch\/content\/uploads\/2023\/04\/kartoffel-2-768x432.jpg 768w, https:\/\/www.sgb-fss.ch\/content\/uploads\/2023\/04\/kartoffel-2-1536x864.jpg 1536w, https:\/\/www.sgb-fss.ch\/content\/uploads\/2023\/04\/kartoffel-2-178x100.jpg 178w, https:\/\/www.sgb-fss.ch\/content\/uploads\/2023\/04\/kartoffel-2-600x338.jpg 600w, https:\/\/www.sgb-fss.ch\/content\/uploads\/2023\/04\/kartoffel-2.jpg 1920w\" sizes=\"auto, (max-width: 1024px) 100vw, 1024px\" \/><\/a><\/figure>\n\n\n\n<p><strong><a href=\"https:\/\/www.deafliteracy.ch\" target=\"_blank\" rel=\"noreferrer noopener\">Kindergeschichten in Geb\u00e4rdensprache<br><\/a><\/strong>Auf der Plattform \u2039Read to deaf Kids\u203a findest du spannende Kinder-Geschichten in Geb\u00e4rdensprachen. Jetzt mehr erfahren.<br><\/p>\n<\/div>\n<\/div>\n<\/div>\n\n\n\n<div class=\"wp-block-group has-sgb-fss-blue-15-background-color has-background is-layout-constrained wp-block-group-is-layout-constrained\">\n<h2 class=\"wp-block-heading is-style-default\" id=\"wdeaf\"><strong><strong>Woche der geh\u00f6rlosen&nbsp;<\/strong><\/strong>Personen<\/h2>\n\n\n\n<p class=\"is-style-lead\">In der Woche der geh\u00f6rlosen Personen berichten wir auf Social Media \u00fcber verschiedene Themen. Folge uns auf <a href=\"https:\/\/www.instagram.com\/sgb_fss\/\" target=\"_blank\" rel=\"noreferrer noopener\">Instagram<\/a>, <a href=\"https:\/\/www.facebook.com\/sgbfss.ch\/\" target=\"_blank\" rel=\"noreferrer noopener\">Facebook <\/a>oder <a href=\"https:\/\/www.linkedin.com\/company\/67502112\/admin\/dashboard\/\" target=\"_blank\" rel=\"noreferrer noopener\">LinkedIn<\/a>, um mehr zu erfahren.&nbsp;<\/p>\n\n\n\n<h3 class=\"wp-block-heading\"><strong>Tag 1 \u2013 22. September<\/strong><\/h3>\n\n\n\n<ul class=\"wp-block-list\">\n<li><a href=\"https:\/\/www.youtube.com\/watch?v=ClufEaMAbLM\" target=\"_blank\" rel=\"noreferrer noopener\">Erfolge feiern und k\u00e4mpferisch in die Zukunft blicken<\/a><\/li>\n<\/ul>\n\n\n\n<ul class=\"wp-block-list\">\n<li>#Arbeit: <a href=\"https:\/\/www.sgb-fss.ch\/de\/inklusion-am-arbeitsplatz#zitat-1\">Zitat 1: H\u00f6rende Mitarbeitende \u00fcber ihre geh\u00f6rlosen Kolleg*innen<\/a><\/li>\n<\/ul>\n\n\n\n<h3 class=\"wp-block-heading\"><strong>Tag 2 \u2013 23. September<\/strong>&nbsp;&#8211; Tag der Geb\u00e4rdensprachen<\/h3>\n\n\n\n<ul class=\"wp-block-list\">\n<li><a href=\"https:\/\/www.youtube.com\/shorts\/8SIFSDrsGfM\" target=\"_blank\" rel=\"noreferrer noopener\">Visual Vernacular &#8211; Besondere Form des Ausdruckes in Geb\u00e4rdensprache<\/a><\/li>\n<\/ul>\n\n\n\n<ul class=\"wp-block-list\">\n<li><a href=\"https:\/\/www.instagram.com\/reel\/DO8hCGdjSGF\/?utm_source=ig_web_copy_link&amp;igsh=MzRlODBiNWFlZA==\" target=\"_blank\" rel=\"noreferrer noopener\">Botschaft von Nationalr\u00e4tin Gabriela Suter zum Tag der Geb\u00e4rdensprachen<\/a><\/li>\n<\/ul>\n\n\n\n<ul class=\"wp-block-list\">\n<li><a href=\"https:\/\/www.instagram.com\/reel\/DPGy2VMDaGl\/?utm_source=ig_web_copy_link&amp;igsh=MzRlODBiNWFlZA==\">Tag der Geb\u00e4rdensprachen in Genf<\/a><\/li>\n<\/ul>\n\n\n\n<ul class=\"wp-block-list\">\n<li>#Arbeit: <a href=\"https:\/\/www.sgb-fss.ch\/de\/inklusion-am-arbeitsplatz#zitat-2\">Zitat 2: H\u00f6rende Mitarbeitende \u00fcber ihre geh\u00f6rlosen Kolleg*innen<\/a><\/li>\n<\/ul>\n\n\n\n<h3 class=\"wp-block-heading\"><strong>Tag 3 \u2013 24. September<\/strong><\/h3>\n\n\n\n<ul class=\"wp-block-list\">\n<li>#Arbeit: <a href=\"https:\/\/youtube.com\/shorts\/Dt-VzEiBhug?feature=shared\">Erfahrungen im Arbeitsmarkt als geh\u00f6rlose Person &#8211; Ein Interview<\/a><\/li>\n<\/ul>\n\n\n\n<ul class=\"wp-block-list\">\n<li>#Arbeit: <a href=\"https:\/\/www.sgb-fss.ch\/de\/inklusion-am-arbeitsplatz#zitat-3\">Zitat 3: H\u00f6rende Mitarbeitende \u00fcber ihre geh\u00f6rlosen Kolleg*innen<\/a><\/li>\n<\/ul>\n\n\n\n<h3 class=\"wp-block-heading\"><strong>Tag 4 \u2013 25. September<\/strong><\/h3>\n\n\n\n<ul class=\"wp-block-list\">\n<li>#Arbeit: <a href=\"https:\/\/www.sgb-fss.ch\/content\/uploads\/kommunikation-bei-online-meetings-mit-gehoerlosen-und-hoerbehinderten-personen.pdf\" target=\"_blank\" rel=\"noreferrer noopener\">Tipps f\u00fcr Online Meetings (NEU!!!)<\/a><\/li>\n<\/ul>\n\n\n\n<ul class=\"wp-block-list\">\n<li>#Arbeit: <a href=\"https:\/\/www.sgb-fss.ch\/de\/inklusion-am-arbeitsplatz#zitat-4\">Zitat 4: H\u00f6rende Mitarbeitende \u00fcber ihre geh\u00f6rlosen Kolleg*innen<\/a><\/li>\n<\/ul>\n\n\n\n<h3 class=\"wp-block-heading\"><strong>Tag 5 \u2013 26. September<\/strong><\/h3>\n\n\n\n<ul class=\"wp-block-list\">\n<li><a href=\"https:\/\/www.youtube.com\/shorts\/F2dw_eMycrs\" target=\"_blank\" rel=\"noreferrer noopener\">Geb\u00e4rdenname: Wenn sich h\u00f6rende Personen selbst einen Geb\u00e4rdennamen geben<\/a><\/li>\n<\/ul>\n\n\n\n<ul class=\"wp-block-list\">\n<li>#Arbeit: <a href=\"https:\/\/www.sgb-fss.ch\/de\/inklusion-am-arbeitsplatz#zitat-5\">Zitat 5: H\u00f6rende Mitarbeitende \u00fcber ihre geh\u00f6rlosen Kolleg*innen<\/a><\/li>\n<\/ul>\n\n\n\n<ul class=\"wp-block-list\">\n<li>#Arbeit: <a href=\"https:\/\/www.sgb-fss.ch\/de\/downloads\/#arbeit\">Studie zur Arbeitsmarktsituation von geh\u00f6rlosen und h\u00f6rbehinderten Personen<\/a><\/li>\n<\/ul>\n\n\n\n<h3 class=\"wp-block-heading\"><strong>Tag 6 \u2013 27. September<\/strong><\/h3>\n\n\n\n<ul class=\"wp-block-list\">\n<li>#Arbeit: <a href=\"https:\/\/youtu.be\/CGNsflb98HU\" target=\"_blank\" rel=\"noreferrer noopener\">Coole Mitarbeiter gesucht?<\/a><\/li>\n<\/ul>\n\n\n\n<ul class=\"wp-block-list\">\n<li>#Arbeit: <a href=\"https:\/\/www.sgb-fss.ch\/de\/inklusion-am-arbeitsplatz#zitat-6\">Zitat 6: H\u00f6rende Mitarbeitende \u00fcber ihre geh\u00f6rlosen Kolleg*innen<\/a><\/li>\n<\/ul>\n\n\n\n<h3 class=\"wp-block-heading\"><strong>Tag 7 \u2013 28. September<\/strong><\/h3>\n\n\n\n<ul class=\"wp-block-list\">\n<li>#Arbeit: <a href=\"https:\/\/www.sgb-fss.ch\/de\/inklusion-am-arbeitsplatz#zitat-7\">Zitat 7: H\u00f6rende Mitarbeitende \u00fcber ihre geh\u00f6rlosen Kolleg*innen<\/a><\/li>\n<\/ul>\n\n\n\n<ul class=\"wp-block-list\">\n<li><a href=\"https:\/\/www.youtube.com\/watch?v=vIdXHILh4VE\">Schlusswort vom Pr\u00e4sidenten<\/a><\/li>\n<\/ul>\n<\/div>\n\n\n\n<p><\/p>\n\n\n\n<div class=\"wp-block-group has-schwarz-10-background-color has-background is-layout-constrained wp-block-group-is-layout-constrained\">\n<h2 class=\"wp-block-heading\">Bisherige Tage der Geb\u00e4rdensprachen<\/h2>\n\n\n\n<p><a href=\"https:\/\/www.sgb-fss.ch\/de\/aktuell\/tag-der-gebaerdensprachen-2024\/\">2024<\/a><\/p>\n\n\n\n<p><a href=\"https:\/\/www.sgb-fss.ch\/de\/aktuell\/idsl-international-day-of-sign-language-2023\/\">2023<\/a><\/p>\n<\/div>\n\n\n<div data-init=\"teaserdonate\" class=\"block block-teaserdonate block-teaserdonate--image accent__red\" id=\"block_d13f3f74fb608589f80ae26d5dcf3b08\" data-block=\"Teaser Donate\">\n        <div class=\"image block-teaserdonate__image\" >\n    <img decoding=\"async\"\n      loading=\"lazy\"\n      class=\"image__object lazyload\"\n      src=\"https:\/\/www.sgb-fss.ch\/content\/uploads\/2021\/04\/foem_beitragsbild-2-scaled-1440x0-c-default.jpg\"       data-sizes=\"auto\"\n      data-srcset=\"https:\/\/www.sgb-fss.ch\/content\/uploads\/2021\/04\/foem_beitragsbild-2-scaled-2880x0-c-default.jpg 2880w, https:\/\/www.sgb-fss.ch\/content\/uploads\/2021\/04\/foem_beitragsbild-2-scaled-2160x0-c-default.jpg 2160w, https:\/\/www.sgb-fss.ch\/content\/uploads\/2021\/04\/foem_beitragsbild-2-scaled-1440x0-c-default.jpg 1440w, https:\/\/www.sgb-fss.ch\/content\/uploads\/2021\/04\/foem_beitragsbild-2-scaled-1080x0-c-default.jpg 1080w, https:\/\/www.sgb-fss.ch\/content\/uploads\/2021\/04\/foem_beitragsbild-2-scaled-720x0-c-default.jpg 720w, \"\n      alt=\"\"\n      width=\"2560\"\n      height=\"1440\"\n            >\n  <\/div>\n    <div class=\"block-teaserdonate__content\">\n    <form data-teaserdonate=\"form\" class=\"block-teaserdonate__card\" action=\"https:\/\/www.sgb-fss.ch\/de\/spenden\/jetzt-spenden\/\" method=\"get\">\n      <div class=\"block-teaserdonate__card-text\">\n        <h2 class=\"headline-5\">Jetzt spenden<\/h2>        <p class=\"block-teaserdonate__lead\">Ich unterst\u00fctze die geh\u00f6rlosen Menschen der Schweiz mit folgender Spende:<\/p>      <\/div>\n              <ul class=\"block-teaserdonate__amounts\">\n                  <li class=\"block-teaserdonate__amount\">\n            <input type=\"radio\" name=\"rnw-amount\" id=\"block_d13f3f74fb608589f80ae26d5dcf3b08__30\" class=\"block-teaserdonate__checkbox\" value=\"30\" >\n\n            <label class=\"block-teaserdonate__amount-content\" for=\"block_d13f3f74fb608589f80ae26d5dcf3b08__30\">\n              <i class=\"block-teaserdonate__label\">CHF<\/i>\n              <p class=\"headline-3 block-teaserdonate__value\">30<\/p>\n            <\/label>\n          <\/li>\n                  <li class=\"block-teaserdonate__amount\">\n            <input type=\"radio\" name=\"rnw-amount\" id=\"block_d13f3f74fb608589f80ae26d5dcf3b08__60\" class=\"block-teaserdonate__checkbox\" value=\"60\" checked>\n\n            <label class=\"block-teaserdonate__amount-content\" for=\"block_d13f3f74fb608589f80ae26d5dcf3b08__60\">\n              <i class=\"block-teaserdonate__label\">CHF<\/i>\n              <p class=\"headline-3 block-teaserdonate__value\">60<\/p>\n            <\/label>\n          <\/li>\n                  <li class=\"block-teaserdonate__amount\">\n            <input type=\"radio\" name=\"rnw-amount\" id=\"block_d13f3f74fb608589f80ae26d5dcf3b08__120\" class=\"block-teaserdonate__checkbox\" value=\"120\" >\n\n            <label class=\"block-teaserdonate__amount-content\" for=\"block_d13f3f74fb608589f80ae26d5dcf3b08__120\">\n              <i class=\"block-teaserdonate__label\">CHF<\/i>\n              <p class=\"headline-3 block-teaserdonate__value\">120<\/p>\n            <\/label>\n          <\/li>\n                          <li class=\"block-teaserdonate__amount\">\n            <input data-teaserdonate=\"radio\" type=\"radio\" name=\"rnw-amount\" id=\"block_d13f3f74fb608589f80ae26d5dcf3b08__custom\" class=\"block-teaserdonate__checkbox\" value=\"?\">\n            <label for=\"block_d13f3f74fb608589f80ae26d5dcf3b08__custom\" class=\"block-teaserdonate__amount-content\">\n              <i class=\"block-teaserdonate__label\">CHF<\/i>\n              <input data-teaserdonate=\"custom\" class=\"headline-3 block-teaserdonate__value block-teaserdonate__value--custom\" type=\"number\"\/>\n            <\/label>\n          <\/li>\n                <\/ul>\n            <p class=\"has-text-align-center\"><button type=\"submit\" class=\"is-style-inverted\" id=\"spendenbox_button\">Jetzt spenden<\/button><\/p>          <\/form>\n  <\/div>\n<\/div>\n","protected":false},"excerpt":{"rendered":"<p>Am 23. September 2025 feiern wir den Internationalen Tag der Geb\u00e4rdensprachen. Helfe den Geb\u00e4rdensprachen [&hellip;]<\/p>\n","protected":false},"author":81,"featured_media":39515,"parent":19933,"menu_order":0,"comment_status":"closed","ping_status":"closed","template":"","meta":{"_acf_changed":false,"inline_featured_image":false,"footnotes":""},"class_list":["post-34811","page","type-page","status-publish","has-post-thumbnail","hentry"],"acf":[],"yoast_head":"<!-- This site is optimized with the Yoast SEO plugin v27.4 - https:\/\/yoast.com\/product\/yoast-seo-wordpress\/ -->\n<title>Tag der Geb\u00e4rdensprachen | Schweizerischer Geh\u00f6rlosenbund<\/title>\n<meta name=\"description\" content=\"Am 23.9.2025 ist der Tag der Geb\u00e4rdensprachen. Dieser Tag stellt die Anerkennung und F\u00f6rderung der Geb\u00e4rdensprachen weltweit ins Zentrum.\" \/>\n<meta name=\"robots\" content=\"index, follow, max-snippet:-1, max-image-preview:large, max-video-preview:-1\" \/>\n<link rel=\"canonical\" href=\"https:\/\/www.sgb-fss.ch\/de\/aktuell\/tag-der-gebaerdensprachen\/\" \/>\n<meta property=\"og:locale\" content=\"de_DE\" \/>\n<meta property=\"og:type\" content=\"article\" \/>\n<meta property=\"og:title\" content=\"Tag der Geb\u00e4rdensprachen | Schweizerischer Geh\u00f6rlosenbund\" \/>\n<meta property=\"og:description\" content=\"Am 23.9.2025 ist der Tag der Geb\u00e4rdensprachen. Dieser Tag stellt die Anerkennung und F\u00f6rderung der Geb\u00e4rdensprachen weltweit ins Zentrum.\" \/>\n<meta property=\"og:url\" content=\"https:\/\/www.sgb-fss.ch\/de\/aktuell\/tag-der-gebaerdensprachen\/\" \/>\n<meta property=\"og:site_name\" content=\"SGB-FSS\" \/>\n<meta property=\"article:modified_time\" content=\"2025-09-28T17:27:53+00:00\" \/>\n<meta property=\"og:image\" content=\"https:\/\/www.sgb-fss.ch\/content\/uploads\/slider-tag-der-gebardensprache-2025-2-d.jpg\" \/>\n\t<meta property=\"og:image:width\" content=\"1594\" \/>\n\t<meta property=\"og:image:height\" content=\"898\" \/>\n\t<meta property=\"og:image:type\" content=\"image\/jpeg\" \/>\n<meta name=\"twitter:card\" content=\"summary_large_image\" \/>\n<meta name=\"twitter:label1\" content=\"Gesch\u00e4tzte Lesezeit\" \/>\n\t<meta name=\"twitter:data1\" content=\"11\u00a0Minuten\" \/>\n<script type=\"application\/ld+json\" class=\"yoast-schema-graph\">{\"@context\":\"https:\\\/\\\/schema.org\",\"@graph\":[{\"@type\":\"WebPage\",\"@id\":\"https:\\\/\\\/www.sgb-fss.ch\\\/de\\\/aktuell\\\/tag-der-gebaerdensprachen\\\/\",\"url\":\"https:\\\/\\\/www.sgb-fss.ch\\\/de\\\/aktuell\\\/tag-der-gebaerdensprachen\\\/\",\"name\":\"Tag der Geb\u00e4rdensprachen | Schweizerischer Geh\u00f6rlosenbund\",\"isPartOf\":{\"@id\":\"https:\\\/\\\/www.sgb-fss.ch\\\/de\\\/#website\"},\"primaryImageOfPage\":{\"@id\":\"https:\\\/\\\/www.sgb-fss.ch\\\/de\\\/aktuell\\\/tag-der-gebaerdensprachen\\\/#primaryimage\"},\"image\":{\"@id\":\"https:\\\/\\\/www.sgb-fss.ch\\\/de\\\/aktuell\\\/tag-der-gebaerdensprachen\\\/#primaryimage\"},\"thumbnailUrl\":\"https:\\\/\\\/www.sgb-fss.ch\\\/content\\\/uploads\\\/slider-tag-der-gebardensprache-2025-2-d.jpg\",\"datePublished\":\"2024-09-09T12:29:08+00:00\",\"dateModified\":\"2025-09-28T17:27:53+00:00\",\"description\":\"Am 23.9.2025 ist der Tag der Geb\u00e4rdensprachen. Dieser Tag stellt die Anerkennung und F\u00f6rderung der Geb\u00e4rdensprachen weltweit ins Zentrum.\",\"breadcrumb\":{\"@id\":\"https:\\\/\\\/www.sgb-fss.ch\\\/de\\\/aktuell\\\/tag-der-gebaerdensprachen\\\/#breadcrumb\"},\"inLanguage\":\"de\",\"potentialAction\":[{\"@type\":\"ReadAction\",\"target\":[\"https:\\\/\\\/www.sgb-fss.ch\\\/de\\\/aktuell\\\/tag-der-gebaerdensprachen\\\/\"]}]},{\"@type\":\"ImageObject\",\"inLanguage\":\"de\",\"@id\":\"https:\\\/\\\/www.sgb-fss.ch\\\/de\\\/aktuell\\\/tag-der-gebaerdensprachen\\\/#primaryimage\",\"url\":\"https:\\\/\\\/www.sgb-fss.ch\\\/content\\\/uploads\\\/slider-tag-der-gebardensprache-2025-2-d.jpg\",\"contentUrl\":\"https:\\\/\\\/www.sgb-fss.ch\\\/content\\\/uploads\\\/slider-tag-der-gebardensprache-2025-2-d.jpg\",\"width\":1594,\"height\":898},{\"@type\":\"BreadcrumbList\",\"@id\":\"https:\\\/\\\/www.sgb-fss.ch\\\/de\\\/aktuell\\\/tag-der-gebaerdensprachen\\\/#breadcrumb\",\"itemListElement\":[{\"@type\":\"ListItem\",\"position\":1,\"name\":\"Home\",\"item\":\"https:\\\/\\\/www.sgb-fss.ch\\\/de\\\/\"},{\"@type\":\"ListItem\",\"position\":2,\"name\":\"Aktuell\",\"item\":\"https:\\\/\\\/www.sgb-fss.ch\\\/de\\\/aktuell\\\/\"},{\"@type\":\"ListItem\",\"position\":3,\"name\":\"Tag der Geb\u00e4rdensprachen\"}]},{\"@type\":\"WebSite\",\"@id\":\"https:\\\/\\\/www.sgb-fss.ch\\\/de\\\/#website\",\"url\":\"https:\\\/\\\/www.sgb-fss.ch\\\/de\\\/\",\"name\":\"SGB-FSS\",\"description\":\"\",\"potentialAction\":[{\"@type\":\"SearchAction\",\"target\":{\"@type\":\"EntryPoint\",\"urlTemplate\":\"https:\\\/\\\/www.sgb-fss.ch\\\/de\\\/?s={search_term_string}\"},\"query-input\":{\"@type\":\"PropertyValueSpecification\",\"valueRequired\":true,\"valueName\":\"search_term_string\"}}],\"inLanguage\":\"de\"}]}<\/script>\n<!-- \/ Yoast SEO plugin. -->","yoast_head_json":{"title":"Tag der Geb\u00e4rdensprachen | Schweizerischer Geh\u00f6rlosenbund","description":"Am 23.9.2025 ist der Tag der Geb\u00e4rdensprachen. Dieser Tag stellt die Anerkennung und F\u00f6rderung der Geb\u00e4rdensprachen weltweit ins Zentrum.","robots":{"index":"index","follow":"follow","max-snippet":"max-snippet:-1","max-image-preview":"max-image-preview:large","max-video-preview":"max-video-preview:-1"},"canonical":"https:\/\/www.sgb-fss.ch\/de\/aktuell\/tag-der-gebaerdensprachen\/","og_locale":"de_DE","og_type":"article","og_title":"Tag der Geb\u00e4rdensprachen | Schweizerischer Geh\u00f6rlosenbund","og_description":"Am 23.9.2025 ist der Tag der Geb\u00e4rdensprachen. Dieser Tag stellt die Anerkennung und F\u00f6rderung der Geb\u00e4rdensprachen weltweit ins Zentrum.","og_url":"https:\/\/www.sgb-fss.ch\/de\/aktuell\/tag-der-gebaerdensprachen\/","og_site_name":"SGB-FSS","article_modified_time":"2025-09-28T17:27:53+00:00","og_image":[{"width":1594,"height":898,"url":"https:\/\/www.sgb-fss.ch\/content\/uploads\/slider-tag-der-gebardensprache-2025-2-d.jpg","type":"image\/jpeg"}],"twitter_card":"summary_large_image","twitter_misc":{"Gesch\u00e4tzte Lesezeit":"11\u00a0Minuten"},"schema":{"@context":"https:\/\/schema.org","@graph":[{"@type":"WebPage","@id":"https:\/\/www.sgb-fss.ch\/de\/aktuell\/tag-der-gebaerdensprachen\/","url":"https:\/\/www.sgb-fss.ch\/de\/aktuell\/tag-der-gebaerdensprachen\/","name":"Tag der Geb\u00e4rdensprachen | Schweizerischer Geh\u00f6rlosenbund","isPartOf":{"@id":"https:\/\/www.sgb-fss.ch\/de\/#website"},"primaryImageOfPage":{"@id":"https:\/\/www.sgb-fss.ch\/de\/aktuell\/tag-der-gebaerdensprachen\/#primaryimage"},"image":{"@id":"https:\/\/www.sgb-fss.ch\/de\/aktuell\/tag-der-gebaerdensprachen\/#primaryimage"},"thumbnailUrl":"https:\/\/www.sgb-fss.ch\/content\/uploads\/slider-tag-der-gebardensprache-2025-2-d.jpg","datePublished":"2024-09-09T12:29:08+00:00","dateModified":"2025-09-28T17:27:53+00:00","description":"Am 23.9.2025 ist der Tag der Geb\u00e4rdensprachen. Dieser Tag stellt die Anerkennung und F\u00f6rderung der Geb\u00e4rdensprachen weltweit ins Zentrum.","breadcrumb":{"@id":"https:\/\/www.sgb-fss.ch\/de\/aktuell\/tag-der-gebaerdensprachen\/#breadcrumb"},"inLanguage":"de","potentialAction":[{"@type":"ReadAction","target":["https:\/\/www.sgb-fss.ch\/de\/aktuell\/tag-der-gebaerdensprachen\/"]}]},{"@type":"ImageObject","inLanguage":"de","@id":"https:\/\/www.sgb-fss.ch\/de\/aktuell\/tag-der-gebaerdensprachen\/#primaryimage","url":"https:\/\/www.sgb-fss.ch\/content\/uploads\/slider-tag-der-gebardensprache-2025-2-d.jpg","contentUrl":"https:\/\/www.sgb-fss.ch\/content\/uploads\/slider-tag-der-gebardensprache-2025-2-d.jpg","width":1594,"height":898},{"@type":"BreadcrumbList","@id":"https:\/\/www.sgb-fss.ch\/de\/aktuell\/tag-der-gebaerdensprachen\/#breadcrumb","itemListElement":[{"@type":"ListItem","position":1,"name":"Home","item":"https:\/\/www.sgb-fss.ch\/de\/"},{"@type":"ListItem","position":2,"name":"Aktuell","item":"https:\/\/www.sgb-fss.ch\/de\/aktuell\/"},{"@type":"ListItem","position":3,"name":"Tag der Geb\u00e4rdensprachen"}]},{"@type":"WebSite","@id":"https:\/\/www.sgb-fss.ch\/de\/#website","url":"https:\/\/www.sgb-fss.ch\/de\/","name":"SGB-FSS","description":"","potentialAction":[{"@type":"SearchAction","target":{"@type":"EntryPoint","urlTemplate":"https:\/\/www.sgb-fss.ch\/de\/?s={search_term_string}"},"query-input":{"@type":"PropertyValueSpecification","valueRequired":true,"valueName":"search_term_string"}}],"inLanguage":"de"}]}},"_links":{"self":[{"href":"https:\/\/www.sgb-fss.ch\/de\/wp-json\/wp\/v2\/pages\/34811","targetHints":{"allow":["GET"]}}],"collection":[{"href":"https:\/\/www.sgb-fss.ch\/de\/wp-json\/wp\/v2\/pages"}],"about":[{"href":"https:\/\/www.sgb-fss.ch\/de\/wp-json\/wp\/v2\/types\/page"}],"author":[{"embeddable":true,"href":"https:\/\/www.sgb-fss.ch\/de\/wp-json\/wp\/v2\/users\/81"}],"replies":[{"embeddable":true,"href":"https:\/\/www.sgb-fss.ch\/de\/wp-json\/wp\/v2\/comments?post=34811"}],"version-history":[{"count":210,"href":"https:\/\/www.sgb-fss.ch\/de\/wp-json\/wp\/v2\/pages\/34811\/revisions"}],"predecessor-version":[{"id":40942,"href":"https:\/\/www.sgb-fss.ch\/de\/wp-json\/wp\/v2\/pages\/34811\/revisions\/40942"}],"up":[{"embeddable":true,"href":"https:\/\/www.sgb-fss.ch\/de\/wp-json\/wp\/v2\/pages\/19933"}],"wp:featuredmedia":[{"embeddable":true,"href":"https:\/\/www.sgb-fss.ch\/de\/wp-json\/wp\/v2\/media\/39515"}],"wp:attachment":[{"href":"https:\/\/www.sgb-fss.ch\/de\/wp-json\/wp\/v2\/media?parent=34811"}],"curies":[{"name":"wp","href":"https:\/\/api.w.org\/{rel}","templated":true}]}}